{"id":3983,"date":"2021-01-27T16:04:18","date_gmt":"2021-01-27T19:04:18","guid":{"rendered":"https:\/\/brasilia.fiocruz.br\/maraberto\/?page_id=3983"},"modified":"2021-03-15T13:32:34","modified_gmt":"2021-03-15T16:32:34","slug":"galeria-mesa-de-debate-2020-parte-1-3","status":"publish","type":"page","link":"https:\/\/brasilia.fiocruz.br\/maraberto\/galeria-mesa-de-debate-2020-parte-1-3\/","title":{"rendered":"GALERIA MESA DE DEBATE 2020 &#8211; PARTE 1\/3"},"content":{"rendered":"\t\t<div data-elementor-type=\"wp-page\" data-elementor-id=\"3983\" class=\"elementor elementor-3983\">\n\t\t\t\t\t\t<section class=\"elementor-section elementor-top-section elementor-element elementor-element-48f7ab3 elementor-section-boxed elementor-section-height-default elementor-section-height-default\" data-id=\"48f7ab3\" data-element_type=\"section\" data-e-type=\"section\">\n\t\t\t\t\t\t<div class=\"elementor-container elementor-column-gap-default\">\n\t\t\t\t\t<div class=\"elementor-column elementor-col-100 elementor-top-column elementor-element elementor-element-25eb7ec\" data-id=\"25eb7ec\" data-element_type=\"column\" data-e-type=\"column\">\n\t\t\t<div class=\"elementor-widget-wrap elementor-element-populated\">\n\t\t\t\t\t\t<div class=\"elementor-element elementor-element-3e33bea elementor-widget elementor-widget-heading\" data-id=\"3e33bea\" data-element_type=\"widget\" data-e-type=\"widget\" data-widget_type=\"heading.default\">\n\t\t\t\t<div class=\"elementor-widget-container\">\n\t\t\t\t\t<h2 class=\"elementor-heading-title elementor-size-default\">GALERIA DO CICLO DE DEBATES 2020 - PARTE 1\/3<\/h2>\t\t\t\t<\/div>\n\t\t\t\t<\/div>\n\t\t\t\t\t<\/div>\n\t\t<\/div>\n\t\t\t\t\t<\/div>\n\t\t<\/section>\n\t\t\t\t<section class=\"elementor-section elementor-top-section elementor-element elementor-element-2c87097 elementor-section-boxed elementor-section-height-default elementor-section-height-default\" data-id=\"2c87097\" data-element_type=\"section\" data-e-type=\"section\">\n\t\t\t\t\t\t<div class=\"elementor-container elementor-column-gap-default\">\n\t\t\t\t\t<div class=\"elementor-column elementor-col-100 elementor-top-column elementor-element elementor-element-e75cdf6\" data-id=\"e75cdf6\" data-element_type=\"column\" data-e-type=\"column\">\n\t\t\t<div class=\"elementor-widget-wrap elementor-element-populated\">\n\t\t\t\t\t\t<div class=\"elementor-element elementor-element-c9819b6 elementor-align-right elementor-widget elementor-widget-button\" data-id=\"c9819b6\" data-element_type=\"widget\" data-e-type=\"widget\" data-widget_type=\"button.default\">\n\t\t\t\t<div class=\"elementor-widget-container\">\n\t\t\t\t\t\t\t\t\t<div class=\"elementor-button-wrapper\">\n\t\t\t\t\t<a class=\"elementor-button elementor-button-link elementor-size-sm\" href=\"https:\/\/brasilia.fiocruz.br\/maraberto\/galeria-mesa-de-debate-2020-parte-2-3\/\">\n\t\t\t\t\t\t<span class=\"elementor-button-content-wrapper\">\n\t\t\t\t\t\t\t\t\t<span class=\"elementor-button-text\">PR\u00d3XIMA P\u00c1GINA<\/span>\n\t\t\t\t\t<\/span>\n\t\t\t\t\t<\/a>\n\t\t\t\t<\/div>\n\t\t\t\t\t\t\t\t<\/div>\n\t\t\t\t<\/div>\n\t\t\t\t\t<\/div>\n\t\t<\/div>\n\t\t\t\t\t<\/div>\n\t\t<\/section>\n\t\t\t\t<section class=\"elementor-section elementor-top-section elementor-element elementor-element-4b903a2 elementor-section-boxed elementor-section-height-default elementor-section-height-default\" data-id=\"4b903a2\" data-element_type=\"section\" data-e-type=\"section\">\n\t\t\t\t\t\t<div class=\"elementor-container elementor-column-gap-default\">\n\t\t\t\t\t<div class=\"elementor-column elementor-col-100 elementor-top-column elementor-element elementor-element-3de9133\" data-id=\"3de9133\" data-element_type=\"column\" data-e-type=\"column\" data-settings=\"{&quot;background_background&quot;:&quot;classic&quot;}\">\n\t\t\t<div class=\"elementor-widget-wrap elementor-element-populated\">\n\t\t\t\t\t\t<div class=\"elementor-element elementor-element-27fb56a elementor-widget elementor-widget-video\" data-id=\"27fb56a\" data-element_type=\"widget\" data-e-type=\"widget\" data-settings=\"{&quot;youtube_url&quot;:&quot;https:\\\/\\\/youtu.be\\\/mE4Zm5ordqo?list=PLPyO8qVoPmBTKlr04FpXcnpxZbUGuxRtI&quot;,&quot;video_type&quot;:&quot;youtube&quot;,&quot;controls&quot;:&quot;yes&quot;}\" data-widget_type=\"video.default\">\n\t\t\t\t<div class=\"elementor-widget-container\">\n\t\t\t\t\t\t\t<div class=\"elementor-wrapper elementor-open-inline\">\n\t\t\t<div class=\"elementor-video\"><\/div>\t\t<\/div>\n\t\t\t\t\t\t<\/div>\n\t\t\t\t<\/div>\n\t\t\t\t<div class=\"elementor-element elementor-element-331aa25 elementor-widget elementor-widget-text-editor\" data-id=\"331aa25\" data-element_type=\"widget\" data-e-type=\"widget\" data-widget_type=\"text-editor.default\">\n\t\t\t\t<div class=\"elementor-widget-container\">\n\t\t\t\t\t\t\t\t\t<p>O evento iniciou com a fala de abertura promovida pela diretora da Fiocruz Bras\u00edlia, Fabiana Dam\u00e1sio, que mediou o encontro. Fabiana \u00e9 coordenadora do Projeto do Mar Aberto e abordou inicialmente o sucesso da parceria com a UNASUS. Discorreu tamb\u00e9m sobre a mudan\u00e7a de cen\u00e1rio do presencial para o virtual e apresentou os convidados da mesa: Professora Joselice da Silva Pinto, Professor Dalvan Ant\u00f4nio de Campos e Professor Lucio Fran\u00e7a Teles.<\/p>\t\t\t\t\t\t\t\t<\/div>\n\t\t\t\t<\/div>\n\t\t\t\t\t<\/div>\n\t\t<\/div>\n\t\t\t\t\t<\/div>\n\t\t<\/section>\n\t\t\t\t<section class=\"elementor-section elementor-top-section elementor-element elementor-element-ffef607 elementor-section-boxed elementor-section-height-default elementor-section-height-default\" data-id=\"ffef607\" data-element_type=\"section\" data-e-type=\"section\">\n\t\t\t\t\t\t<div class=\"elementor-container elementor-column-gap-default\">\n\t\t\t\t\t<div class=\"elementor-column elementor-col-100 elementor-top-column elementor-element elementor-element-41c7369\" data-id=\"41c7369\" data-element_type=\"column\" data-e-type=\"column\" data-settings=\"{&quot;background_background&quot;:&quot;classic&quot;}\">\n\t\t\t<div class=\"elementor-widget-wrap elementor-element-populated\">\n\t\t\t\t\t\t<div class=\"elementor-element elementor-element-43aa25f elementor-widget elementor-widget-video\" data-id=\"43aa25f\" data-element_type=\"widget\" data-e-type=\"widget\" data-settings=\"{&quot;youtube_url&quot;:&quot;https:\\\/\\\/youtu.be\\\/-m8MPYMPh5Y?list=PLPyO8qVoPmBTKlr04FpXcnpxZbUGuxRtI&quot;,&quot;video_type&quot;:&quot;youtube&quot;,&quot;controls&quot;:&quot;yes&quot;}\" data-widget_type=\"video.default\">\n\t\t\t\t<div class=\"elementor-widget-container\">\n\t\t\t\t\t\t\t<div class=\"elementor-wrapper elementor-open-inline\">\n\t\t\t<div class=\"elementor-video\"><\/div>\t\t<\/div>\n\t\t\t\t\t\t<\/div>\n\t\t\t\t<\/div>\n\t\t\t\t<div class=\"elementor-element elementor-element-24d11c4 elementor-widget elementor-widget-text-editor\" data-id=\"24d11c4\" data-element_type=\"widget\" data-e-type=\"widget\" data-widget_type=\"text-editor.default\">\n\t\t\t\t<div class=\"elementor-widget-container\">\n\t\t\t\t\t\t\t\t\t<p>\u201cEfeitos da Pandemia na Educa\u00e7\u00e3o Permanente em Sa\u00fade: fortalecimentos e fragilidades\u201d foi o tema apresentado pelo professor Dalvan que dividiu sua apresenta\u00e7\u00e3o em quatro etapas: Aspectos gerais da pandemia, Educa\u00e7\u00e3o na Sa\u00fade, Fortalecimentos e Fragilidades. Iniciou sua apresenta\u00e7\u00e3o falando sobre os efeitos do corona v\u00edrus na sociedade e em como a necessidade de isolamento social impactou a vida das pessoas. Percebeu um aumento de 40 a 50% no uso da internet e que com isso, houve um agravamento nas desigualdades sociais, principalmente pelo acesso a dispositivos tecnol\u00f3gicos e uma internet de qualidade que permita ao usu\u00e1rio acessar o ensino a dist\u00e2ncia. Diferenciou a educa\u00e7\u00e3o continuada da educa\u00e7\u00e3o permanente. Destacou como fortalecimento a potencializa\u00e7\u00e3o do ensino online com a pandemia, com um aumento expressivo no n\u00famero de matriculas, principalmente em cursos de especializa\u00e7\u00e3o e a oferta r\u00e1pida e capilarizada de temas emergentes e relevantes. Como fragilidades, o professor apontou a redu\u00e7\u00e3o dos investimentos em programas e a\u00e7\u00f5es de EP e tamb\u00e9m da constru\u00e7\u00e3o de espa\u00e7os prop\u00edcios para a participa\u00e7\u00e3o dos trabalhadores em atividades de EP.<\/p>\t\t\t\t\t\t\t\t<\/div>\n\t\t\t\t<\/div>\n\t\t\t\t\t<\/div>\n\t\t<\/div>\n\t\t\t\t\t<\/div>\n\t\t<\/section>\n\t\t\t\t<section class=\"elementor-section elementor-top-section elementor-element elementor-element-434da61 elementor-section-boxed elementor-section-height-default elementor-section-height-default\" data-id=\"434da61\" data-element_type=\"section\" data-e-type=\"section\">\n\t\t\t\t\t\t<div class=\"elementor-container elementor-column-gap-default\">\n\t\t\t\t\t<div class=\"elementor-column elementor-col-100 elementor-top-column elementor-element elementor-element-462cd5d\" data-id=\"462cd5d\" data-element_type=\"column\" data-e-type=\"column\" data-settings=\"{&quot;background_background&quot;:&quot;classic&quot;}\">\n\t\t\t<div class=\"elementor-widget-wrap elementor-element-populated\">\n\t\t\t\t\t\t<div class=\"elementor-element elementor-element-fa1defd elementor-widget elementor-widget-video\" data-id=\"fa1defd\" data-element_type=\"widget\" data-e-type=\"widget\" data-settings=\"{&quot;youtube_url&quot;:&quot;https:\\\/\\\/youtu.be\\\/5Vca9E5nDmA?list=PLPyO8qVoPmBTKlr04FpXcnpxZbUGuxRtI&quot;,&quot;video_type&quot;:&quot;youtube&quot;,&quot;controls&quot;:&quot;yes&quot;}\" data-widget_type=\"video.default\">\n\t\t\t\t<div class=\"elementor-widget-container\">\n\t\t\t\t\t\t\t<div class=\"elementor-wrapper elementor-open-inline\">\n\t\t\t<div class=\"elementor-video\"><\/div>\t\t<\/div>\n\t\t\t\t\t\t<\/div>\n\t\t\t\t<\/div>\n\t\t\t\t<div class=\"elementor-element elementor-element-39805b0 elementor-widget elementor-widget-text-editor\" data-id=\"39805b0\" data-element_type=\"widget\" data-e-type=\"widget\" data-widget_type=\"text-editor.default\">\n\t\t\t\t<div class=\"elementor-widget-container\">\n\t\t\t\t\t\t\t\t\t<p>Joselice iniciou sua apresenta\u00e7\u00e3o com uma pergunta disparadora: \u201cComo vai ser a Educa\u00e7\u00e3o Permanente em Sa\u00fade ap\u00f3s a pandemia?\u201d. Houve um uso maior das tecnologias digitais, por\u00e9m alguns problemas foram evidenciados: a falta de inclus\u00e3o digital adequada, a inacessibilidade de internet, de internet de qualidade e de recursos e dispositivos tecnol\u00f3gicos. Isso dificulta a forma\u00e7\u00e3o e for\u00e7ou uma maior capacidade de trabalho em rede. Apontou que o Minist\u00e9rio da Sa\u00fade, conjuntamente com a UNASUS, que j\u00e1 apresentava ofertas de educa\u00e7\u00e3o online, o Campus Virtual e os diversos departamentos de ensino a dist\u00e2ncia j\u00e1 consolidados permitiram uma resposta r\u00e1pida \u00e0 pandemia. Houve produ\u00e7\u00e3o de cursos em tempo recorde e os profissionais se viram obrigados a encarar tecnologias como Zoom, Google Meets, Canvas, dentre outros. Com isso, a intera\u00e7\u00e3o com o territ\u00f3rio, processo importante, se mostrou um desafio, o qual os profissionais est\u00e3o aprendendo a lidar. O futuro \u00e9 o ensino h\u00edbrido com uma maior integra\u00e7\u00e3o entre alunos, territ\u00f3rio e tecnologias.<\/p>\t\t\t\t\t\t\t\t<\/div>\n\t\t\t\t<\/div>\n\t\t\t\t\t<\/div>\n\t\t<\/div>\n\t\t\t\t\t<\/div>\n\t\t<\/section>\n\t\t\t\t<section class=\"elementor-section elementor-top-section elementor-element elementor-element-0e14698 elementor-section-boxed elementor-section-height-default elementor-section-height-default\" data-id=\"0e14698\" data-element_type=\"section\" data-e-type=\"section\">\n\t\t\t\t\t\t<div class=\"elementor-container elementor-column-gap-default\">\n\t\t\t\t\t<div class=\"elementor-column elementor-col-100 elementor-top-column elementor-element elementor-element-731f529\" data-id=\"731f529\" data-element_type=\"column\" data-e-type=\"column\" data-settings=\"{&quot;background_background&quot;:&quot;classic&quot;}\">\n\t\t\t<div class=\"elementor-widget-wrap elementor-element-populated\">\n\t\t\t\t\t\t<div class=\"elementor-element elementor-element-d6681f5 elementor-widget elementor-widget-video\" data-id=\"d6681f5\" data-element_type=\"widget\" data-e-type=\"widget\" data-settings=\"{&quot;youtube_url&quot;:&quot;https:\\\/\\\/youtu.be\\\/SkG9EZSsU1A?list=PLPyO8qVoPmBTKlr04FpXcnpxZbUGuxRtI&quot;,&quot;video_type&quot;:&quot;youtube&quot;,&quot;controls&quot;:&quot;yes&quot;}\" data-widget_type=\"video.default\">\n\t\t\t\t<div class=\"elementor-widget-container\">\n\t\t\t\t\t\t\t<div class=\"elementor-wrapper elementor-open-inline\">\n\t\t\t<div class=\"elementor-video\"><\/div>\t\t<\/div>\n\t\t\t\t\t\t<\/div>\n\t\t\t\t<\/div>\n\t\t\t\t<div class=\"elementor-element elementor-element-a3a4d20 elementor-widget elementor-widget-text-editor\" data-id=\"a3a4d20\" data-element_type=\"widget\" data-e-type=\"widget\" data-widget_type=\"text-editor.default\">\n\t\t\t\t<div class=\"elementor-widget-container\">\n\t\t\t\t\t\t\t\t\t<p>O professor Lucio iniciou sua fala destacando que a intensifica\u00e7\u00e3o do uso de tecnologias j\u00e1 vinha ocorrendo mesmo antes da pandemia, seja por motivos de mercado ou pelas facilidades de acesso. O que aconteceu com a pandemia foi um aumento exponencial do uso. Um dos resultados desse aumento foi uma maior desigualdade social. No Brasil, ainda se tem que lidar com internet de baixa qualidade, onde usu\u00e1rios evitam ligar a c\u00e2mera para n\u00e3o prejudicar a velocidade da mesma, e que o acesso \u00e0 educa\u00e7\u00e3o online ainda restringe um grande n\u00famero de usu\u00e1rios. Apontou ainda que \u00e9 necess\u00e1rio que as universidades foquem nos softwares de acesso livre e que h\u00e1 muita desinforma\u00e7\u00e3o (fake news) que afeta diretamente no cuidado da sa\u00fade.<\/p>\t\t\t\t\t\t\t\t<\/div>\n\t\t\t\t<\/div>\n\t\t\t\t\t<\/div>\n\t\t<\/div>\n\t\t\t\t\t<\/div>\n\t\t<\/section>\n\t\t\t\t<section class=\"elementor-section elementor-top-section elementor-element elementor-element-a421274 elementor-section-boxed elementor-section-height-default elementor-section-height-default\" data-id=\"a421274\" data-element_type=\"section\" data-e-type=\"section\">\n\t\t\t\t\t\t<div class=\"elementor-container elementor-column-gap-default\">\n\t\t\t\t\t<div class=\"elementor-column elementor-col-100 elementor-top-column elementor-element elementor-element-3a70964\" data-id=\"3a70964\" data-element_type=\"column\" data-e-type=\"column\" data-settings=\"{&quot;background_background&quot;:&quot;classic&quot;}\">\n\t\t\t<div class=\"elementor-widget-wrap elementor-element-populated\">\n\t\t\t\t\t\t<div class=\"elementor-element elementor-element-a3c0b07 elementor-widget elementor-widget-video\" data-id=\"a3c0b07\" data-element_type=\"widget\" data-e-type=\"widget\" data-settings=\"{&quot;youtube_url&quot;:&quot;https:\\\/\\\/youtu.be\\\/ijlm36CipbU?list=PLPyO8qVoPmBTKlr04FpXcnpxZbUGuxRtI&quot;,&quot;video_type&quot;:&quot;youtube&quot;,&quot;controls&quot;:&quot;yes&quot;}\" data-widget_type=\"video.default\">\n\t\t\t\t<div class=\"elementor-widget-container\">\n\t\t\t\t\t\t\t<div class=\"elementor-wrapper elementor-open-inline\">\n\t\t\t<div class=\"elementor-video\"><\/div>\t\t<\/div>\n\t\t\t\t\t\t<\/div>\n\t\t\t\t<\/div>\n\t\t\t\t<div class=\"elementor-element elementor-element-fab8bac elementor-widget elementor-widget-text-editor\" data-id=\"fab8bac\" data-element_type=\"widget\" data-e-type=\"widget\" data-widget_type=\"text-editor.default\">\n\t\t\t\t<div class=\"elementor-widget-container\">\n\t\t\t\t\t\t\t\t\t<p>Exemplo de texto para o v\u00eddeo<\/p>\t\t\t\t\t\t\t\t<\/div>\n\t\t\t\t<\/div>\n\t\t\t\t\t<\/div>\n\t\t<\/div>\n\t\t\t\t\t<\/div>\n\t\t<\/section>\n\t\t\t\t<section class=\"elementor-section elementor-top-section elementor-element elementor-element-c4af122 elementor-section-boxed elementor-section-height-default elementor-section-height-default\" data-id=\"c4af122\" data-element_type=\"section\" data-e-type=\"section\">\n\t\t\t\t\t\t<div class=\"elementor-container elementor-column-gap-default\">\n\t\t\t\t\t<div class=\"elementor-column elementor-col-100 elementor-top-column elementor-element elementor-element-d32949c\" data-id=\"d32949c\" data-element_type=\"column\" data-e-type=\"column\" data-settings=\"{&quot;background_background&quot;:&quot;classic&quot;}\">\n\t\t\t<div class=\"elementor-widget-wrap elementor-element-populated\">\n\t\t\t\t\t\t<div class=\"elementor-element elementor-element-5bea9a9 elementor-widget elementor-widget-video\" data-id=\"5bea9a9\" data-element_type=\"widget\" data-e-type=\"widget\" data-settings=\"{&quot;youtube_url&quot;:&quot;https:\\\/\\\/youtu.be\\\/5N75Sf2gdFM?list=PLPyO8qVoPmBTKlr04FpXcnpxZbUGuxRtI&quot;,&quot;video_type&quot;:&quot;youtube&quot;,&quot;controls&quot;:&quot;yes&quot;}\" data-widget_type=\"video.default\">\n\t\t\t\t<div class=\"elementor-widget-container\">\n\t\t\t\t\t\t\t<div class=\"elementor-wrapper elementor-open-inline\">\n\t\t\t<div class=\"elementor-video\"><\/div>\t\t<\/div>\n\t\t\t\t\t\t<\/div>\n\t\t\t\t<\/div>\n\t\t\t\t<div class=\"elementor-element elementor-element-be09cc6 elementor-widget elementor-widget-text-editor\" data-id=\"be09cc6\" data-element_type=\"widget\" data-e-type=\"widget\" data-widget_type=\"text-editor.default\">\n\t\t\t\t<div class=\"elementor-widget-container\">\n\t\t\t\t\t\t\t\t\t<p>Sob media\u00e7\u00e3o de Wilza Maria Ramos iniciou a segunda mesa de debates. Ela abordou o significado de trilha, definindo-a como uma rota, caminho ou percurso. Apontou que n\u00e3o se trata apenas da chegada ao local, mas sim de todo o processo envolvendo a viagem. A professora desenvolveu uma revis\u00e3o integrativa para a Fiocruz, com um recorte temporal de cinco anos sobre as trilhas de aprendizagem aplicadas ao e-learning para a educa\u00e7\u00e3o permanente em sa\u00fade, e compartilhou seus resultados. Houve um aumento exponencial na disponibiliza\u00e7\u00e3o de cursos, em que a maioria s\u00e3o cursos MOOCs e e-learning, ambos abertos \u00e0 comunidade e flex\u00edveis. Wilza destacou como uma dificuldade a escassez de estudos de trilhas de aprendizagem aplicadas na \u00e1rea da sa\u00fade, tanto na literatura nacional, quanto na internacional. Abordou tamb\u00e9m a andragogia, enfatizando a necessidade de valoriza\u00e7\u00e3o do ensino para adultos e o mapeamento de compet\u00eancias e de modelos de ambientes adaptativos, onde dois alunos seguindo a mesma trilha podem resultar em processos de aprendizagem diferentes. Apontou que h\u00e1 diversos aspectos positivos na trilha de aprendizagem como jornadas de estudos intensivas, sob escolha do usu\u00e1rio, aus\u00eancia de custo de deslocamento, atualiza\u00e7\u00e3o constante do conte\u00fado, etc. Por fim, considerou um ponto a melhorar, que nem sempre o conhecimento \u00e9 convertido em interven\u00e7\u00f5es nas pr\u00e1ticas.<\/p>\t\t\t\t\t\t\t\t<\/div>\n\t\t\t\t<\/div>\n\t\t\t\t\t<\/div>\n\t\t<\/div>\n\t\t\t\t\t<\/div>\n\t\t<\/section>\n\t\t\t\t<section class=\"elementor-section elementor-top-section elementor-element elementor-element-6845813 elementor-section-boxed elementor-section-height-default elementor-section-height-default\" data-id=\"6845813\" data-element_type=\"section\" data-e-type=\"section\">\n\t\t\t\t\t\t<div class=\"elementor-container elementor-column-gap-default\">\n\t\t\t\t\t<div class=\"elementor-column elementor-col-100 elementor-top-column elementor-element elementor-element-f98212e\" data-id=\"f98212e\" data-element_type=\"column\" data-e-type=\"column\">\n\t\t\t<div class=\"elementor-widget-wrap elementor-element-populated\">\n\t\t\t\t\t\t<div class=\"elementor-element elementor-element-d17139d elementor-align-right elementor-widget elementor-widget-button\" data-id=\"d17139d\" data-element_type=\"widget\" data-e-type=\"widget\" data-widget_type=\"button.default\">\n\t\t\t\t<div class=\"elementor-widget-container\">\n\t\t\t\t\t\t\t\t\t<div class=\"elementor-button-wrapper\">\n\t\t\t\t\t<a class=\"elementor-button elementor-button-link elementor-size-sm\" href=\"https:\/\/brasilia.fiocruz.br\/maraberto\/galeria-mesa-de-debate-2020-parte-2-3\/\">\n\t\t\t\t\t\t<span class=\"elementor-button-content-wrapper\">\n\t\t\t\t\t\t\t\t\t<span class=\"elementor-button-text\">PR\u00d3XIMA P\u00c1GINA<\/span>\n\t\t\t\t\t<\/span>\n\t\t\t\t\t<\/a>\n\t\t\t\t<\/div>\n\t\t\t\t\t\t\t\t<\/div>\n\t\t\t\t<\/div>\n\t\t\t\t\t<\/div>\n\t\t<\/div>\n\t\t\t\t\t<\/div>\n\t\t<\/section>\n\t\t\t\t<section class=\"elementor-section elementor-top-section elementor-element elementor-element-11ed6a4 elementor-section-boxed elementor-section-height-default elementor-section-height-default\" data-id=\"11ed6a4\" data-element_type=\"section\" data-e-type=\"section\">\n\t\t\t\t\t\t<div class=\"elementor-container elementor-column-gap-default\">\n\t\t\t\t\t<div class=\"elementor-column elementor-col-50 elementor-top-column elementor-element elementor-element-e933453\" data-id=\"e933453\" data-element_type=\"column\" data-e-type=\"column\" data-settings=\"{&quot;background_background&quot;:&quot;classic&quot;}\">\n\t\t\t<div class=\"elementor-widget-wrap elementor-element-populated\">\n\t\t\t\t\t\t<div class=\"elementor-element elementor-element-52421df elementor-widget elementor-widget-heading\" data-id=\"52421df\" data-element_type=\"widget\" data-e-type=\"widget\" data-widget_type=\"heading.default\">\n\t\t\t\t<div class=\"elementor-widget-container\">\n\t\t\t\t\t<h2 class=\"elementor-heading-title elementor-size-default\">Ciclo de Debates 2017<\/h2>\t\t\t\t<\/div>\n\t\t\t\t<\/div>\n\t\t\t\t<div class=\"elementor-element elementor-element-a165839 elementor-widget elementor-widget-text-editor\" data-id=\"a165839\" data-element_type=\"widget\" data-e-type=\"widget\" data-widget_type=\"text-editor.default\">\n\t\t\t\t<div class=\"elementor-widget-container\">\n\t\t\t\t\t\t\t\t\t<p><span style=\"font-size: 1rem;font-family: Exo, sans-serif\">Assista as mesas com diversos especialistas debatendo temas importantes no 1\u00ba Ciclo de Debates\u00a0<\/span><span style=\"font-size: 1rem;font-family: Exo, sans-serif\">do Projeto Educa\u00e7\u00e3o, Sa\u00fade e Tecnologias em Mar Aberto.<\/span><strong><br \/><\/strong><\/p><p><strong><span style=\"color: #ff6600\"><a style=\"color: #ff6600\" href=\"https:\/\/brasilia.fiocruz.br\/maraberto\/galeria-mesa-de-debate-2017-parte-1-3\/\">ASSISTIR AOS DEBATES<\/a><\/span><\/strong><\/p>\t\t\t\t\t\t\t\t<\/div>\n\t\t\t\t<\/div>\n\t\t\t\t\t<\/div>\n\t\t<\/div>\n\t\t\t\t<div class=\"elementor-column elementor-col-50 elementor-top-column elementor-element elementor-element-df6a6ae\" data-id=\"df6a6ae\" data-element_type=\"column\" data-e-type=\"column\" data-settings=\"{&quot;background_background&quot;:&quot;classic&quot;}\">\n\t\t\t<div class=\"elementor-widget-wrap elementor-element-populated\">\n\t\t\t\t\t\t<div class=\"elementor-element elementor-element-fa25749 elementor-widget elementor-widget-heading\" data-id=\"fa25749\" data-element_type=\"widget\" data-e-type=\"widget\" data-widget_type=\"heading.default\">\n\t\t\t\t<div class=\"elementor-widget-container\">\n\t\t\t\t\t<h2 class=\"elementor-heading-title elementor-size-default\">Ciclo de Debates 2019<\/h2>\t\t\t\t<\/div>\n\t\t\t\t<\/div>\n\t\t\t\t<div class=\"elementor-element elementor-element-0896e65 elementor-widget elementor-widget-text-editor\" data-id=\"0896e65\" data-element_type=\"widget\" data-e-type=\"widget\" data-widget_type=\"text-editor.default\">\n\t\t\t\t<div class=\"elementor-widget-container\">\n\t\t\t\t\t\t\t\t\t<p><span style=\"font-size: 1rem;font-family: Exo, sans-serif\">Assista as mesas com diversos especialistas debatendo temas importantes no 2\u00ba Ciclo de Debates do Projeto Educa\u00e7\u00e3o, Sa\u00fade e Tecnologias em Mar Aberto.<\/span><strong><br \/><\/strong><\/p><p><strong><span style=\"color: #ff6600\"><a style=\"color: #ff6600\" href=\"https:\/\/brasilia.fiocruz.br\/maraberto\/galeria-mesa-de-debate-2019-parte-1-2\/\">ASSISTIR AOS DEBATES<\/a><\/span><\/strong><\/p>\t\t\t\t\t\t\t\t<\/div>\n\t\t\t\t<\/div>\n\t\t\t\t\t<\/div>\n\t\t<\/div>\n\t\t\t\t\t<\/div>\n\t\t<\/section>\n\t\t\t\t<\/div>\n\t\t","protected":false},"excerpt":{"rendered":"<p>GALERIA DO CICLO DE DEBATES 2020 &#8211; PARTE 1\/3 PR\u00d3XIMA P\u00c1GINA https:\/\/youtu.be\/mE4Zm5ordqo?list=PLPyO8qVoPmBTKlr04FpXcnpxZbUGuxRtI O evento iniciou com a fala de abertura promovida pela diretora da Fiocruz Bras\u00edlia, Fabiana Dam\u00e1sio, que mediou o encontro. Fabiana \u00e9 coordenadora do Projeto do Mar Aberto e abordou inicialmente o sucesso da parceria com a UNASUS. Discorreu tamb\u00e9m sobre a mudan\u00e7a [&hellip;]<\/p>\n","protected":false},"author":2,"featured_media":0,"parent":0,"menu_order":0,"comment_status":"closed","ping_status":"closed","template":"","meta":{"footnotes":""},"class_list":["post-3983","page","type-page","status-publish","hentry"],"yoast_head":"<!-- This site is optimized with the Yoast SEO plugin v27.1.1 - https:\/\/yoast.com\/product\/yoast-seo-wordpress\/ -->\n<title>GALERIA MESA DE DEBATE 2020 - PARTE 1\/3 - Mar Aberto<\/title>\n<meta name=\"robots\" content=\"index, follow, max-snippet:-1, max-image-preview:large, max-video-preview:-1\" \/>\n<link rel=\"canonical\" href=\"https:\/\/brasilia.fiocruz.br\/maraberto\/galeria-mesa-de-debate-2020-parte-1-3\/\" \/>\n<meta property=\"og:locale\" content=\"pt_BR\" \/>\n<meta property=\"og:type\" content=\"article\" \/>\n<meta property=\"og:title\" content=\"GALERIA MESA DE DEBATE 2020 - PARTE 1\/3 - Mar Aberto\" \/>\n<meta property=\"og:description\" content=\"GALERIA DO CICLO DE DEBATES 2020 &#8211; PARTE 1\/3 PR\u00d3XIMA P\u00c1GINA https:\/\/youtu.be\/mE4Zm5ordqo?list=PLPyO8qVoPmBTKlr04FpXcnpxZbUGuxRtI O evento iniciou com a fala de abertura promovida pela diretora da Fiocruz Bras\u00edlia, Fabiana Dam\u00e1sio, que mediou o encontro. Fabiana \u00e9 coordenadora do Projeto do Mar Aberto e abordou inicialmente o sucesso da parceria com a UNASUS. Discorreu tamb\u00e9m sobre a mudan\u00e7a [&hellip;]\" \/>\n<meta property=\"og:url\" content=\"https:\/\/brasilia.fiocruz.br\/maraberto\/galeria-mesa-de-debate-2020-parte-1-3\/\" \/>\n<meta property=\"og:site_name\" content=\"Mar Aberto\" \/>\n<meta property=\"article:modified_time\" content=\"2021-03-15T16:32:34+00:00\" \/>\n<meta name=\"twitter:card\" content=\"summary_large_image\" \/>\n<meta name=\"twitter:label1\" content=\"Est. tempo de leitura\" \/>\n\t<meta name=\"twitter:data1\" content=\"5 minutos\" \/>\n<script type=\"application\/ld+json\" class=\"yoast-schema-graph\">{\"@context\":\"https:\/\/schema.org\",\"@graph\":[{\"@type\":\"WebPage\",\"@id\":\"https:\/\/brasilia.fiocruz.br\/maraberto\/galeria-mesa-de-debate-2020-parte-1-3\/\",\"url\":\"https:\/\/brasilia.fiocruz.br\/maraberto\/galeria-mesa-de-debate-2020-parte-1-3\/\",\"name\":\"GALERIA MESA DE DEBATE 2020 - PARTE 1\/3 - Mar Aberto\",\"isPartOf\":{\"@id\":\"https:\/\/brasilia.fiocruz.br\/maraberto\/#website\"},\"datePublished\":\"2021-01-27T19:04:18+00:00\",\"dateModified\":\"2021-03-15T16:32:34+00:00\",\"breadcrumb\":{\"@id\":\"https:\/\/brasilia.fiocruz.br\/maraberto\/galeria-mesa-de-debate-2020-parte-1-3\/#breadcrumb\"},\"inLanguage\":\"pt-BR\",\"potentialAction\":[{\"@type\":\"ReadAction\",\"target\":[\"https:\/\/brasilia.fiocruz.br\/maraberto\/galeria-mesa-de-debate-2020-parte-1-3\/\"]}]},{\"@type\":\"BreadcrumbList\",\"@id\":\"https:\/\/brasilia.fiocruz.br\/maraberto\/galeria-mesa-de-debate-2020-parte-1-3\/#breadcrumb\",\"itemListElement\":[{\"@type\":\"ListItem\",\"position\":1,\"name\":\"In\u00edcio\",\"item\":\"https:\/\/brasilia.fiocruz.br\/maraberto\/\"},{\"@type\":\"ListItem\",\"position\":2,\"name\":\"GALERIA MESA DE DEBATE 2020 &#8211; PARTE 1\/3\"}]},{\"@type\":\"WebSite\",\"@id\":\"https:\/\/brasilia.fiocruz.br\/maraberto\/#website\",\"url\":\"https:\/\/brasilia.fiocruz.br\/maraberto\/\",\"name\":\"Mar Aberto\",\"description\":\"Educa\u00e7\u00e3o, Sa\u00fade e Tecnologias\",\"potentialAction\":[{\"@type\":\"SearchAction\",\"target\":{\"@type\":\"EntryPoint\",\"urlTemplate\":\"https:\/\/brasilia.fiocruz.br\/maraberto\/?s={search_term_string}\"},\"query-input\":{\"@type\":\"PropertyValueSpecification\",\"valueRequired\":true,\"valueName\":\"search_term_string\"}}],\"inLanguage\":\"pt-BR\"}]}<\/script>\n<!-- \/ Yoast SEO plugin. -->","yoast_head_json":{"title":"GALERIA MESA DE DEBATE 2020 - PARTE 1\/3 - Mar Aberto","robots":{"index":"index","follow":"follow","max-snippet":"max-snippet:-1","max-image-preview":"max-image-preview:large","max-video-preview":"max-video-preview:-1"},"canonical":"https:\/\/brasilia.fiocruz.br\/maraberto\/galeria-mesa-de-debate-2020-parte-1-3\/","og_locale":"pt_BR","og_type":"article","og_title":"GALERIA MESA DE DEBATE 2020 - PARTE 1\/3 - Mar Aberto","og_description":"GALERIA DO CICLO DE DEBATES 2020 &#8211; PARTE 1\/3 PR\u00d3XIMA P\u00c1GINA https:\/\/youtu.be\/mE4Zm5ordqo?list=PLPyO8qVoPmBTKlr04FpXcnpxZbUGuxRtI O evento iniciou com a fala de abertura promovida pela diretora da Fiocruz Bras\u00edlia, Fabiana Dam\u00e1sio, que mediou o encontro. Fabiana \u00e9 coordenadora do Projeto do Mar Aberto e abordou inicialmente o sucesso da parceria com a UNASUS. Discorreu tamb\u00e9m sobre a mudan\u00e7a [&hellip;]","og_url":"https:\/\/brasilia.fiocruz.br\/maraberto\/galeria-mesa-de-debate-2020-parte-1-3\/","og_site_name":"Mar Aberto","article_modified_time":"2021-03-15T16:32:34+00:00","twitter_card":"summary_large_image","twitter_misc":{"Est. tempo de leitura":"5 minutos"},"schema":{"@context":"https:\/\/schema.org","@graph":[{"@type":"WebPage","@id":"https:\/\/brasilia.fiocruz.br\/maraberto\/galeria-mesa-de-debate-2020-parte-1-3\/","url":"https:\/\/brasilia.fiocruz.br\/maraberto\/galeria-mesa-de-debate-2020-parte-1-3\/","name":"GALERIA MESA DE DEBATE 2020 - PARTE 1\/3 - Mar Aberto","isPartOf":{"@id":"https:\/\/brasilia.fiocruz.br\/maraberto\/#website"},"datePublished":"2021-01-27T19:04:18+00:00","dateModified":"2021-03-15T16:32:34+00:00","breadcrumb":{"@id":"https:\/\/brasilia.fiocruz.br\/maraberto\/galeria-mesa-de-debate-2020-parte-1-3\/#breadcrumb"},"inLanguage":"pt-BR","potentialAction":[{"@type":"ReadAction","target":["https:\/\/brasilia.fiocruz.br\/maraberto\/galeria-mesa-de-debate-2020-parte-1-3\/"]}]},{"@type":"BreadcrumbList","@id":"https:\/\/brasilia.fiocruz.br\/maraberto\/galeria-mesa-de-debate-2020-parte-1-3\/#breadcrumb","itemListElement":[{"@type":"ListItem","position":1,"name":"In\u00edcio","item":"https:\/\/brasilia.fiocruz.br\/maraberto\/"},{"@type":"ListItem","position":2,"name":"GALERIA MESA DE DEBATE 2020 &#8211; PARTE 1\/3"}]},{"@type":"WebSite","@id":"https:\/\/brasilia.fiocruz.br\/maraberto\/#website","url":"https:\/\/brasilia.fiocruz.br\/maraberto\/","name":"Mar Aberto","description":"Educa\u00e7\u00e3o, Sa\u00fade e Tecnologias","potentialAction":[{"@type":"SearchAction","target":{"@type":"EntryPoint","urlTemplate":"https:\/\/brasilia.fiocruz.br\/maraberto\/?s={search_term_string}"},"query-input":{"@type":"PropertyValueSpecification","valueRequired":true,"valueName":"search_term_string"}}],"inLanguage":"pt-BR"}]}},"_links":{"self":[{"href":"https:\/\/brasilia.fiocruz.br\/maraberto\/wp-json\/wp\/v2\/pages\/3983","targetHints":{"allow":["GET"]}}],"collection":[{"href":"https:\/\/brasilia.fiocruz.br\/maraberto\/wp-json\/wp\/v2\/pages"}],"about":[{"href":"https:\/\/brasilia.fiocruz.br\/maraberto\/wp-json\/wp\/v2\/types\/page"}],"author":[{"embeddable":true,"href":"https:\/\/brasilia.fiocruz.br\/maraberto\/wp-json\/wp\/v2\/users\/2"}],"replies":[{"embeddable":true,"href":"https:\/\/brasilia.fiocruz.br\/maraberto\/wp-json\/wp\/v2\/comments?post=3983"}],"version-history":[{"count":13,"href":"https:\/\/brasilia.fiocruz.br\/maraberto\/wp-json\/wp\/v2\/pages\/3983\/revisions"}],"predecessor-version":[{"id":4352,"href":"https:\/\/brasilia.fiocruz.br\/maraberto\/wp-json\/wp\/v2\/pages\/3983\/revisions\/4352"}],"wp:attachment":[{"href":"https:\/\/brasilia.fiocruz.br\/maraberto\/wp-json\/wp\/v2\/media?parent=3983"}],"curies":[{"name":"wp","href":"https:\/\/api.w.org\/{rel}","templated":true}]}}