{"id":1019,"date":"2025-03-28T15:02:31","date_gmt":"2025-03-28T18:02:31","guid":{"rendered":"https:\/\/brasilia.fiocruz.br\/nosnarede\/?post_type=relatos&#038;p=1019"},"modified":"2025-04-07T08:25:50","modified_gmt":"2025-04-07T11:25:50","slug":"horta-terapeutica-plantando-amor-cultivando-esperanca","status":"publish","type":"relatos","link":"https:\/\/brasilia.fiocruz.br\/nosnarede\/mostra-de-experiencias\/horta-terapeutica-plantando-amor-cultivando-esperanca\/","title":{"rendered":"Horta Terap\u00eautica: Plantando Amor, Cultivando Esperan\u00e7a"},"content":{"rendered":"\n<h2 class=\"wp-block-heading has-medium-font-size dynamic-field-wrapper-title has-archivo\">Resumo<\/h2>\n\n\n\n<p>A oficina da horta do Centro de Aten\u00e7\u00e3o Psicossocial I ( CAPS I) de Sinop, surgiu como forma de utiliza\u00e7\u00e3o da \u00e1rea dos fundos, onde se localiza nossa sede. A iniciativa foi de construir canteiros para produ\u00e7\u00e3o de hortali\u00e7as, legumes, temperos, ervas medicinais e algumas frut\u00edferas, onde era antes um gramado. O objetivo foi produzir uma horta com vegetais org\u00e2nicos, aproveitando os res\u00edduos naturais, gerados na cozinha, como adubo. <\/p>\n\n\n\n<p>Tudo que \u00e9 produzido na oficina, \u00e9 utilizado como complemento do lanche, que \u00e9 ofertado para os\/as usu\u00e1rios\/as. Os adubos org\u00e2nicos utilizados na horta, tamb\u00e9m s\u00e3o confeccionados na oficina, assim como os inseticidas naturais. Estes suplementos s\u00e3o fabricados a partir de res\u00edduos dom\u00e9sticos e ingredientes naturais, como: borra de caf\u00e9, cinza, carv\u00e3o vegetal, feij\u00e3o, fumo, entre outros. Por ser uma atividade ao ar livre e implicar num contato direto com a natureza, a oficina da horta se constitui em potente ferramenta de autocuidado. Melhora a auto estima, sensa\u00e7\u00e3o de satisfa\u00e7\u00e3o, prazer e bem estar, bem como melhora na intera\u00e7\u00e3o entre usu\u00e1rios\/as e o v\u00ednculo terap\u00eautico com os profissionais.<\/p>\n\n\n\n<p>A atividade ocorre no per\u00edodo matutino, uma vez na semana, sendo o \u00fanico crit\u00e9rio de sele\u00e7\u00e3o \u00e9 o desejo de participa\u00e7\u00e3o manifestado\/a pelos\/as usu\u00e1rios\/as. Enfim, al\u00e9m de todos os benef\u00edcios, a oficina ainda promove aos usu\u00e1rios e usu\u00e1rias, o est\u00edmulo para a implementa\u00e7\u00e3o da horta em suas resid\u00eancias, e por conseguinte, a gera\u00e7\u00e3o de complemento importante na economia dom\u00e9stica.<\/p>\n\n\n\n<h2 class=\"wp-block-heading has-medium-font-size dynamic-field-wrapper-title has-archivo\">V\u00eddeo<\/h2>\n\n\n\n<figure class=\"wp-block-video\"><video height=\"1920\" style=\"aspect-ratio: 1080 \/ 1920;\" width=\"1080\" controls src=\"https:\/\/brasilia.fiocruz.br\/nosnarede\/wp-content\/uploads\/sites\/10\/2025\/03\/Relato-de-Experiencia-Horta.mp4\"><\/video><\/figure>\n\n\n\n<div class=\"wp-block-group dynamic-field-wrapper is-layout-constrained wp-block-group-is-layout-constrained\">\n<h5 class=\"wp-block-heading has-medium-font-size dynamic-field-wrapper-title\">Imagens<\/h5>\n\n\n\n<figure class=\"wp-block-gallery has-nested-images columns-5 is-cropped wp-block-gallery-1 is-layout-flex wp-block-gallery-is-layout-flex\">\n<figure class=\"wp-block-image size-thumbnail\"><a href=\"https:\/\/brasilia.fiocruz.br\/nosnarede\/wp-content\/uploads\/sites\/10\/2025\/01\/01.jpeg\"><img decoding=\"async\" width=\"150\" height=\"150\" data-id=\"1038\" data-src=\"https:\/\/brasilia.fiocruz.br\/nosnarede\/wp-content\/uploads\/sites\/10\/2025\/01\/01-150x150.jpeg\" alt=\"\" class=\"wp-image-1038 lazyload\" data-srcset=\"https:\/\/brasilia.fiocruz.br\/nosnarede\/wp-content\/uploads\/sites\/10\/2025\/01\/01-150x150.jpeg 150w, https:\/\/brasilia.fiocruz.br\/nosnarede\/wp-content\/uploads\/sites\/10\/2025\/01\/01-120x120.jpeg 120w\" data-sizes=\"(max-width: 150px) 100vw, 150px\" src=\"data:image\/svg+xml;base64,PHN2ZyB3aWR0aD0iMSIgaGVpZ2h0PSIxIiB4bWxucz0iaHR0cDovL3d3dy53My5vcmcvMjAwMC9zdmciPjwvc3ZnPg==\" style=\"--smush-placeholder-width: 150px; --smush-placeholder-aspect-ratio: 150\/150;\" \/><\/a><\/figure>\n\n\n\n<figure class=\"wp-block-image size-thumbnail\"><a href=\"https:\/\/brasilia.fiocruz.br\/nosnarede\/wp-content\/uploads\/sites\/10\/2025\/01\/02-1-scaled.jpeg\"><img decoding=\"async\" width=\"150\" height=\"150\" data-id=\"1039\" data-src=\"https:\/\/brasilia.fiocruz.br\/nosnarede\/wp-content\/uploads\/sites\/10\/2025\/01\/02-1-150x150.jpeg\" alt=\"\" class=\"wp-image-1039 lazyload\" data-srcset=\"https:\/\/brasilia.fiocruz.br\/nosnarede\/wp-content\/uploads\/sites\/10\/2025\/01\/02-1-150x150.jpeg 150w, https:\/\/brasilia.fiocruz.br\/nosnarede\/wp-content\/uploads\/sites\/10\/2025\/01\/02-1-120x120.jpeg 120w\" data-sizes=\"(max-width: 150px) 100vw, 150px\" src=\"data:image\/svg+xml;base64,PHN2ZyB3aWR0aD0iMSIgaGVpZ2h0PSIxIiB4bWxucz0iaHR0cDovL3d3dy53My5vcmcvMjAwMC9zdmciPjwvc3ZnPg==\" style=\"--smush-placeholder-width: 150px; --smush-placeholder-aspect-ratio: 150\/150;\" \/><\/a><\/figure>\n\n\n\n<figure class=\"wp-block-image size-thumbnail\"><a href=\"https:\/\/brasilia.fiocruz.br\/nosnarede\/wp-content\/uploads\/sites\/10\/2025\/01\/03-scaled.jpeg\"><img decoding=\"async\" width=\"150\" height=\"150\" data-id=\"1040\" data-src=\"https:\/\/brasilia.fiocruz.br\/nosnarede\/wp-content\/uploads\/sites\/10\/2025\/01\/03-150x150.jpeg\" alt=\"\" class=\"wp-image-1040 lazyload\" data-srcset=\"https:\/\/brasilia.fiocruz.br\/nosnarede\/wp-content\/uploads\/sites\/10\/2025\/01\/03-150x150.jpeg 150w, https:\/\/brasilia.fiocruz.br\/nosnarede\/wp-content\/uploads\/sites\/10\/2025\/01\/03-120x120.jpeg 120w\" data-sizes=\"(max-width: 150px) 100vw, 150px\" src=\"data:image\/svg+xml;base64,PHN2ZyB3aWR0aD0iMSIgaGVpZ2h0PSIxIiB4bWxucz0iaHR0cDovL3d3dy53My5vcmcvMjAwMC9zdmciPjwvc3ZnPg==\" style=\"--smush-placeholder-width: 150px; --smush-placeholder-aspect-ratio: 150\/150;\" \/><\/a><\/figure>\n\n\n\n<figure class=\"wp-block-image size-thumbnail\"><a href=\"https:\/\/brasilia.fiocruz.br\/nosnarede\/wp-content\/uploads\/sites\/10\/2025\/01\/04-1.jpg\"><img decoding=\"async\" width=\"150\" height=\"150\" data-id=\"1043\" data-src=\"https:\/\/brasilia.fiocruz.br\/nosnarede\/wp-content\/uploads\/sites\/10\/2025\/01\/04-1-150x150.jpg\" alt=\"\" class=\"wp-image-1043 lazyload\" data-srcset=\"https:\/\/brasilia.fiocruz.br\/nosnarede\/wp-content\/uploads\/sites\/10\/2025\/01\/04-1-150x150.jpg 150w, https:\/\/brasilia.fiocruz.br\/nosnarede\/wp-content\/uploads\/sites\/10\/2025\/01\/04-1-120x120.jpg 120w\" data-sizes=\"(max-width: 150px) 100vw, 150px\" src=\"data:image\/svg+xml;base64,PHN2ZyB3aWR0aD0iMSIgaGVpZ2h0PSIxIiB4bWxucz0iaHR0cDovL3d3dy53My5vcmcvMjAwMC9zdmciPjwvc3ZnPg==\" style=\"--smush-placeholder-width: 150px; --smush-placeholder-aspect-ratio: 150\/150;\" \/><\/a><\/figure>\n\n\n\n<figure class=\"wp-block-image size-thumbnail\"><a href=\"https:\/\/brasilia.fiocruz.br\/nosnarede\/wp-content\/uploads\/sites\/10\/2025\/01\/05.jpg\"><img decoding=\"async\" width=\"150\" height=\"150\" data-id=\"1045\" data-src=\"https:\/\/brasilia.fiocruz.br\/nosnarede\/wp-content\/uploads\/sites\/10\/2025\/01\/05-150x150.jpg\" alt=\"\" class=\"wp-image-1045 lazyload\" data-srcset=\"https:\/\/brasilia.fiocruz.br\/nosnarede\/wp-content\/uploads\/sites\/10\/2025\/01\/05-150x150.jpg 150w, https:\/\/brasilia.fiocruz.br\/nosnarede\/wp-content\/uploads\/sites\/10\/2025\/01\/05-120x120.jpg 120w\" data-sizes=\"(max-width: 150px) 100vw, 150px\" src=\"data:image\/svg+xml;base64,PHN2ZyB3aWR0aD0iMSIgaGVpZ2h0PSIxIiB4bWxucz0iaHR0cDovL3d3dy53My5vcmcvMjAwMC9zdmciPjwvc3ZnPg==\" style=\"--smush-placeholder-width: 150px; --smush-placeholder-aspect-ratio: 150\/150;\" \/><\/a><\/figure>\n<\/figure>\n<\/div>\n","protected":false},"featured_media":10922,"template":"","meta":{"_equipe_uf_key":"","_equipe_cidade_key":""},"link_category":[],"palavras-chave":[29,339,341,340,39],"relato-tag":[12,41,37,28],"categoria-de-relato":[26,9,1679],"class_list":["post-1019","relatos","type-relatos","status-publish","has-post-thumbnail","hentry","palavras-chave-caps","palavras-chave-horta","palavras-chave-natureza","palavras-chave-oficina","palavras-chave-reabilitacao-psicossocial","relato-tag-caps","relato-tag-geracao-de-renda","relato-tag-grupos-terapeuticos","relato-tag-protagonismo-do-usuario","categoria-de-relato-cuidado-a-pessoas-que-fazem-uso-prejudicial-de-alcool-e-drogas","categoria-de-relato-cuidado-e-diversidade","categoria-de-relato-destaques"],"yoast_head":"<!-- This site is optimized with the Yoast SEO plugin v27.1.1 - https:\/\/yoast.com\/product\/yoast-seo-wordpress\/ -->\n<title>Horta Terap\u00eautica: Plantando Amor, Cultivando Esperan\u00e7a - N\u00f3s Na Rede<\/title>\n<meta name=\"robots\" content=\"index, follow, max-snippet:-1, max-image-preview:large, max-video-preview:-1\" \/>\n<link rel=\"canonical\" href=\"https:\/\/brasilia.fiocruz.br\/nosnarede\/mostra-de-experiencias\/horta-terapeutica-plantando-amor-cultivando-esperanca\/\" \/>\n<meta property=\"og:locale\" content=\"pt_BR\" \/>\n<meta property=\"og:type\" content=\"article\" \/>\n<meta property=\"og:title\" content=\"Horta Terap\u00eautica: Plantando Amor, Cultivando Esperan\u00e7a - N\u00f3s Na Rede\" \/>\n<meta property=\"og:description\" content=\"Resumo A oficina da horta do Centro de Aten\u00e7\u00e3o Psicossocial I ( CAPS I) de Sinop, surgiu como forma de utiliza\u00e7\u00e3o da \u00e1rea dos fundos, onde se localiza nossa sede. A iniciativa foi de construir canteiros para produ\u00e7\u00e3o de hortali\u00e7as, legumes, temperos, ervas medicinais e algumas frut\u00edferas, onde era antes um gramado. O objetivo foi [&hellip;]\" \/>\n<meta property=\"og:url\" content=\"https:\/\/brasilia.fiocruz.br\/nosnarede\/mostra-de-experiencias\/horta-terapeutica-plantando-amor-cultivando-esperanca\/\" \/>\n<meta property=\"og:site_name\" content=\"N\u00f3s Na Rede\" \/>\n<meta property=\"article:modified_time\" content=\"2025-04-07T11:25:50+00:00\" \/>\n<meta property=\"og:image\" content=\"https:\/\/brasilia.fiocruz.br\/nosnarede\/wp-content\/uploads\/sites\/10\/2025\/03\/Design-sem-nome-73.png\" \/>\n\t<meta property=\"og:image:width\" content=\"960\" \/>\n\t<meta property=\"og:image:height\" content=\"621\" \/>\n\t<meta property=\"og:image:type\" content=\"image\/png\" \/>\n<meta name=\"twitter:card\" content=\"summary_large_image\" \/>\n<meta name=\"twitter:label1\" content=\"Est. tempo de leitura\" \/>\n\t<meta name=\"twitter:data1\" content=\"3 minutos\" \/>\n<script type=\"application\/ld+json\" class=\"yoast-schema-graph\">{\"@context\":\"https:\/\/schema.org\",\"@graph\":[{\"@type\":\"WebPage\",\"@id\":\"https:\/\/brasilia.fiocruz.br\/nosnarede\/mostra-de-experiencias\/horta-terapeutica-plantando-amor-cultivando-esperanca\/\",\"url\":\"https:\/\/brasilia.fiocruz.br\/nosnarede\/mostra-de-experiencias\/horta-terapeutica-plantando-amor-cultivando-esperanca\/\",\"name\":\"Horta Terap\u00eautica: Plantando Amor, Cultivando Esperan\u00e7a - N\u00f3s Na Rede\",\"isPartOf\":{\"@id\":\"https:\/\/brasilia.fiocruz.br\/nosnarede\/#website\"},\"primaryImageOfPage\":{\"@id\":\"https:\/\/brasilia.fiocruz.br\/nosnarede\/mostra-de-experiencias\/horta-terapeutica-plantando-amor-cultivando-esperanca\/#primaryimage\"},\"image\":{\"@id\":\"https:\/\/brasilia.fiocruz.br\/nosnarede\/mostra-de-experiencias\/horta-terapeutica-plantando-amor-cultivando-esperanca\/#primaryimage\"},\"thumbnailUrl\":\"https:\/\/brasilia.fiocruz.br\/nosnarede\/wp-content\/uploads\/sites\/10\/2025\/03\/Design-sem-nome-73.png\",\"datePublished\":\"2025-03-28T18:02:31+00:00\",\"dateModified\":\"2025-04-07T11:25:50+00:00\",\"breadcrumb\":{\"@id\":\"https:\/\/brasilia.fiocruz.br\/nosnarede\/mostra-de-experiencias\/horta-terapeutica-plantando-amor-cultivando-esperanca\/#breadcrumb\"},\"inLanguage\":\"pt-BR\",\"potentialAction\":[{\"@type\":\"ReadAction\",\"target\":[\"https:\/\/brasilia.fiocruz.br\/nosnarede\/mostra-de-experiencias\/horta-terapeutica-plantando-amor-cultivando-esperanca\/\"]}]},{\"@type\":\"ImageObject\",\"inLanguage\":\"pt-BR\",\"@id\":\"https:\/\/brasilia.fiocruz.br\/nosnarede\/mostra-de-experiencias\/horta-terapeutica-plantando-amor-cultivando-esperanca\/#primaryimage\",\"url\":\"https:\/\/brasilia.fiocruz.br\/nosnarede\/wp-content\/uploads\/sites\/10\/2025\/03\/Design-sem-nome-73.png\",\"contentUrl\":\"https:\/\/brasilia.fiocruz.br\/nosnarede\/wp-content\/uploads\/sites\/10\/2025\/03\/Design-sem-nome-73.png\",\"width\":960,\"height\":621},{\"@type\":\"BreadcrumbList\",\"@id\":\"https:\/\/brasilia.fiocruz.br\/nosnarede\/mostra-de-experiencias\/horta-terapeutica-plantando-amor-cultivando-esperanca\/#breadcrumb\",\"itemListElement\":[{\"@type\":\"ListItem\",\"position\":1,\"name\":\"In\u00edcio\",\"item\":\"https:\/\/brasilia.fiocruz.br\/nosnarede\/\"},{\"@type\":\"ListItem\",\"position\":2,\"name\":\"Relatos\",\"item\":\"https:\/\/brasilia.fiocruz.br\/nosnarede\/mostra-de-experiencias\/\"},{\"@type\":\"ListItem\",\"position\":3,\"name\":\"Horta Terap\u00eautica: Plantando Amor, Cultivando Esperan\u00e7a\"}]},{\"@type\":\"WebSite\",\"@id\":\"https:\/\/brasilia.fiocruz.br\/nosnarede\/#website\",\"url\":\"https:\/\/brasilia.fiocruz.br\/nosnarede\/\",\"name\":\"N\u00f3s Na Rede\",\"description\":\"\",\"publisher\":{\"@id\":\"https:\/\/brasilia.fiocruz.br\/nosnarede\/#organization\"},\"potentialAction\":[{\"@type\":\"SearchAction\",\"target\":{\"@type\":\"EntryPoint\",\"urlTemplate\":\"https:\/\/brasilia.fiocruz.br\/nosnarede\/?s={search_term_string}\"},\"query-input\":{\"@type\":\"PropertyValueSpecification\",\"valueRequired\":true,\"valueName\":\"search_term_string\"}}],\"inLanguage\":\"pt-BR\"},{\"@type\":\"Organization\",\"@id\":\"https:\/\/brasilia.fiocruz.br\/nosnarede\/#organization\",\"name\":\"N\u00f3s Na Rede\",\"url\":\"https:\/\/brasilia.fiocruz.br\/nosnarede\/\",\"logo\":{\"@type\":\"ImageObject\",\"inLanguage\":\"pt-BR\",\"@id\":\"https:\/\/brasilia.fiocruz.br\/nosnarede\/#\/schema\/logo\/image\/\",\"url\":\"https:\/\/brasilia.fiocruz.br\/nosnarede\/wp-content\/uploads\/sites\/10\/2025\/01\/nos-na-rede-logo.png\",\"contentUrl\":\"https:\/\/brasilia.fiocruz.br\/nosnarede\/wp-content\/uploads\/sites\/10\/2025\/01\/nos-na-rede-logo.png\",\"width\":421,\"height\":159,\"caption\":\"N\u00f3s Na Rede\"},\"image\":{\"@id\":\"https:\/\/brasilia.fiocruz.br\/nosnarede\/#\/schema\/logo\/image\/\"}}]}<\/script>\n<!-- \/ Yoast SEO plugin. -->","yoast_head_json":{"title":"Horta Terap\u00eautica: Plantando Amor, Cultivando Esperan\u00e7a - N\u00f3s Na Rede","robots":{"index":"index","follow":"follow","max-snippet":"max-snippet:-1","max-image-preview":"max-image-preview:large","max-video-preview":"max-video-preview:-1"},"canonical":"https:\/\/brasilia.fiocruz.br\/nosnarede\/mostra-de-experiencias\/horta-terapeutica-plantando-amor-cultivando-esperanca\/","og_locale":"pt_BR","og_type":"article","og_title":"Horta Terap\u00eautica: Plantando Amor, Cultivando Esperan\u00e7a - N\u00f3s Na Rede","og_description":"Resumo A oficina da horta do Centro de Aten\u00e7\u00e3o Psicossocial I ( CAPS I) de Sinop, surgiu como forma de utiliza\u00e7\u00e3o da \u00e1rea dos fundos, onde se localiza nossa sede. A iniciativa foi de construir canteiros para produ\u00e7\u00e3o de hortali\u00e7as, legumes, temperos, ervas medicinais e algumas frut\u00edferas, onde era antes um gramado. O objetivo foi [&hellip;]","og_url":"https:\/\/brasilia.fiocruz.br\/nosnarede\/mostra-de-experiencias\/horta-terapeutica-plantando-amor-cultivando-esperanca\/","og_site_name":"N\u00f3s Na Rede","article_modified_time":"2025-04-07T11:25:50+00:00","og_image":[{"width":960,"height":621,"url":"https:\/\/brasilia.fiocruz.br\/nosnarede\/wp-content\/uploads\/sites\/10\/2025\/03\/Design-sem-nome-73.png","type":"image\/png"}],"twitter_card":"summary_large_image","twitter_misc":{"Est. tempo de leitura":"3 minutos"},"schema":{"@context":"https:\/\/schema.org","@graph":[{"@type":"WebPage","@id":"https:\/\/brasilia.fiocruz.br\/nosnarede\/mostra-de-experiencias\/horta-terapeutica-plantando-amor-cultivando-esperanca\/","url":"https:\/\/brasilia.fiocruz.br\/nosnarede\/mostra-de-experiencias\/horta-terapeutica-plantando-amor-cultivando-esperanca\/","name":"Horta Terap\u00eautica: Plantando Amor, Cultivando Esperan\u00e7a - N\u00f3s Na Rede","isPartOf":{"@id":"https:\/\/brasilia.fiocruz.br\/nosnarede\/#website"},"primaryImageOfPage":{"@id":"https:\/\/brasilia.fiocruz.br\/nosnarede\/mostra-de-experiencias\/horta-terapeutica-plantando-amor-cultivando-esperanca\/#primaryimage"},"image":{"@id":"https:\/\/brasilia.fiocruz.br\/nosnarede\/mostra-de-experiencias\/horta-terapeutica-plantando-amor-cultivando-esperanca\/#primaryimage"},"thumbnailUrl":"https:\/\/brasilia.fiocruz.br\/nosnarede\/wp-content\/uploads\/sites\/10\/2025\/03\/Design-sem-nome-73.png","datePublished":"2025-03-28T18:02:31+00:00","dateModified":"2025-04-07T11:25:50+00:00","breadcrumb":{"@id":"https:\/\/brasilia.fiocruz.br\/nosnarede\/mostra-de-experiencias\/horta-terapeutica-plantando-amor-cultivando-esperanca\/#breadcrumb"},"inLanguage":"pt-BR","potentialAction":[{"@type":"ReadAction","target":["https:\/\/brasilia.fiocruz.br\/nosnarede\/mostra-de-experiencias\/horta-terapeutica-plantando-amor-cultivando-esperanca\/"]}]},{"@type":"ImageObject","inLanguage":"pt-BR","@id":"https:\/\/brasilia.fiocruz.br\/nosnarede\/mostra-de-experiencias\/horta-terapeutica-plantando-amor-cultivando-esperanca\/#primaryimage","url":"https:\/\/brasilia.fiocruz.br\/nosnarede\/wp-content\/uploads\/sites\/10\/2025\/03\/Design-sem-nome-73.png","contentUrl":"https:\/\/brasilia.fiocruz.br\/nosnarede\/wp-content\/uploads\/sites\/10\/2025\/03\/Design-sem-nome-73.png","width":960,"height":621},{"@type":"BreadcrumbList","@id":"https:\/\/brasilia.fiocruz.br\/nosnarede\/mostra-de-experiencias\/horta-terapeutica-plantando-amor-cultivando-esperanca\/#breadcrumb","itemListElement":[{"@type":"ListItem","position":1,"name":"In\u00edcio","item":"https:\/\/brasilia.fiocruz.br\/nosnarede\/"},{"@type":"ListItem","position":2,"name":"Relatos","item":"https:\/\/brasilia.fiocruz.br\/nosnarede\/mostra-de-experiencias\/"},{"@type":"ListItem","position":3,"name":"Horta Terap\u00eautica: Plantando Amor, Cultivando Esperan\u00e7a"}]},{"@type":"WebSite","@id":"https:\/\/brasilia.fiocruz.br\/nosnarede\/#website","url":"https:\/\/brasilia.fiocruz.br\/nosnarede\/","name":"N\u00f3s Na Rede","description":"","publisher":{"@id":"https:\/\/brasilia.fiocruz.br\/nosnarede\/#organization"},"potentialAction":[{"@type":"SearchAction","target":{"@type":"EntryPoint","urlTemplate":"https:\/\/brasilia.fiocruz.br\/nosnarede\/?s={search_term_string}"},"query-input":{"@type":"PropertyValueSpecification","valueRequired":true,"valueName":"search_term_string"}}],"inLanguage":"pt-BR"},{"@type":"Organization","@id":"https:\/\/brasilia.fiocruz.br\/nosnarede\/#organization","name":"N\u00f3s Na Rede","url":"https:\/\/brasilia.fiocruz.br\/nosnarede\/","logo":{"@type":"ImageObject","inLanguage":"pt-BR","@id":"https:\/\/brasilia.fiocruz.br\/nosnarede\/#\/schema\/logo\/image\/","url":"https:\/\/brasilia.fiocruz.br\/nosnarede\/wp-content\/uploads\/sites\/10\/2025\/01\/nos-na-rede-logo.png","contentUrl":"https:\/\/brasilia.fiocruz.br\/nosnarede\/wp-content\/uploads\/sites\/10\/2025\/01\/nos-na-rede-logo.png","width":421,"height":159,"caption":"N\u00f3s Na Rede"},"image":{"@id":"https:\/\/brasilia.fiocruz.br\/nosnarede\/#\/schema\/logo\/image\/"}}]}},"_links":{"self":[{"href":"https:\/\/brasilia.fiocruz.br\/nosnarede\/wp-json\/wp\/v2\/relatos\/1019","targetHints":{"allow":["GET"]}}],"collection":[{"href":"https:\/\/brasilia.fiocruz.br\/nosnarede\/wp-json\/wp\/v2\/relatos"}],"about":[{"href":"https:\/\/brasilia.fiocruz.br\/nosnarede\/wp-json\/wp\/v2\/types\/relatos"}],"wp:featuredmedia":[{"embeddable":true,"href":"https:\/\/brasilia.fiocruz.br\/nosnarede\/wp-json\/wp\/v2\/media\/10922"}],"wp:attachment":[{"href":"https:\/\/brasilia.fiocruz.br\/nosnarede\/wp-json\/wp\/v2\/media?parent=1019"}],"wp:term":[{"taxonomy":"link_category","embeddable":true,"href":"https:\/\/brasilia.fiocruz.br\/nosnarede\/wp-json\/wp\/v2\/link_category?post=1019"},{"taxonomy":"palavras-chave","embeddable":true,"href":"https:\/\/brasilia.fiocruz.br\/nosnarede\/wp-json\/wp\/v2\/palavras-chave?post=1019"},{"taxonomy":"relato-tag","embeddable":true,"href":"https:\/\/brasilia.fiocruz.br\/nosnarede\/wp-json\/wp\/v2\/relato-tag?post=1019"},{"taxonomy":"categoria-de-relato","embeddable":true,"href":"https:\/\/brasilia.fiocruz.br\/nosnarede\/wp-json\/wp\/v2\/categoria-de-relato?post=1019"}],"curies":[{"name":"wp","href":"https:\/\/api.w.org\/{rel}","templated":true}]}}