{"id":1470,"date":"2025-03-28T21:30:03","date_gmt":"2025-03-29T00:30:03","guid":{"rendered":"https:\/\/brasilia.fiocruz.br\/nosnarede\/?post_type=relatos&#038;p=1470"},"modified":"2025-04-11T09:48:46","modified_gmt":"2025-04-11T12:48:46","slug":"i-semana-da-luta-antimanicomial-da-faculdade-uninassau-minha-voz-minha-arte-nossa-luta","status":"publish","type":"relatos","link":"https:\/\/brasilia.fiocruz.br\/nosnarede\/mostra-de-experiencias\/i-semana-da-luta-antimanicomial-da-faculdade-uninassau-minha-voz-minha-arte-nossa-luta\/","title":{"rendered":"I Semana da Luta Antimanicomial da Faculdade Uninassau \u201cMinha Voz. Minha Arte. Nossa Luta\u201d"},"content":{"rendered":"\n<h2 class=\"wp-block-heading has-medium-font-size dynamic-field-wrapper-title has-archivo\">Resumo<\/h2>\n\n\n\n<p>O evento I Semana da Luta Antimanicomial da Faculdade Uninassau \u201cMinha Voz. Minha Arte. Nossa Luta\u201d surgiu da proposta de desmistificar os estigmas sobre a loucura e as pessoas que vivem com um transtorno mental. O intuito do evento foi apresentar ao p\u00fablico-alvo a arte realizada por pessoas que realizam tratamento em sa\u00fade mental Centro de Aten\u00e7\u00e3o Psicossocial II Walterdes Sampaio (Parna\u00edba-PI). <\/p>\n\n\n\n<p>Pessoas que expressam suas dores e del\u00edcias atrav\u00e9s da arte nos diversos grupos do servi\u00e7o. Estudantes de Psicologia foram visados pois ainda h\u00e1 uma resist\u00eancia dos mesmos em adentrarem aos servi\u00e7os especializados de sa\u00fade mental da RAPS. O planejamento do encontro se deu em uma reuni\u00e3o em que estavam presentes profissionais do CAPS II, professores e a coordena\u00e7\u00e3o do curso de Psicologia da Uninassau (programa\u00e7\u00e3o em arquivo). O CAPS II participou no primeiro dia do evento. No dia em quest\u00e3o, a presen\u00e7a maci\u00e7a de estudantes se deu em uma quantidade de quase 150 (cento e cinquenta) e ap\u00f3s a apresenta\u00e7\u00e3o das produ\u00e7\u00f5es art\u00edsticas o tempo foi curto para tantas perguntas advindas dos alunos. <\/p>\n\n\n\n<p>A coordena\u00e7\u00e3o do curso j\u00e1 apresentou a ideia de realizar uma II Semana em 2025 devido aos in\u00fameros elogios e interesses de estudantes em conhecerem mais a realidade dos CAPS da munic\u00edpios. Percebemos ainda mais a import\u00e2ncia de se valorizar o dispositivo m\u00faltiplo da arte enquanto ferramenta de cuidado para pessoas que necessitam de um tratamento e acompanhamento humanizado em sa\u00fade mental, seja ele institucionalizado ou n\u00e3o.<\/p>\n\n\n<p><!--video--><!--\/video--><\/p>\n\n\n<div class=\"wp-block-group is-layout-constrained wp-block-group-is-layout-constrained\">\n<h2 class=\"wp-block-heading has-medium-font-size dynamic-field-wrapper-title\">V\u00eddeo<\/h2>\n\n\n\n<figure class=\"wp-block-video wrapper-video aspect-16-9\"><video controls muted src=\"https:\/\/brasilia.fiocruz.br\/nosnarede\/wp-content\/uploads\/sites\/10\/2025\/01\/Foi-Assim-Cantor-e-compositor-Felipe-Gabriel.mp4\"><\/video><\/figure>\n\n\n\n<figure class=\"wp-block-video wrapper-video aspect-16-9\"><video controls muted src=\"https:\/\/brasilia.fiocruz.br\/nosnarede\/wp-content\/uploads\/sites\/10\/2025\/01\/Um-Homem-em-Busca-de-Paz-Trecho-Peca.mp4\"><\/video><\/figure>\n\n\n\n<figure class=\"wp-block-video\"><video height=\"478\" style=\"aspect-ratio: 848 \/ 478;\" width=\"848\" controls src=\"https:\/\/brasilia.fiocruz.br\/nosnarede\/wp-content\/uploads\/sites\/10\/2025\/03\/Felipe-Gabriel-evento-Nassau.mp4\"><\/video><\/figure>\n\n\n\n<pre class=\"wp-block-verse\"><\/pre>\n<\/div>\n\n\n\n<div class=\"wp-block-group dynamic-field-wrapper is-layout-constrained wp-block-group-is-layout-constrained\">\n<h5 class=\"wp-block-heading has-medium-font-size dynamic-field-wrapper-title\">Imagens<\/h5>\n\n\n\n<figure class=\"wp-block-gallery has-nested-images columns-4 is-cropped wp-block-gallery-1 is-layout-flex wp-block-gallery-is-layout-flex\">\n<figure class=\"wp-block-image size-thumbnail\"><a href=\"https:\/\/brasilia.fiocruz.br\/nosnarede\/wp-content\/uploads\/sites\/10\/2025\/01\/Card-I-Semana-Uninassau.jpeg\"><img decoding=\"async\" width=\"150\" height=\"150\" data-id=\"1471\" data-src=\"https:\/\/brasilia.fiocruz.br\/nosnarede\/wp-content\/uploads\/sites\/10\/2025\/01\/Card-I-Semana-Uninassau-150x150.jpeg\" alt=\"\" class=\"wp-image-1471 lazyload\" data-srcset=\"https:\/\/brasilia.fiocruz.br\/nosnarede\/wp-content\/uploads\/sites\/10\/2025\/01\/Card-I-Semana-Uninassau-150x150.jpeg 150w, https:\/\/brasilia.fiocruz.br\/nosnarede\/wp-content\/uploads\/sites\/10\/2025\/01\/Card-I-Semana-Uninassau-300x300.jpeg 300w, https:\/\/brasilia.fiocruz.br\/nosnarede\/wp-content\/uploads\/sites\/10\/2025\/01\/Card-I-Semana-Uninassau-120x120.jpeg 120w, https:\/\/brasilia.fiocruz.br\/nosnarede\/wp-content\/uploads\/sites\/10\/2025\/01\/Card-I-Semana-Uninassau.jpeg 708w\" data-sizes=\"(max-width: 150px) 100vw, 150px\" src=\"data:image\/svg+xml;base64,PHN2ZyB3aWR0aD0iMSIgaGVpZ2h0PSIxIiB4bWxucz0iaHR0cDovL3d3dy53My5vcmcvMjAwMC9zdmciPjwvc3ZnPg==\" style=\"--smush-placeholder-width: 150px; --smush-placeholder-aspect-ratio: 150\/150;\" \/><\/a><\/figure>\n\n\n\n<figure class=\"wp-block-image size-thumbnail\"><a href=\"https:\/\/brasilia.fiocruz.br\/nosnarede\/wp-content\/uploads\/sites\/10\/2025\/01\/Gameleira-Pintura-em-tela-Autor-Adao-Galeno.jpeg\"><img decoding=\"async\" width=\"150\" height=\"150\" data-id=\"1473\" data-src=\"https:\/\/brasilia.fiocruz.br\/nosnarede\/wp-content\/uploads\/sites\/10\/2025\/01\/Gameleira-Pintura-em-tela-Autor-Adao-Galeno-150x150.jpeg\" alt=\"\" class=\"wp-image-1473 lazyload\" data-srcset=\"https:\/\/brasilia.fiocruz.br\/nosnarede\/wp-content\/uploads\/sites\/10\/2025\/01\/Gameleira-Pintura-em-tela-Autor-Adao-Galeno-150x150.jpeg 150w, https:\/\/brasilia.fiocruz.br\/nosnarede\/wp-content\/uploads\/sites\/10\/2025\/01\/Gameleira-Pintura-em-tela-Autor-Adao-Galeno-120x120.jpeg 120w\" data-sizes=\"(max-width: 150px) 100vw, 150px\" src=\"data:image\/svg+xml;base64,PHN2ZyB3aWR0aD0iMSIgaGVpZ2h0PSIxIiB4bWxucz0iaHR0cDovL3d3dy53My5vcmcvMjAwMC9zdmciPjwvc3ZnPg==\" style=\"--smush-placeholder-width: 150px; --smush-placeholder-aspect-ratio: 150\/150;\" \/><\/a><\/figure>\n\n\n\n<figure class=\"wp-block-image size-thumbnail\"><a href=\"https:\/\/brasilia.fiocruz.br\/nosnarede\/wp-content\/uploads\/sites\/10\/2025\/01\/Pinturas-em-Tela-e-Artista-Adao-Galeno.jpeg\"><img decoding=\"async\" width=\"150\" height=\"150\" data-id=\"1475\" data-src=\"https:\/\/brasilia.fiocruz.br\/nosnarede\/wp-content\/uploads\/sites\/10\/2025\/01\/Pinturas-em-Tela-e-Artista-Adao-Galeno-150x150.jpeg\" alt=\"\" class=\"wp-image-1475 lazyload\" data-srcset=\"https:\/\/brasilia.fiocruz.br\/nosnarede\/wp-content\/uploads\/sites\/10\/2025\/01\/Pinturas-em-Tela-e-Artista-Adao-Galeno-150x150.jpeg 150w, https:\/\/brasilia.fiocruz.br\/nosnarede\/wp-content\/uploads\/sites\/10\/2025\/01\/Pinturas-em-Tela-e-Artista-Adao-Galeno-120x120.jpeg 120w\" data-sizes=\"(max-width: 150px) 100vw, 150px\" src=\"data:image\/svg+xml;base64,PHN2ZyB3aWR0aD0iMSIgaGVpZ2h0PSIxIiB4bWxucz0iaHR0cDovL3d3dy53My5vcmcvMjAwMC9zdmciPjwvc3ZnPg==\" style=\"--smush-placeholder-width: 150px; --smush-placeholder-aspect-ratio: 150\/150;\" \/><\/a><\/figure>\n\n\n\n<figure class=\"wp-block-image size-thumbnail\"><a href=\"https:\/\/brasilia.fiocruz.br\/nosnarede\/wp-content\/uploads\/sites\/10\/2025\/01\/Piranhas-Pintura-em-tela-Autor-Adao-Galeno.jpeg\"><img decoding=\"async\" width=\"150\" height=\"150\" data-id=\"1476\" data-src=\"https:\/\/brasilia.fiocruz.br\/nosnarede\/wp-content\/uploads\/sites\/10\/2025\/01\/Piranhas-Pintura-em-tela-Autor-Adao-Galeno-150x150.jpeg\" alt=\"\" class=\"wp-image-1476 lazyload\" data-srcset=\"https:\/\/brasilia.fiocruz.br\/nosnarede\/wp-content\/uploads\/sites\/10\/2025\/01\/Piranhas-Pintura-em-tela-Autor-Adao-Galeno-150x150.jpeg 150w, https:\/\/brasilia.fiocruz.br\/nosnarede\/wp-content\/uploads\/sites\/10\/2025\/01\/Piranhas-Pintura-em-tela-Autor-Adao-Galeno-120x120.jpeg 120w\" data-sizes=\"(max-width: 150px) 100vw, 150px\" src=\"data:image\/svg+xml;base64,PHN2ZyB3aWR0aD0iMSIgaGVpZ2h0PSIxIiB4bWxucz0iaHR0cDovL3d3dy53My5vcmcvMjAwMC9zdmciPjwvc3ZnPg==\" style=\"--smush-placeholder-width: 150px; --smush-placeholder-aspect-ratio: 150\/150;\" \/><\/a><\/figure>\n\n\n\n<figure class=\"wp-block-image size-thumbnail\"><a href=\"https:\/\/brasilia.fiocruz.br\/nosnarede\/wp-content\/uploads\/sites\/10\/2025\/01\/Programacao-I-Semana-Uninassau.jpeg\"><img decoding=\"async\" width=\"150\" height=\"150\" data-id=\"1477\" data-src=\"https:\/\/brasilia.fiocruz.br\/nosnarede\/wp-content\/uploads\/sites\/10\/2025\/01\/Programacao-I-Semana-Uninassau-150x150.jpeg\" alt=\"\" class=\"wp-image-1477 lazyload\" data-srcset=\"https:\/\/brasilia.fiocruz.br\/nosnarede\/wp-content\/uploads\/sites\/10\/2025\/01\/Programacao-I-Semana-Uninassau-150x150.jpeg 150w, https:\/\/brasilia.fiocruz.br\/nosnarede\/wp-content\/uploads\/sites\/10\/2025\/01\/Programacao-I-Semana-Uninassau-300x300.jpeg 300w, https:\/\/brasilia.fiocruz.br\/nosnarede\/wp-content\/uploads\/sites\/10\/2025\/01\/Programacao-I-Semana-Uninassau-768x764.jpeg 768w, https:\/\/brasilia.fiocruz.br\/nosnarede\/wp-content\/uploads\/sites\/10\/2025\/01\/Programacao-I-Semana-Uninassau-120x120.jpeg 120w, https:\/\/brasilia.fiocruz.br\/nosnarede\/wp-content\/uploads\/sites\/10\/2025\/01\/Programacao-I-Semana-Uninassau.jpeg 852w\" data-sizes=\"(max-width: 150px) 100vw, 150px\" src=\"data:image\/svg+xml;base64,PHN2ZyB3aWR0aD0iMSIgaGVpZ2h0PSIxIiB4bWxucz0iaHR0cDovL3d3dy53My5vcmcvMjAwMC9zdmciPjwvc3ZnPg==\" style=\"--smush-placeholder-width: 150px; --smush-placeholder-aspect-ratio: 150\/150;\" \/><\/a><\/figure>\n\n\n\n<figure class=\"wp-block-image size-thumbnail\"><a href=\"https:\/\/brasilia.fiocruz.br\/nosnarede\/wp-content\/uploads\/sites\/10\/2025\/01\/Sem-Titulo-floresta-Pintura-em-tela-Autor-Adao-Galeno.jpeg\"><img decoding=\"async\" width=\"150\" height=\"150\" data-id=\"1478\" data-src=\"https:\/\/brasilia.fiocruz.br\/nosnarede\/wp-content\/uploads\/sites\/10\/2025\/01\/Sem-Titulo-floresta-Pintura-em-tela-Autor-Adao-Galeno-150x150.jpeg\" alt=\"\" class=\"wp-image-1478 lazyload\" data-srcset=\"https:\/\/brasilia.fiocruz.br\/nosnarede\/wp-content\/uploads\/sites\/10\/2025\/01\/Sem-Titulo-floresta-Pintura-em-tela-Autor-Adao-Galeno-150x150.jpeg 150w, https:\/\/brasilia.fiocruz.br\/nosnarede\/wp-content\/uploads\/sites\/10\/2025\/01\/Sem-Titulo-floresta-Pintura-em-tela-Autor-Adao-Galeno-120x120.jpeg 120w\" data-sizes=\"(max-width: 150px) 100vw, 150px\" src=\"data:image\/svg+xml;base64,PHN2ZyB3aWR0aD0iMSIgaGVpZ2h0PSIxIiB4bWxucz0iaHR0cDovL3d3dy53My5vcmcvMjAwMC9zdmciPjwvc3ZnPg==\" style=\"--smush-placeholder-width: 150px; --smush-placeholder-aspect-ratio: 150\/150;\" \/><\/a><\/figure>\n\n\n\n<figure class=\"wp-block-image size-thumbnail\"><a href=\"https:\/\/brasilia.fiocruz.br\/nosnarede\/wp-content\/uploads\/sites\/10\/2025\/01\/Sem-Titulo-trator-Pintura-em-tela-Autor-Adao-Galeno.jpeg\"><img decoding=\"async\" width=\"150\" height=\"150\" data-id=\"1479\" data-src=\"https:\/\/brasilia.fiocruz.br\/nosnarede\/wp-content\/uploads\/sites\/10\/2025\/01\/Sem-Titulo-trator-Pintura-em-tela-Autor-Adao-Galeno-150x150.jpeg\" alt=\"\" class=\"wp-image-1479 lazyload\" data-srcset=\"https:\/\/brasilia.fiocruz.br\/nosnarede\/wp-content\/uploads\/sites\/10\/2025\/01\/Sem-Titulo-trator-Pintura-em-tela-Autor-Adao-Galeno-150x150.jpeg 150w, https:\/\/brasilia.fiocruz.br\/nosnarede\/wp-content\/uploads\/sites\/10\/2025\/01\/Sem-Titulo-trator-Pintura-em-tela-Autor-Adao-Galeno-120x120.jpeg 120w\" data-sizes=\"(max-width: 150px) 100vw, 150px\" src=\"data:image\/svg+xml;base64,PHN2ZyB3aWR0aD0iMSIgaGVpZ2h0PSIxIiB4bWxucz0iaHR0cDovL3d3dy53My5vcmcvMjAwMC9zdmciPjwvc3ZnPg==\" style=\"--smush-placeholder-width: 150px; --smush-placeholder-aspect-ratio: 150\/150;\" \/><\/a><\/figure>\n<\/figure>\n<\/div>\n","protected":false},"featured_media":10473,"template":"","meta":{"_equipe_uf_key":"","_equipe_cidade_key":""},"link_category":[],"palavras-chave":[105,113,17],"relato-tag":[50,12,42],"categoria-de-relato":[19,1679],"class_list":["post-1470","relatos","type-relatos","status-publish","has-post-thumbnail","hentry","palavras-chave-arte","palavras-chave-luta-antimanicomial","palavras-chave-saude-mental","relato-tag-arte-e-cultura","relato-tag-caps","relato-tag-educacao-e-formacao","categoria-de-relato-articulacao-em-rede-intra-e-intersetorial","categoria-de-relato-destaques"],"yoast_head":"<!-- This site is optimized with the Yoast SEO plugin v27.1.1 - https:\/\/yoast.com\/product\/yoast-seo-wordpress\/ -->\n<title>I Semana da Luta Antimanicomial da Faculdade Uninassau \u201cMinha Voz. Minha Arte. Nossa Luta\u201d - N\u00f3s Na Rede<\/title>\n<meta name=\"robots\" content=\"index, follow, max-snippet:-1, max-image-preview:large, max-video-preview:-1\" \/>\n<link rel=\"canonical\" href=\"https:\/\/brasilia.fiocruz.br\/nosnarede\/mostra-de-experiencias\/i-semana-da-luta-antimanicomial-da-faculdade-uninassau-minha-voz-minha-arte-nossa-luta\/\" \/>\n<meta property=\"og:locale\" content=\"pt_BR\" \/>\n<meta property=\"og:type\" content=\"article\" \/>\n<meta property=\"og:title\" content=\"I Semana da Luta Antimanicomial da Faculdade Uninassau \u201cMinha Voz. Minha Arte. Nossa Luta\u201d - N\u00f3s Na Rede\" \/>\n<meta property=\"og:description\" content=\"Resumo O evento I Semana da Luta Antimanicomial da Faculdade Uninassau \u201cMinha Voz. Minha Arte. Nossa Luta\u201d surgiu da proposta de desmistificar os estigmas sobre a loucura e as pessoas que vivem com um transtorno mental. O intuito do evento foi apresentar ao p\u00fablico-alvo a arte realizada por pessoas que realizam tratamento em sa\u00fade mental [&hellip;]\" \/>\n<meta property=\"og:url\" content=\"https:\/\/brasilia.fiocruz.br\/nosnarede\/mostra-de-experiencias\/i-semana-da-luta-antimanicomial-da-faculdade-uninassau-minha-voz-minha-arte-nossa-luta\/\" \/>\n<meta property=\"og:site_name\" content=\"N\u00f3s Na Rede\" \/>\n<meta property=\"article:modified_time\" content=\"2025-04-11T12:48:46+00:00\" \/>\n<meta property=\"og:image\" content=\"https:\/\/brasilia.fiocruz.br\/nosnarede\/wp-content\/uploads\/sites\/10\/2025\/01\/Design-sem-nome-13.png\" \/>\n\t<meta property=\"og:image:width\" content=\"960\" \/>\n\t<meta property=\"og:image:height\" content=\"621\" \/>\n\t<meta property=\"og:image:type\" content=\"image\/png\" \/>\n<meta name=\"twitter:card\" content=\"summary_large_image\" \/>\n<meta name=\"twitter:label1\" content=\"Est. tempo de leitura\" \/>\n\t<meta name=\"twitter:data1\" content=\"3 minutos\" \/>\n<script type=\"application\/ld+json\" class=\"yoast-schema-graph\">{\"@context\":\"https:\/\/schema.org\",\"@graph\":[{\"@type\":\"WebPage\",\"@id\":\"https:\/\/brasilia.fiocruz.br\/nosnarede\/mostra-de-experiencias\/i-semana-da-luta-antimanicomial-da-faculdade-uninassau-minha-voz-minha-arte-nossa-luta\/\",\"url\":\"https:\/\/brasilia.fiocruz.br\/nosnarede\/mostra-de-experiencias\/i-semana-da-luta-antimanicomial-da-faculdade-uninassau-minha-voz-minha-arte-nossa-luta\/\",\"name\":\"I Semana da Luta Antimanicomial da Faculdade Uninassau \u201cMinha Voz. Minha Arte. Nossa Luta\u201d - N\u00f3s Na Rede\",\"isPartOf\":{\"@id\":\"https:\/\/brasilia.fiocruz.br\/nosnarede\/#website\"},\"primaryImageOfPage\":{\"@id\":\"https:\/\/brasilia.fiocruz.br\/nosnarede\/mostra-de-experiencias\/i-semana-da-luta-antimanicomial-da-faculdade-uninassau-minha-voz-minha-arte-nossa-luta\/#primaryimage\"},\"image\":{\"@id\":\"https:\/\/brasilia.fiocruz.br\/nosnarede\/mostra-de-experiencias\/i-semana-da-luta-antimanicomial-da-faculdade-uninassau-minha-voz-minha-arte-nossa-luta\/#primaryimage\"},\"thumbnailUrl\":\"https:\/\/brasilia.fiocruz.br\/nosnarede\/wp-content\/uploads\/sites\/10\/2025\/01\/Design-sem-nome-13.png\",\"datePublished\":\"2025-03-29T00:30:03+00:00\",\"dateModified\":\"2025-04-11T12:48:46+00:00\",\"breadcrumb\":{\"@id\":\"https:\/\/brasilia.fiocruz.br\/nosnarede\/mostra-de-experiencias\/i-semana-da-luta-antimanicomial-da-faculdade-uninassau-minha-voz-minha-arte-nossa-luta\/#breadcrumb\"},\"inLanguage\":\"pt-BR\",\"potentialAction\":[{\"@type\":\"ReadAction\",\"target\":[\"https:\/\/brasilia.fiocruz.br\/nosnarede\/mostra-de-experiencias\/i-semana-da-luta-antimanicomial-da-faculdade-uninassau-minha-voz-minha-arte-nossa-luta\/\"]}]},{\"@type\":\"ImageObject\",\"inLanguage\":\"pt-BR\",\"@id\":\"https:\/\/brasilia.fiocruz.br\/nosnarede\/mostra-de-experiencias\/i-semana-da-luta-antimanicomial-da-faculdade-uninassau-minha-voz-minha-arte-nossa-luta\/#primaryimage\",\"url\":\"https:\/\/brasilia.fiocruz.br\/nosnarede\/wp-content\/uploads\/sites\/10\/2025\/01\/Design-sem-nome-13.png\",\"contentUrl\":\"https:\/\/brasilia.fiocruz.br\/nosnarede\/wp-content\/uploads\/sites\/10\/2025\/01\/Design-sem-nome-13.png\",\"width\":960,\"height\":621},{\"@type\":\"BreadcrumbList\",\"@id\":\"https:\/\/brasilia.fiocruz.br\/nosnarede\/mostra-de-experiencias\/i-semana-da-luta-antimanicomial-da-faculdade-uninassau-minha-voz-minha-arte-nossa-luta\/#breadcrumb\",\"itemListElement\":[{\"@type\":\"ListItem\",\"position\":1,\"name\":\"In\u00edcio\",\"item\":\"https:\/\/brasilia.fiocruz.br\/nosnarede\/\"},{\"@type\":\"ListItem\",\"position\":2,\"name\":\"Relatos\",\"item\":\"https:\/\/brasilia.fiocruz.br\/nosnarede\/mostra-de-experiencias\/\"},{\"@type\":\"ListItem\",\"position\":3,\"name\":\"I Semana da Luta Antimanicomial da Faculdade Uninassau \u201cMinha Voz. Minha Arte. Nossa Luta\u201d\"}]},{\"@type\":\"WebSite\",\"@id\":\"https:\/\/brasilia.fiocruz.br\/nosnarede\/#website\",\"url\":\"https:\/\/brasilia.fiocruz.br\/nosnarede\/\",\"name\":\"N\u00f3s Na Rede\",\"description\":\"\",\"publisher\":{\"@id\":\"https:\/\/brasilia.fiocruz.br\/nosnarede\/#organization\"},\"potentialAction\":[{\"@type\":\"SearchAction\",\"target\":{\"@type\":\"EntryPoint\",\"urlTemplate\":\"https:\/\/brasilia.fiocruz.br\/nosnarede\/?s={search_term_string}\"},\"query-input\":{\"@type\":\"PropertyValueSpecification\",\"valueRequired\":true,\"valueName\":\"search_term_string\"}}],\"inLanguage\":\"pt-BR\"},{\"@type\":\"Organization\",\"@id\":\"https:\/\/brasilia.fiocruz.br\/nosnarede\/#organization\",\"name\":\"N\u00f3s Na Rede\",\"url\":\"https:\/\/brasilia.fiocruz.br\/nosnarede\/\",\"logo\":{\"@type\":\"ImageObject\",\"inLanguage\":\"pt-BR\",\"@id\":\"https:\/\/brasilia.fiocruz.br\/nosnarede\/#\/schema\/logo\/image\/\",\"url\":\"https:\/\/brasilia.fiocruz.br\/nosnarede\/wp-content\/uploads\/sites\/10\/2025\/01\/nos-na-rede-logo.png\",\"contentUrl\":\"https:\/\/brasilia.fiocruz.br\/nosnarede\/wp-content\/uploads\/sites\/10\/2025\/01\/nos-na-rede-logo.png\",\"width\":421,\"height\":159,\"caption\":\"N\u00f3s Na Rede\"},\"image\":{\"@id\":\"https:\/\/brasilia.fiocruz.br\/nosnarede\/#\/schema\/logo\/image\/\"}}]}<\/script>\n<!-- \/ Yoast SEO plugin. -->","yoast_head_json":{"title":"I Semana da Luta Antimanicomial da Faculdade Uninassau \u201cMinha Voz. Minha Arte. Nossa Luta\u201d - N\u00f3s Na Rede","robots":{"index":"index","follow":"follow","max-snippet":"max-snippet:-1","max-image-preview":"max-image-preview:large","max-video-preview":"max-video-preview:-1"},"canonical":"https:\/\/brasilia.fiocruz.br\/nosnarede\/mostra-de-experiencias\/i-semana-da-luta-antimanicomial-da-faculdade-uninassau-minha-voz-minha-arte-nossa-luta\/","og_locale":"pt_BR","og_type":"article","og_title":"I Semana da Luta Antimanicomial da Faculdade Uninassau \u201cMinha Voz. Minha Arte. Nossa Luta\u201d - N\u00f3s Na Rede","og_description":"Resumo O evento I Semana da Luta Antimanicomial da Faculdade Uninassau \u201cMinha Voz. Minha Arte. Nossa Luta\u201d surgiu da proposta de desmistificar os estigmas sobre a loucura e as pessoas que vivem com um transtorno mental. O intuito do evento foi apresentar ao p\u00fablico-alvo a arte realizada por pessoas que realizam tratamento em sa\u00fade mental [&hellip;]","og_url":"https:\/\/brasilia.fiocruz.br\/nosnarede\/mostra-de-experiencias\/i-semana-da-luta-antimanicomial-da-faculdade-uninassau-minha-voz-minha-arte-nossa-luta\/","og_site_name":"N\u00f3s Na Rede","article_modified_time":"2025-04-11T12:48:46+00:00","og_image":[{"width":960,"height":621,"url":"https:\/\/brasilia.fiocruz.br\/nosnarede\/wp-content\/uploads\/sites\/10\/2025\/01\/Design-sem-nome-13.png","type":"image\/png"}],"twitter_card":"summary_large_image","twitter_misc":{"Est. tempo de leitura":"3 minutos"},"schema":{"@context":"https:\/\/schema.org","@graph":[{"@type":"WebPage","@id":"https:\/\/brasilia.fiocruz.br\/nosnarede\/mostra-de-experiencias\/i-semana-da-luta-antimanicomial-da-faculdade-uninassau-minha-voz-minha-arte-nossa-luta\/","url":"https:\/\/brasilia.fiocruz.br\/nosnarede\/mostra-de-experiencias\/i-semana-da-luta-antimanicomial-da-faculdade-uninassau-minha-voz-minha-arte-nossa-luta\/","name":"I Semana da Luta Antimanicomial da Faculdade Uninassau \u201cMinha Voz. Minha Arte. Nossa Luta\u201d - N\u00f3s Na Rede","isPartOf":{"@id":"https:\/\/brasilia.fiocruz.br\/nosnarede\/#website"},"primaryImageOfPage":{"@id":"https:\/\/brasilia.fiocruz.br\/nosnarede\/mostra-de-experiencias\/i-semana-da-luta-antimanicomial-da-faculdade-uninassau-minha-voz-minha-arte-nossa-luta\/#primaryimage"},"image":{"@id":"https:\/\/brasilia.fiocruz.br\/nosnarede\/mostra-de-experiencias\/i-semana-da-luta-antimanicomial-da-faculdade-uninassau-minha-voz-minha-arte-nossa-luta\/#primaryimage"},"thumbnailUrl":"https:\/\/brasilia.fiocruz.br\/nosnarede\/wp-content\/uploads\/sites\/10\/2025\/01\/Design-sem-nome-13.png","datePublished":"2025-03-29T00:30:03+00:00","dateModified":"2025-04-11T12:48:46+00:00","breadcrumb":{"@id":"https:\/\/brasilia.fiocruz.br\/nosnarede\/mostra-de-experiencias\/i-semana-da-luta-antimanicomial-da-faculdade-uninassau-minha-voz-minha-arte-nossa-luta\/#breadcrumb"},"inLanguage":"pt-BR","potentialAction":[{"@type":"ReadAction","target":["https:\/\/brasilia.fiocruz.br\/nosnarede\/mostra-de-experiencias\/i-semana-da-luta-antimanicomial-da-faculdade-uninassau-minha-voz-minha-arte-nossa-luta\/"]}]},{"@type":"ImageObject","inLanguage":"pt-BR","@id":"https:\/\/brasilia.fiocruz.br\/nosnarede\/mostra-de-experiencias\/i-semana-da-luta-antimanicomial-da-faculdade-uninassau-minha-voz-minha-arte-nossa-luta\/#primaryimage","url":"https:\/\/brasilia.fiocruz.br\/nosnarede\/wp-content\/uploads\/sites\/10\/2025\/01\/Design-sem-nome-13.png","contentUrl":"https:\/\/brasilia.fiocruz.br\/nosnarede\/wp-content\/uploads\/sites\/10\/2025\/01\/Design-sem-nome-13.png","width":960,"height":621},{"@type":"BreadcrumbList","@id":"https:\/\/brasilia.fiocruz.br\/nosnarede\/mostra-de-experiencias\/i-semana-da-luta-antimanicomial-da-faculdade-uninassau-minha-voz-minha-arte-nossa-luta\/#breadcrumb","itemListElement":[{"@type":"ListItem","position":1,"name":"In\u00edcio","item":"https:\/\/brasilia.fiocruz.br\/nosnarede\/"},{"@type":"ListItem","position":2,"name":"Relatos","item":"https:\/\/brasilia.fiocruz.br\/nosnarede\/mostra-de-experiencias\/"},{"@type":"ListItem","position":3,"name":"I Semana da Luta Antimanicomial da Faculdade Uninassau \u201cMinha Voz. Minha Arte. Nossa Luta\u201d"}]},{"@type":"WebSite","@id":"https:\/\/brasilia.fiocruz.br\/nosnarede\/#website","url":"https:\/\/brasilia.fiocruz.br\/nosnarede\/","name":"N\u00f3s Na Rede","description":"","publisher":{"@id":"https:\/\/brasilia.fiocruz.br\/nosnarede\/#organization"},"potentialAction":[{"@type":"SearchAction","target":{"@type":"EntryPoint","urlTemplate":"https:\/\/brasilia.fiocruz.br\/nosnarede\/?s={search_term_string}"},"query-input":{"@type":"PropertyValueSpecification","valueRequired":true,"valueName":"search_term_string"}}],"inLanguage":"pt-BR"},{"@type":"Organization","@id":"https:\/\/brasilia.fiocruz.br\/nosnarede\/#organization","name":"N\u00f3s Na Rede","url":"https:\/\/brasilia.fiocruz.br\/nosnarede\/","logo":{"@type":"ImageObject","inLanguage":"pt-BR","@id":"https:\/\/brasilia.fiocruz.br\/nosnarede\/#\/schema\/logo\/image\/","url":"https:\/\/brasilia.fiocruz.br\/nosnarede\/wp-content\/uploads\/sites\/10\/2025\/01\/nos-na-rede-logo.png","contentUrl":"https:\/\/brasilia.fiocruz.br\/nosnarede\/wp-content\/uploads\/sites\/10\/2025\/01\/nos-na-rede-logo.png","width":421,"height":159,"caption":"N\u00f3s Na Rede"},"image":{"@id":"https:\/\/brasilia.fiocruz.br\/nosnarede\/#\/schema\/logo\/image\/"}}]}},"_links":{"self":[{"href":"https:\/\/brasilia.fiocruz.br\/nosnarede\/wp-json\/wp\/v2\/relatos\/1470","targetHints":{"allow":["GET"]}}],"collection":[{"href":"https:\/\/brasilia.fiocruz.br\/nosnarede\/wp-json\/wp\/v2\/relatos"}],"about":[{"href":"https:\/\/brasilia.fiocruz.br\/nosnarede\/wp-json\/wp\/v2\/types\/relatos"}],"wp:featuredmedia":[{"embeddable":true,"href":"https:\/\/brasilia.fiocruz.br\/nosnarede\/wp-json\/wp\/v2\/media\/10473"}],"wp:attachment":[{"href":"https:\/\/brasilia.fiocruz.br\/nosnarede\/wp-json\/wp\/v2\/media?parent=1470"}],"wp:term":[{"taxonomy":"link_category","embeddable":true,"href":"https:\/\/brasilia.fiocruz.br\/nosnarede\/wp-json\/wp\/v2\/link_category?post=1470"},{"taxonomy":"palavras-chave","embeddable":true,"href":"https:\/\/brasilia.fiocruz.br\/nosnarede\/wp-json\/wp\/v2\/palavras-chave?post=1470"},{"taxonomy":"relato-tag","embeddable":true,"href":"https:\/\/brasilia.fiocruz.br\/nosnarede\/wp-json\/wp\/v2\/relato-tag?post=1470"},{"taxonomy":"categoria-de-relato","embeddable":true,"href":"https:\/\/brasilia.fiocruz.br\/nosnarede\/wp-json\/wp\/v2\/categoria-de-relato?post=1470"}],"curies":[{"name":"wp","href":"https:\/\/api.w.org\/{rel}","templated":true}]}}