{"id":1529,"date":"2025-03-28T14:33:07","date_gmt":"2025-03-28T17:33:07","guid":{"rendered":"https:\/\/brasilia.fiocruz.br\/nosnarede\/?post_type=relatos&#038;p=1529"},"modified":"2025-04-08T16:25:15","modified_gmt":"2025-04-08T19:25:15","slug":"a-empregabilidade-da-pessoa-com-deficiencia-psicossocial","status":"publish","type":"relatos","link":"https:\/\/brasilia.fiocruz.br\/nosnarede\/mostra-de-experiencias\/a-empregabilidade-da-pessoa-com-deficiencia-psicossocial\/","title":{"rendered":"A empregabilidade da pessoa com defici\u00eancia psicossocial"},"content":{"rendered":"\n<h2 class=\"wp-block-heading has-medium-font-size dynamic-field-wrapper-title has-archivo\">Resumo<\/h2>\n\n\n\n<p>O relato de experi\u00eancia retrata de todo o processo desenvolvido na cidade de Teresina para ampliar a inclus\u00e3o das pessoas com defici\u00eancia psicossocial no mercado de trabalho formal. Apesar do Estado do Piau\u00ed possuir uma Secretaria Estadual para inclus\u00e3o da pessoa com defici\u00eancia, a defici\u00eancia psicossocial n\u00e3o era inclu\u00edda nas a\u00e7\u00f5es dessa secretaria e n\u00e3o havia um entendimento do termo defici\u00eancia psicossocial, sendo assim negado a estas pessoas os direitos aos passes livre, passe cultura e a inclus\u00e3o no mercado de trabalho, atrav\u00e9s das cotas. <\/p>\n\n\n\n<p>Havia um grande n\u00famero de vagas existentes para inclus\u00e3o dos PCD no mercado de trabalho no Estado do Piau\u00ed, por\u00e9m n\u00e3o havia um cadastro de pessoas com defici\u00eancia psicossocial. Algumas visitas foram feitas para o entendimento melhor dessa nova nomenclatura, assim como discutido sobre a diferencia\u00e7\u00e3o entre defici\u00eancia mental e intelectual ainda presente como d\u00favida para muitas pessoas. O primeiro passo foi a cria\u00e7\u00e3o do Grupo de Trabalho e Renda (GTR) formado por dois profissionais de cada CAPS que se reuniam mensalmente para estudar, planejar e executar a\u00e7\u00f5es que impulsionasse a reabilita\u00e7\u00e3o psicossocial dos usu\u00e1rios dos CAPS de Teresina, pela via do trabalho e de atividades geradoras de renda. <\/p>\n\n\n\n<p>O GTR criou tr\u00eas linhas de trabalho, sendo elas: inclus\u00e3o no mercado de trabalho formal, inclus\u00e3o no mercado informal e comercializa\u00e7\u00e3o dos produtos. A principal mudan\u00e7a com essa experi\u00eancia foi o aumento de inclus\u00e3o de usu\u00e1rios no mercado de trabalho, a amplia\u00e7\u00e3o das institui\u00e7\u00f5es parceiras e a diminui\u00e7\u00e3o do preconceito com essas pessoas.<\/p>\n\n\n<p><!--video--><!--\/video--><\/p>\n\n\n<div class=\"wp-block-group dynamic-field-wrapper is-layout-constrained wp-block-group-is-layout-constrained\">\n<h5 class=\"wp-block-heading has-medium-font-size dynamic-field-wrapper-title\">Imagens <\/h5>\n\n\n\n<figure class=\"wp-block-gallery has-nested-images columns-4 is-cropped wp-block-gallery-1 is-layout-flex wp-block-gallery-is-layout-flex\">\n<figure class=\"wp-block-image size-thumbnail\"><a href=\"https:\/\/brasilia.fiocruz.br\/nosnarede\/wp-content\/uploads\/sites\/10\/2025\/01\/cartaz-grupo-2-scaled.jpg\"><img decoding=\"async\" width=\"150\" height=\"150\" data-id=\"1531\" data-src=\"https:\/\/brasilia.fiocruz.br\/nosnarede\/wp-content\/uploads\/sites\/10\/2025\/01\/cartaz-grupo-2-150x150.jpg\" alt=\"\" class=\"wp-image-1531 lazyload\" data-srcset=\"https:\/\/brasilia.fiocruz.br\/nosnarede\/wp-content\/uploads\/sites\/10\/2025\/01\/cartaz-grupo-2-150x150.jpg 150w, https:\/\/brasilia.fiocruz.br\/nosnarede\/wp-content\/uploads\/sites\/10\/2025\/01\/cartaz-grupo-2-120x120.jpg 120w\" data-sizes=\"(max-width: 150px) 100vw, 150px\" src=\"data:image\/svg+xml;base64,PHN2ZyB3aWR0aD0iMSIgaGVpZ2h0PSIxIiB4bWxucz0iaHR0cDovL3d3dy53My5vcmcvMjAwMC9zdmciPjwvc3ZnPg==\" style=\"--smush-placeholder-width: 150px; --smush-placeholder-aspect-ratio: 150\/150;\" \/><\/a><\/figure>\n\n\n\n<figure class=\"wp-block-image size-thumbnail\"><a href=\"https:\/\/brasilia.fiocruz.br\/nosnarede\/wp-content\/uploads\/sites\/10\/2025\/01\/cinema-filme-com-tema-trabalho.jpg\"><img decoding=\"async\" width=\"150\" height=\"150\" data-id=\"1532\" data-src=\"https:\/\/brasilia.fiocruz.br\/nosnarede\/wp-content\/uploads\/sites\/10\/2025\/01\/cinema-filme-com-tema-trabalho-150x150.jpg\" alt=\"\" class=\"wp-image-1532 lazyload\" data-srcset=\"https:\/\/brasilia.fiocruz.br\/nosnarede\/wp-content\/uploads\/sites\/10\/2025\/01\/cinema-filme-com-tema-trabalho-150x150.jpg 150w, https:\/\/brasilia.fiocruz.br\/nosnarede\/wp-content\/uploads\/sites\/10\/2025\/01\/cinema-filme-com-tema-trabalho-120x120.jpg 120w\" data-sizes=\"(max-width: 150px) 100vw, 150px\" src=\"data:image\/svg+xml;base64,PHN2ZyB3aWR0aD0iMSIgaGVpZ2h0PSIxIiB4bWxucz0iaHR0cDovL3d3dy53My5vcmcvMjAwMC9zdmciPjwvc3ZnPg==\" style=\"--smush-placeholder-width: 150px; --smush-placeholder-aspect-ratio: 150\/150;\" \/><\/a><\/figure>\n\n\n\n<figure class=\"wp-block-image size-thumbnail\"><a href=\"https:\/\/brasilia.fiocruz.br\/nosnarede\/wp-content\/uploads\/sites\/10\/2025\/01\/demes-no-trabalho-scaled.jpg\"><img decoding=\"async\" width=\"150\" height=\"150\" data-id=\"1533\" data-src=\"https:\/\/brasilia.fiocruz.br\/nosnarede\/wp-content\/uploads\/sites\/10\/2025\/01\/demes-no-trabalho-150x150.jpg\" alt=\"\" class=\"wp-image-1533 lazyload\" data-srcset=\"https:\/\/brasilia.fiocruz.br\/nosnarede\/wp-content\/uploads\/sites\/10\/2025\/01\/demes-no-trabalho-150x150.jpg 150w, https:\/\/brasilia.fiocruz.br\/nosnarede\/wp-content\/uploads\/sites\/10\/2025\/01\/demes-no-trabalho-120x120.jpg 120w\" data-sizes=\"(max-width: 150px) 100vw, 150px\" src=\"data:image\/svg+xml;base64,PHN2ZyB3aWR0aD0iMSIgaGVpZ2h0PSIxIiB4bWxucz0iaHR0cDovL3d3dy53My5vcmcvMjAwMC9zdmciPjwvc3ZnPg==\" style=\"--smush-placeholder-width: 150px; --smush-placeholder-aspect-ratio: 150\/150;\" \/><\/a><\/figure>\n\n\n\n<figure class=\"wp-block-image size-thumbnail\"><a href=\"https:\/\/brasilia.fiocruz.br\/nosnarede\/wp-content\/uploads\/sites\/10\/2025\/01\/dinamica-com-usuarios.jpg\"><img decoding=\"async\" width=\"150\" height=\"150\" data-id=\"1534\" data-src=\"https:\/\/brasilia.fiocruz.br\/nosnarede\/wp-content\/uploads\/sites\/10\/2025\/01\/dinamica-com-usuarios-150x150.jpg\" alt=\"\" class=\"wp-image-1534 lazyload\" data-srcset=\"https:\/\/brasilia.fiocruz.br\/nosnarede\/wp-content\/uploads\/sites\/10\/2025\/01\/dinamica-com-usuarios-150x150.jpg 150w, https:\/\/brasilia.fiocruz.br\/nosnarede\/wp-content\/uploads\/sites\/10\/2025\/01\/dinamica-com-usuarios-120x120.jpg 120w\" data-sizes=\"(max-width: 150px) 100vw, 150px\" src=\"data:image\/svg+xml;base64,PHN2ZyB3aWR0aD0iMSIgaGVpZ2h0PSIxIiB4bWxucz0iaHR0cDovL3d3dy53My5vcmcvMjAwMC9zdmciPjwvc3ZnPg==\" style=\"--smush-placeholder-width: 150px; --smush-placeholder-aspect-ratio: 150\/150;\" \/><\/a><\/figure>\n\n\n\n<figure class=\"wp-block-image size-thumbnail\"><a href=\"https:\/\/brasilia.fiocruz.br\/nosnarede\/wp-content\/uploads\/sites\/10\/2025\/01\/ginastica-2-scaled.jpg\"><img decoding=\"async\" width=\"150\" height=\"150\" data-id=\"1535\" data-src=\"https:\/\/brasilia.fiocruz.br\/nosnarede\/wp-content\/uploads\/sites\/10\/2025\/01\/ginastica-2-150x150.jpg\" alt=\"\" class=\"wp-image-1535 lazyload\" data-srcset=\"https:\/\/brasilia.fiocruz.br\/nosnarede\/wp-content\/uploads\/sites\/10\/2025\/01\/ginastica-2-150x150.jpg 150w, https:\/\/brasilia.fiocruz.br\/nosnarede\/wp-content\/uploads\/sites\/10\/2025\/01\/ginastica-2-120x120.jpg 120w\" data-sizes=\"(max-width: 150px) 100vw, 150px\" src=\"data:image\/svg+xml;base64,PHN2ZyB3aWR0aD0iMSIgaGVpZ2h0PSIxIiB4bWxucz0iaHR0cDovL3d3dy53My5vcmcvMjAwMC9zdmciPjwvc3ZnPg==\" style=\"--smush-placeholder-width: 150px; --smush-placeholder-aspect-ratio: 150\/150;\" \/><\/a><\/figure>\n\n\n\n<figure class=\"wp-block-image size-thumbnail\"><a href=\"https:\/\/brasilia.fiocruz.br\/nosnarede\/wp-content\/uploads\/sites\/10\/2025\/01\/ginastica-laboral-com-os-usuarios-trabalhadores-scaled.jpg\"><img decoding=\"async\" width=\"150\" height=\"150\" data-id=\"1536\" data-src=\"https:\/\/brasilia.fiocruz.br\/nosnarede\/wp-content\/uploads\/sites\/10\/2025\/01\/ginastica-laboral-com-os-usuarios-trabalhadores-150x150.jpg\" alt=\"\" class=\"wp-image-1536 lazyload\" data-srcset=\"https:\/\/brasilia.fiocruz.br\/nosnarede\/wp-content\/uploads\/sites\/10\/2025\/01\/ginastica-laboral-com-os-usuarios-trabalhadores-150x150.jpg 150w, https:\/\/brasilia.fiocruz.br\/nosnarede\/wp-content\/uploads\/sites\/10\/2025\/01\/ginastica-laboral-com-os-usuarios-trabalhadores-120x120.jpg 120w\" data-sizes=\"(max-width: 150px) 100vw, 150px\" src=\"data:image\/svg+xml;base64,PHN2ZyB3aWR0aD0iMSIgaGVpZ2h0PSIxIiB4bWxucz0iaHR0cDovL3d3dy53My5vcmcvMjAwMC9zdmciPjwvc3ZnPg==\" style=\"--smush-placeholder-width: 150px; --smush-placeholder-aspect-ratio: 150\/150;\" \/><\/a><\/figure>\n\n\n\n<figure class=\"wp-block-image size-thumbnail\"><a href=\"https:\/\/brasilia.fiocruz.br\/nosnarede\/wp-content\/uploads\/sites\/10\/2025\/01\/grupo-2.jpg\"><img decoding=\"async\" width=\"150\" height=\"150\" data-id=\"1537\" data-src=\"https:\/\/brasilia.fiocruz.br\/nosnarede\/wp-content\/uploads\/sites\/10\/2025\/01\/grupo-2-150x150.jpg\" alt=\"\" class=\"wp-image-1537 lazyload\" data-srcset=\"https:\/\/brasilia.fiocruz.br\/nosnarede\/wp-content\/uploads\/sites\/10\/2025\/01\/grupo-2-150x150.jpg 150w, https:\/\/brasilia.fiocruz.br\/nosnarede\/wp-content\/uploads\/sites\/10\/2025\/01\/grupo-2-120x120.jpg 120w\" data-sizes=\"(max-width: 150px) 100vw, 150px\" src=\"data:image\/svg+xml;base64,PHN2ZyB3aWR0aD0iMSIgaGVpZ2h0PSIxIiB4bWxucz0iaHR0cDovL3d3dy53My5vcmcvMjAwMC9zdmciPjwvc3ZnPg==\" style=\"--smush-placeholder-width: 150px; --smush-placeholder-aspect-ratio: 150\/150;\" \/><\/a><\/figure>\n\n\n\n<figure class=\"wp-block-image size-thumbnail\"><a href=\"https:\/\/brasilia.fiocruz.br\/nosnarede\/wp-content\/uploads\/sites\/10\/2025\/01\/grupo-com-usuarios-que-trabalham-scaled.jpg\"><img decoding=\"async\" width=\"150\" height=\"150\" data-id=\"1538\" data-src=\"https:\/\/brasilia.fiocruz.br\/nosnarede\/wp-content\/uploads\/sites\/10\/2025\/01\/grupo-com-usuarios-que-trabalham-150x150.jpg\" alt=\"\" class=\"wp-image-1538 lazyload\" data-srcset=\"https:\/\/brasilia.fiocruz.br\/nosnarede\/wp-content\/uploads\/sites\/10\/2025\/01\/grupo-com-usuarios-que-trabalham-150x150.jpg 150w, https:\/\/brasilia.fiocruz.br\/nosnarede\/wp-content\/uploads\/sites\/10\/2025\/01\/grupo-com-usuarios-que-trabalham-120x120.jpg 120w\" data-sizes=\"(max-width: 150px) 100vw, 150px\" src=\"data:image\/svg+xml;base64,PHN2ZyB3aWR0aD0iMSIgaGVpZ2h0PSIxIiB4bWxucz0iaHR0cDovL3d3dy53My5vcmcvMjAwMC9zdmciPjwvc3ZnPg==\" style=\"--smush-placeholder-width: 150px; --smush-placeholder-aspect-ratio: 150\/150;\" \/><\/a><\/figure>\n\n\n\n<figure class=\"wp-block-image size-thumbnail\"><a href=\"https:\/\/brasilia.fiocruz.br\/nosnarede\/wp-content\/uploads\/sites\/10\/2025\/01\/grupo-de-inclusao-no-mercado-de-trabalho.jpg\"><img decoding=\"async\" width=\"150\" height=\"150\" data-id=\"1539\" data-src=\"https:\/\/brasilia.fiocruz.br\/nosnarede\/wp-content\/uploads\/sites\/10\/2025\/01\/grupo-de-inclusao-no-mercado-de-trabalho-150x150.jpg\" alt=\"\" class=\"wp-image-1539 lazyload\" data-srcset=\"https:\/\/brasilia.fiocruz.br\/nosnarede\/wp-content\/uploads\/sites\/10\/2025\/01\/grupo-de-inclusao-no-mercado-de-trabalho-150x150.jpg 150w, https:\/\/brasilia.fiocruz.br\/nosnarede\/wp-content\/uploads\/sites\/10\/2025\/01\/grupo-de-inclusao-no-mercado-de-trabalho-120x120.jpg 120w\" data-sizes=\"(max-width: 150px) 100vw, 150px\" src=\"data:image\/svg+xml;base64,PHN2ZyB3aWR0aD0iMSIgaGVpZ2h0PSIxIiB4bWxucz0iaHR0cDovL3d3dy53My5vcmcvMjAwMC9zdmciPjwvc3ZnPg==\" style=\"--smush-placeholder-width: 150px; --smush-placeholder-aspect-ratio: 150\/150;\" \/><\/a><\/figure>\n\n\n\n<figure class=\"wp-block-image size-thumbnail\"><a href=\"https:\/\/brasilia.fiocruz.br\/nosnarede\/wp-content\/uploads\/sites\/10\/2025\/01\/grupo-de-integracao.jpg\"><img decoding=\"async\" width=\"150\" height=\"150\" data-id=\"1540\" data-src=\"https:\/\/brasilia.fiocruz.br\/nosnarede\/wp-content\/uploads\/sites\/10\/2025\/01\/grupo-de-integracao-150x150.jpg\" alt=\"\" class=\"wp-image-1540 lazyload\" data-srcset=\"https:\/\/brasilia.fiocruz.br\/nosnarede\/wp-content\/uploads\/sites\/10\/2025\/01\/grupo-de-integracao-150x150.jpg 150w, https:\/\/brasilia.fiocruz.br\/nosnarede\/wp-content\/uploads\/sites\/10\/2025\/01\/grupo-de-integracao-120x120.jpg 120w\" data-sizes=\"(max-width: 150px) 100vw, 150px\" src=\"data:image\/svg+xml;base64,PHN2ZyB3aWR0aD0iMSIgaGVpZ2h0PSIxIiB4bWxucz0iaHR0cDovL3d3dy53My5vcmcvMjAwMC9zdmciPjwvc3ZnPg==\" style=\"--smush-placeholder-width: 150px; --smush-placeholder-aspect-ratio: 150\/150;\" \/><\/a><\/figure>\n\n\n\n<figure class=\"wp-block-image size-thumbnail\"><a href=\"https:\/\/brasilia.fiocruz.br\/nosnarede\/wp-content\/uploads\/sites\/10\/2025\/01\/grupo-familia.jpg\"><img decoding=\"async\" width=\"150\" height=\"150\" data-id=\"1541\" data-src=\"https:\/\/brasilia.fiocruz.br\/nosnarede\/wp-content\/uploads\/sites\/10\/2025\/01\/grupo-familia-150x150.jpg\" alt=\"\" class=\"wp-image-1541 lazyload\" data-srcset=\"https:\/\/brasilia.fiocruz.br\/nosnarede\/wp-content\/uploads\/sites\/10\/2025\/01\/grupo-familia-150x150.jpg 150w, https:\/\/brasilia.fiocruz.br\/nosnarede\/wp-content\/uploads\/sites\/10\/2025\/01\/grupo-familia-120x120.jpg 120w\" data-sizes=\"(max-width: 150px) 100vw, 150px\" src=\"data:image\/svg+xml;base64,PHN2ZyB3aWR0aD0iMSIgaGVpZ2h0PSIxIiB4bWxucz0iaHR0cDovL3d3dy53My5vcmcvMjAwMC9zdmciPjwvc3ZnPg==\" style=\"--smush-placeholder-width: 150px; --smush-placeholder-aspect-ratio: 150\/150;\" \/><\/a><\/figure>\n\n\n\n<figure class=\"wp-block-image size-thumbnail\"><a href=\"https:\/\/brasilia.fiocruz.br\/nosnarede\/wp-content\/uploads\/sites\/10\/2025\/01\/grupo.jpg\"><img decoding=\"async\" width=\"150\" height=\"150\" data-id=\"1542\" data-src=\"https:\/\/brasilia.fiocruz.br\/nosnarede\/wp-content\/uploads\/sites\/10\/2025\/01\/grupo-150x150.jpg\" alt=\"\" class=\"wp-image-1542 lazyload\" data-srcset=\"https:\/\/brasilia.fiocruz.br\/nosnarede\/wp-content\/uploads\/sites\/10\/2025\/01\/grupo-150x150.jpg 150w, https:\/\/brasilia.fiocruz.br\/nosnarede\/wp-content\/uploads\/sites\/10\/2025\/01\/grupo-120x120.jpg 120w\" data-sizes=\"(max-width: 150px) 100vw, 150px\" src=\"data:image\/svg+xml;base64,PHN2ZyB3aWR0aD0iMSIgaGVpZ2h0PSIxIiB4bWxucz0iaHR0cDovL3d3dy53My5vcmcvMjAwMC9zdmciPjwvc3ZnPg==\" style=\"--smush-placeholder-width: 150px; --smush-placeholder-aspect-ratio: 150\/150;\" \/><\/a><\/figure>\n\n\n\n<figure class=\"wp-block-image size-thumbnail\"><a href=\"https:\/\/brasilia.fiocruz.br\/nosnarede\/wp-content\/uploads\/sites\/10\/2025\/01\/jose-aprendiz-scaled.jpg\"><img decoding=\"async\" width=\"150\" height=\"150\" data-id=\"1543\" data-src=\"https:\/\/brasilia.fiocruz.br\/nosnarede\/wp-content\/uploads\/sites\/10\/2025\/01\/jose-aprendiz-150x150.jpg\" alt=\"\" class=\"wp-image-1543 lazyload\" data-srcset=\"https:\/\/brasilia.fiocruz.br\/nosnarede\/wp-content\/uploads\/sites\/10\/2025\/01\/jose-aprendiz-150x150.jpg 150w, https:\/\/brasilia.fiocruz.br\/nosnarede\/wp-content\/uploads\/sites\/10\/2025\/01\/jose-aprendiz-120x120.jpg 120w\" data-sizes=\"(max-width: 150px) 100vw, 150px\" src=\"data:image\/svg+xml;base64,PHN2ZyB3aWR0aD0iMSIgaGVpZ2h0PSIxIiB4bWxucz0iaHR0cDovL3d3dy53My5vcmcvMjAwMC9zdmciPjwvc3ZnPg==\" style=\"--smush-placeholder-width: 150px; --smush-placeholder-aspect-ratio: 150\/150;\" \/><\/a><\/figure>\n\n\n\n<figure class=\"wp-block-image size-thumbnail\"><a href=\"https:\/\/brasilia.fiocruz.br\/nosnarede\/wp-content\/uploads\/sites\/10\/2025\/01\/logo-dogrupo.jpg\"><img decoding=\"async\" width=\"150\" height=\"150\" data-id=\"1544\" data-src=\"https:\/\/brasilia.fiocruz.br\/nosnarede\/wp-content\/uploads\/sites\/10\/2025\/01\/logo-dogrupo-150x150.jpg\" alt=\"\" class=\"wp-image-1544 lazyload\" data-srcset=\"https:\/\/brasilia.fiocruz.br\/nosnarede\/wp-content\/uploads\/sites\/10\/2025\/01\/logo-dogrupo-150x150.jpg 150w, https:\/\/brasilia.fiocruz.br\/nosnarede\/wp-content\/uploads\/sites\/10\/2025\/01\/logo-dogrupo-120x120.jpg 120w\" data-sizes=\"(max-width: 150px) 100vw, 150px\" src=\"data:image\/svg+xml;base64,PHN2ZyB3aWR0aD0iMSIgaGVpZ2h0PSIxIiB4bWxucz0iaHR0cDovL3d3dy53My5vcmcvMjAwMC9zdmciPjwvc3ZnPg==\" style=\"--smush-placeholder-width: 150px; --smush-placeholder-aspect-ratio: 150\/150;\" \/><\/a><\/figure>\n\n\n\n<figure class=\"wp-block-image size-thumbnail\"><a href=\"https:\/\/brasilia.fiocruz.br\/nosnarede\/wp-content\/uploads\/sites\/10\/2025\/01\/mae-de-usuario-no-grupo.jpg\"><img decoding=\"async\" width=\"150\" height=\"150\" data-id=\"1545\" data-src=\"https:\/\/brasilia.fiocruz.br\/nosnarede\/wp-content\/uploads\/sites\/10\/2025\/01\/mae-de-usuario-no-grupo-150x150.jpg\" alt=\"\" class=\"wp-image-1545 lazyload\" data-srcset=\"https:\/\/brasilia.fiocruz.br\/nosnarede\/wp-content\/uploads\/sites\/10\/2025\/01\/mae-de-usuario-no-grupo-150x150.jpg 150w, https:\/\/brasilia.fiocruz.br\/nosnarede\/wp-content\/uploads\/sites\/10\/2025\/01\/mae-de-usuario-no-grupo-120x120.jpg 120w\" data-sizes=\"(max-width: 150px) 100vw, 150px\" src=\"data:image\/svg+xml;base64,PHN2ZyB3aWR0aD0iMSIgaGVpZ2h0PSIxIiB4bWxucz0iaHR0cDovL3d3dy53My5vcmcvMjAwMC9zdmciPjwvc3ZnPg==\" style=\"--smush-placeholder-width: 150px; --smush-placeholder-aspect-ratio: 150\/150;\" \/><\/a><\/figure>\n\n\n\n<figure class=\"wp-block-image size-thumbnail\"><a href=\"https:\/\/brasilia.fiocruz.br\/nosnarede\/wp-content\/uploads\/sites\/10\/2025\/01\/natanael-aprendiz-scaled.jpg\"><img decoding=\"async\" width=\"150\" height=\"150\" data-id=\"1546\" data-src=\"https:\/\/brasilia.fiocruz.br\/nosnarede\/wp-content\/uploads\/sites\/10\/2025\/01\/natanael-aprendiz-150x150.jpg\" alt=\"\" class=\"wp-image-1546 lazyload\" data-srcset=\"https:\/\/brasilia.fiocruz.br\/nosnarede\/wp-content\/uploads\/sites\/10\/2025\/01\/natanael-aprendiz-150x150.jpg 150w, https:\/\/brasilia.fiocruz.br\/nosnarede\/wp-content\/uploads\/sites\/10\/2025\/01\/natanael-aprendiz-120x120.jpg 120w\" data-sizes=\"(max-width: 150px) 100vw, 150px\" src=\"data:image\/svg+xml;base64,PHN2ZyB3aWR0aD0iMSIgaGVpZ2h0PSIxIiB4bWxucz0iaHR0cDovL3d3dy53My5vcmcvMjAwMC9zdmciPjwvc3ZnPg==\" style=\"--smush-placeholder-width: 150px; --smush-placeholder-aspect-ratio: 150\/150;\" \/><\/a><\/figure>\n\n\n\n<figure class=\"wp-block-image size-thumbnail\"><a href=\"https:\/\/brasilia.fiocruz.br\/nosnarede\/wp-content\/uploads\/sites\/10\/2025\/01\/rafael-aprendiz-scaled.jpg\"><img decoding=\"async\" width=\"150\" height=\"150\" data-id=\"1547\" data-src=\"https:\/\/brasilia.fiocruz.br\/nosnarede\/wp-content\/uploads\/sites\/10\/2025\/01\/rafael-aprendiz-150x150.jpg\" alt=\"\" class=\"wp-image-1547 lazyload\" data-srcset=\"https:\/\/brasilia.fiocruz.br\/nosnarede\/wp-content\/uploads\/sites\/10\/2025\/01\/rafael-aprendiz-150x150.jpg 150w, https:\/\/brasilia.fiocruz.br\/nosnarede\/wp-content\/uploads\/sites\/10\/2025\/01\/rafael-aprendiz-120x120.jpg 120w\" data-sizes=\"(max-width: 150px) 100vw, 150px\" src=\"data:image\/svg+xml;base64,PHN2ZyB3aWR0aD0iMSIgaGVpZ2h0PSIxIiB4bWxucz0iaHR0cDovL3d3dy53My5vcmcvMjAwMC9zdmciPjwvc3ZnPg==\" style=\"--smush-placeholder-width: 150px; --smush-placeholder-aspect-ratio: 150\/150;\" \/><\/a><\/figure>\n\n\n\n<figure class=\"wp-block-image size-thumbnail\"><a href=\"https:\/\/brasilia.fiocruz.br\/nosnarede\/wp-content\/uploads\/sites\/10\/2025\/01\/reuniao-da-equipe-no-caps-na-empresa-que-incluiu-6-usuarios.jpg\"><img decoding=\"async\" width=\"150\" height=\"150\" data-id=\"1548\" data-src=\"https:\/\/brasilia.fiocruz.br\/nosnarede\/wp-content\/uploads\/sites\/10\/2025\/01\/reuniao-da-equipe-no-caps-na-empresa-que-incluiu-6-usuarios-150x150.jpg\" alt=\"\" class=\"wp-image-1548 lazyload\" data-srcset=\"https:\/\/brasilia.fiocruz.br\/nosnarede\/wp-content\/uploads\/sites\/10\/2025\/01\/reuniao-da-equipe-no-caps-na-empresa-que-incluiu-6-usuarios-150x150.jpg 150w, https:\/\/brasilia.fiocruz.br\/nosnarede\/wp-content\/uploads\/sites\/10\/2025\/01\/reuniao-da-equipe-no-caps-na-empresa-que-incluiu-6-usuarios-120x120.jpg 120w\" data-sizes=\"(max-width: 150px) 100vw, 150px\" src=\"data:image\/svg+xml;base64,PHN2ZyB3aWR0aD0iMSIgaGVpZ2h0PSIxIiB4bWxucz0iaHR0cDovL3d3dy53My5vcmcvMjAwMC9zdmciPjwvc3ZnPg==\" style=\"--smush-placeholder-width: 150px; --smush-placeholder-aspect-ratio: 150\/150;\" \/><\/a><\/figure>\n\n\n\n<figure class=\"wp-block-image size-thumbnail\"><a href=\"https:\/\/brasilia.fiocruz.br\/nosnarede\/wp-content\/uploads\/sites\/10\/2025\/01\/reuniao-familia-2.jpg\"><img decoding=\"async\" width=\"150\" height=\"150\" data-id=\"1549\" data-src=\"https:\/\/brasilia.fiocruz.br\/nosnarede\/wp-content\/uploads\/sites\/10\/2025\/01\/reuniao-familia-2-150x150.jpg\" alt=\"\" class=\"wp-image-1549 lazyload\" data-srcset=\"https:\/\/brasilia.fiocruz.br\/nosnarede\/wp-content\/uploads\/sites\/10\/2025\/01\/reuniao-familia-2-150x150.jpg 150w, https:\/\/brasilia.fiocruz.br\/nosnarede\/wp-content\/uploads\/sites\/10\/2025\/01\/reuniao-familia-2-120x120.jpg 120w\" data-sizes=\"(max-width: 150px) 100vw, 150px\" src=\"data:image\/svg+xml;base64,PHN2ZyB3aWR0aD0iMSIgaGVpZ2h0PSIxIiB4bWxucz0iaHR0cDovL3d3dy53My5vcmcvMjAwMC9zdmciPjwvc3ZnPg==\" style=\"--smush-placeholder-width: 150px; --smush-placeholder-aspect-ratio: 150\/150;\" \/><\/a><\/figure>\n\n\n\n<figure class=\"wp-block-image size-thumbnail\"><a href=\"https:\/\/brasilia.fiocruz.br\/nosnarede\/wp-content\/uploads\/sites\/10\/2025\/01\/reuniao-familia.jpg\"><img decoding=\"async\" width=\"150\" height=\"150\" data-id=\"1550\" data-src=\"https:\/\/brasilia.fiocruz.br\/nosnarede\/wp-content\/uploads\/sites\/10\/2025\/01\/reuniao-familia-150x150.jpg\" alt=\"\" class=\"wp-image-1550 lazyload\" data-srcset=\"https:\/\/brasilia.fiocruz.br\/nosnarede\/wp-content\/uploads\/sites\/10\/2025\/01\/reuniao-familia-150x150.jpg 150w, https:\/\/brasilia.fiocruz.br\/nosnarede\/wp-content\/uploads\/sites\/10\/2025\/01\/reuniao-familia-120x120.jpg 120w\" data-sizes=\"(max-width: 150px) 100vw, 150px\" src=\"data:image\/svg+xml;base64,PHN2ZyB3aWR0aD0iMSIgaGVpZ2h0PSIxIiB4bWxucz0iaHR0cDovL3d3dy53My5vcmcvMjAwMC9zdmciPjwvc3ZnPg==\" style=\"--smush-placeholder-width: 150px; --smush-placeholder-aspect-ratio: 150\/150;\" \/><\/a><\/figure>\n\n\n\n<figure class=\"wp-block-image size-thumbnail\"><a href=\"https:\/\/brasilia.fiocruz.br\/nosnarede\/wp-content\/uploads\/sites\/10\/2025\/01\/rodrigo-no-trabalho-scaled.jpg\"><img decoding=\"async\" width=\"150\" height=\"150\" data-id=\"1551\" data-src=\"https:\/\/brasilia.fiocruz.br\/nosnarede\/wp-content\/uploads\/sites\/10\/2025\/01\/rodrigo-no-trabalho-150x150.jpg\" alt=\"\" class=\"wp-image-1551 lazyload\" data-srcset=\"https:\/\/brasilia.fiocruz.br\/nosnarede\/wp-content\/uploads\/sites\/10\/2025\/01\/rodrigo-no-trabalho-150x150.jpg 150w, https:\/\/brasilia.fiocruz.br\/nosnarede\/wp-content\/uploads\/sites\/10\/2025\/01\/rodrigo-no-trabalho-120x120.jpg 120w\" data-sizes=\"(max-width: 150px) 100vw, 150px\" src=\"data:image\/svg+xml;base64,PHN2ZyB3aWR0aD0iMSIgaGVpZ2h0PSIxIiB4bWxucz0iaHR0cDovL3d3dy53My5vcmcvMjAwMC9zdmciPjwvc3ZnPg==\" style=\"--smush-placeholder-width: 150px; --smush-placeholder-aspect-ratio: 150\/150;\" \/><\/a><\/figure>\n\n\n\n<figure class=\"wp-block-image size-thumbnail\"><a href=\"https:\/\/brasilia.fiocruz.br\/nosnarede\/wp-content\/uploads\/sites\/10\/2025\/01\/sandro-incluido-no-projeto-aprendiz-scaled.jpg\"><img decoding=\"async\" width=\"150\" height=\"150\" data-id=\"1552\" data-src=\"https:\/\/brasilia.fiocruz.br\/nosnarede\/wp-content\/uploads\/sites\/10\/2025\/01\/sandro-incluido-no-projeto-aprendiz-150x150.jpg\" alt=\"\" class=\"wp-image-1552 lazyload\" data-srcset=\"https:\/\/brasilia.fiocruz.br\/nosnarede\/wp-content\/uploads\/sites\/10\/2025\/01\/sandro-incluido-no-projeto-aprendiz-150x150.jpg 150w, https:\/\/brasilia.fiocruz.br\/nosnarede\/wp-content\/uploads\/sites\/10\/2025\/01\/sandro-incluido-no-projeto-aprendiz-120x120.jpg 120w\" data-sizes=\"(max-width: 150px) 100vw, 150px\" src=\"data:image\/svg+xml;base64,PHN2ZyB3aWR0aD0iMSIgaGVpZ2h0PSIxIiB4bWxucz0iaHR0cDovL3d3dy53My5vcmcvMjAwMC9zdmciPjwvc3ZnPg==\" style=\"--smush-placeholder-width: 150px; --smush-placeholder-aspect-ratio: 150\/150;\" \/><\/a><\/figure>\n\n\n\n<figure class=\"wp-block-image size-thumbnail\"><a href=\"https:\/\/brasilia.fiocruz.br\/nosnarede\/wp-content\/uploads\/sites\/10\/2025\/01\/trabalho-de-grupo-com-usuarios-inseridos-no-mercado-de-trabalho-scaled.jpg\"><img decoding=\"async\" width=\"150\" height=\"150\" data-id=\"1553\" data-src=\"https:\/\/brasilia.fiocruz.br\/nosnarede\/wp-content\/uploads\/sites\/10\/2025\/01\/trabalho-de-grupo-com-usuarios-inseridos-no-mercado-de-trabalho-150x150.jpg\" alt=\"\" class=\"wp-image-1553 lazyload\" data-srcset=\"https:\/\/brasilia.fiocruz.br\/nosnarede\/wp-content\/uploads\/sites\/10\/2025\/01\/trabalho-de-grupo-com-usuarios-inseridos-no-mercado-de-trabalho-150x150.jpg 150w, https:\/\/brasilia.fiocruz.br\/nosnarede\/wp-content\/uploads\/sites\/10\/2025\/01\/trabalho-de-grupo-com-usuarios-inseridos-no-mercado-de-trabalho-120x120.jpg 120w\" data-sizes=\"(max-width: 150px) 100vw, 150px\" src=\"data:image\/svg+xml;base64,PHN2ZyB3aWR0aD0iMSIgaGVpZ2h0PSIxIiB4bWxucz0iaHR0cDovL3d3dy53My5vcmcvMjAwMC9zdmciPjwvc3ZnPg==\" style=\"--smush-placeholder-width: 150px; --smush-placeholder-aspect-ratio: 150\/150;\" \/><\/a><\/figure>\n\n\n\n<figure class=\"wp-block-image size-thumbnail\"><a href=\"https:\/\/brasilia.fiocruz.br\/nosnarede\/wp-content\/uploads\/sites\/10\/2025\/01\/trabalho-grupo-scaled.jpg\"><img decoding=\"async\" width=\"150\" height=\"150\" data-id=\"1554\" data-src=\"https:\/\/brasilia.fiocruz.br\/nosnarede\/wp-content\/uploads\/sites\/10\/2025\/01\/trabalho-grupo-150x150.jpg\" alt=\"\" class=\"wp-image-1554 lazyload\" data-srcset=\"https:\/\/brasilia.fiocruz.br\/nosnarede\/wp-content\/uploads\/sites\/10\/2025\/01\/trabalho-grupo-150x150.jpg 150w, https:\/\/brasilia.fiocruz.br\/nosnarede\/wp-content\/uploads\/sites\/10\/2025\/01\/trabalho-grupo-120x120.jpg 120w\" data-sizes=\"(max-width: 150px) 100vw, 150px\" src=\"data:image\/svg+xml;base64,PHN2ZyB3aWR0aD0iMSIgaGVpZ2h0PSIxIiB4bWxucz0iaHR0cDovL3d3dy53My5vcmcvMjAwMC9zdmciPjwvc3ZnPg==\" style=\"--smush-placeholder-width: 150px; --smush-placeholder-aspect-ratio: 150\/150;\" \/><\/a><\/figure>\n\n\n\n<figure class=\"wp-block-image size-thumbnail\"><a href=\"https:\/\/brasilia.fiocruz.br\/nosnarede\/wp-content\/uploads\/sites\/10\/2025\/01\/usuario-marcos-no-trabalho-scaled.jpg\"><img decoding=\"async\" width=\"150\" height=\"150\" data-id=\"1555\" data-src=\"https:\/\/brasilia.fiocruz.br\/nosnarede\/wp-content\/uploads\/sites\/10\/2025\/01\/usuario-marcos-no-trabalho-150x150.jpg\" alt=\"\" class=\"wp-image-1555 lazyload\" data-srcset=\"https:\/\/brasilia.fiocruz.br\/nosnarede\/wp-content\/uploads\/sites\/10\/2025\/01\/usuario-marcos-no-trabalho-150x150.jpg 150w, https:\/\/brasilia.fiocruz.br\/nosnarede\/wp-content\/uploads\/sites\/10\/2025\/01\/usuario-marcos-no-trabalho-120x120.jpg 120w\" data-sizes=\"(max-width: 150px) 100vw, 150px\" src=\"data:image\/svg+xml;base64,PHN2ZyB3aWR0aD0iMSIgaGVpZ2h0PSIxIiB4bWxucz0iaHR0cDovL3d3dy53My5vcmcvMjAwMC9zdmciPjwvc3ZnPg==\" style=\"--smush-placeholder-width: 150px; --smush-placeholder-aspect-ratio: 150\/150;\" \/><\/a><\/figure>\n\n\n\n<figure class=\"wp-block-image size-thumbnail\"><a href=\"https:\/\/brasilia.fiocruz.br\/nosnarede\/wp-content\/uploads\/sites\/10\/2025\/01\/usuaria-no-trabalho.jpg\"><img decoding=\"async\" width=\"150\" height=\"150\" data-id=\"1556\" data-src=\"https:\/\/brasilia.fiocruz.br\/nosnarede\/wp-content\/uploads\/sites\/10\/2025\/01\/usuaria-no-trabalho-150x150.jpg\" alt=\"\" class=\"wp-image-1556 lazyload\" data-srcset=\"https:\/\/brasilia.fiocruz.br\/nosnarede\/wp-content\/uploads\/sites\/10\/2025\/01\/usuaria-no-trabalho-150x150.jpg 150w, https:\/\/brasilia.fiocruz.br\/nosnarede\/wp-content\/uploads\/sites\/10\/2025\/01\/usuaria-no-trabalho-120x120.jpg 120w\" data-sizes=\"(max-width: 150px) 100vw, 150px\" src=\"data:image\/svg+xml;base64,PHN2ZyB3aWR0aD0iMSIgaGVpZ2h0PSIxIiB4bWxucz0iaHR0cDovL3d3dy53My5vcmcvMjAwMC9zdmciPjwvc3ZnPg==\" style=\"--smush-placeholder-width: 150px; --smush-placeholder-aspect-ratio: 150\/150;\" \/><\/a><\/figure>\n\n\n\n<figure class=\"wp-block-image size-thumbnail\"><a href=\"https:\/\/brasilia.fiocruz.br\/nosnarede\/wp-content\/uploads\/sites\/10\/2025\/01\/visita-prof-caps-no-trabalho.jpg\"><img decoding=\"async\" width=\"150\" height=\"150\" data-id=\"1557\" data-src=\"https:\/\/brasilia.fiocruz.br\/nosnarede\/wp-content\/uploads\/sites\/10\/2025\/01\/visita-prof-caps-no-trabalho-150x150.jpg\" alt=\"\" class=\"wp-image-1557 lazyload\" data-srcset=\"https:\/\/brasilia.fiocruz.br\/nosnarede\/wp-content\/uploads\/sites\/10\/2025\/01\/visita-prof-caps-no-trabalho-150x150.jpg 150w, https:\/\/brasilia.fiocruz.br\/nosnarede\/wp-content\/uploads\/sites\/10\/2025\/01\/visita-prof-caps-no-trabalho-120x120.jpg 120w\" data-sizes=\"(max-width: 150px) 100vw, 150px\" src=\"data:image\/svg+xml;base64,PHN2ZyB3aWR0aD0iMSIgaGVpZ2h0PSIxIiB4bWxucz0iaHR0cDovL3d3dy53My5vcmcvMjAwMC9zdmciPjwvc3ZnPg==\" style=\"--smush-placeholder-width: 150px; --smush-placeholder-aspect-ratio: 150\/150;\" \/><\/a><\/figure>\n<\/figure>\n<\/div>\n","protected":false},"featured_media":1532,"template":"","meta":{"_equipe_uf_key":"","_equipe_cidade_key":""},"link_category":[],"palavras-chave":[444,445,446],"relato-tag":[55,41,28,23],"categoria-de-relato":[19,1679],"class_list":["post-1529","relatos","type-relatos","status-publish","has-post-thumbnail","hentry","palavras-chave-deficiencia-psicossocial","palavras-chave-inclusao","palavras-chave-trabalho","relato-tag-acesso-e-acolhimento","relato-tag-geracao-de-renda","relato-tag-protagonismo-do-usuario","relato-tag-recursos-comunitarios","categoria-de-relato-articulacao-em-rede-intra-e-intersetorial","categoria-de-relato-destaques"],"yoast_head":"<!-- This site is optimized with the Yoast SEO plugin v27.1.1 - https:\/\/yoast.com\/product\/yoast-seo-wordpress\/ -->\n<title>A empregabilidade da pessoa com defici\u00eancia psicossocial - N\u00f3s Na Rede<\/title>\n<meta name=\"robots\" content=\"index, follow, max-snippet:-1, max-image-preview:large, max-video-preview:-1\" \/>\n<link rel=\"canonical\" href=\"https:\/\/brasilia.fiocruz.br\/nosnarede\/mostra-de-experiencias\/a-empregabilidade-da-pessoa-com-deficiencia-psicossocial\/\" \/>\n<meta property=\"og:locale\" content=\"pt_BR\" \/>\n<meta property=\"og:type\" content=\"article\" \/>\n<meta property=\"og:title\" content=\"A empregabilidade da pessoa com defici\u00eancia psicossocial - N\u00f3s Na Rede\" \/>\n<meta property=\"og:description\" content=\"Resumo O relato de experi\u00eancia retrata de todo o processo desenvolvido na cidade de Teresina para ampliar a inclus\u00e3o das pessoas com defici\u00eancia psicossocial no mercado de trabalho formal. Apesar do Estado do Piau\u00ed possuir uma Secretaria Estadual para inclus\u00e3o da pessoa com defici\u00eancia, a defici\u00eancia psicossocial n\u00e3o era inclu\u00edda nas a\u00e7\u00f5es dessa secretaria e [&hellip;]\" \/>\n<meta property=\"og:url\" content=\"https:\/\/brasilia.fiocruz.br\/nosnarede\/mostra-de-experiencias\/a-empregabilidade-da-pessoa-com-deficiencia-psicossocial\/\" \/>\n<meta property=\"og:site_name\" content=\"N\u00f3s Na Rede\" \/>\n<meta property=\"article:modified_time\" content=\"2025-04-08T19:25:15+00:00\" \/>\n<meta property=\"og:image\" content=\"https:\/\/brasilia.fiocruz.br\/nosnarede\/wp-content\/uploads\/sites\/10\/2025\/01\/cinema-filme-com-tema-trabalho.jpg\" \/>\n\t<meta property=\"og:image:width\" content=\"1280\" \/>\n\t<meta property=\"og:image:height\" content=\"960\" \/>\n\t<meta property=\"og:image:type\" content=\"image\/jpeg\" \/>\n<meta name=\"twitter:card\" content=\"summary_large_image\" \/>\n<meta name=\"twitter:label1\" content=\"Est. tempo de leitura\" \/>\n\t<meta name=\"twitter:data1\" content=\"7 minutos\" \/>\n<script type=\"application\/ld+json\" class=\"yoast-schema-graph\">{\"@context\":\"https:\/\/schema.org\",\"@graph\":[{\"@type\":\"WebPage\",\"@id\":\"https:\/\/brasilia.fiocruz.br\/nosnarede\/mostra-de-experiencias\/a-empregabilidade-da-pessoa-com-deficiencia-psicossocial\/\",\"url\":\"https:\/\/brasilia.fiocruz.br\/nosnarede\/mostra-de-experiencias\/a-empregabilidade-da-pessoa-com-deficiencia-psicossocial\/\",\"name\":\"A empregabilidade da pessoa com defici\u00eancia psicossocial - N\u00f3s Na Rede\",\"isPartOf\":{\"@id\":\"https:\/\/brasilia.fiocruz.br\/nosnarede\/#website\"},\"primaryImageOfPage\":{\"@id\":\"https:\/\/brasilia.fiocruz.br\/nosnarede\/mostra-de-experiencias\/a-empregabilidade-da-pessoa-com-deficiencia-psicossocial\/#primaryimage\"},\"image\":{\"@id\":\"https:\/\/brasilia.fiocruz.br\/nosnarede\/mostra-de-experiencias\/a-empregabilidade-da-pessoa-com-deficiencia-psicossocial\/#primaryimage\"},\"thumbnailUrl\":\"https:\/\/brasilia.fiocruz.br\/nosnarede\/wp-content\/uploads\/sites\/10\/2025\/01\/cinema-filme-com-tema-trabalho.jpg\",\"datePublished\":\"2025-03-28T17:33:07+00:00\",\"dateModified\":\"2025-04-08T19:25:15+00:00\",\"breadcrumb\":{\"@id\":\"https:\/\/brasilia.fiocruz.br\/nosnarede\/mostra-de-experiencias\/a-empregabilidade-da-pessoa-com-deficiencia-psicossocial\/#breadcrumb\"},\"inLanguage\":\"pt-BR\",\"potentialAction\":[{\"@type\":\"ReadAction\",\"target\":[\"https:\/\/brasilia.fiocruz.br\/nosnarede\/mostra-de-experiencias\/a-empregabilidade-da-pessoa-com-deficiencia-psicossocial\/\"]}]},{\"@type\":\"ImageObject\",\"inLanguage\":\"pt-BR\",\"@id\":\"https:\/\/brasilia.fiocruz.br\/nosnarede\/mostra-de-experiencias\/a-empregabilidade-da-pessoa-com-deficiencia-psicossocial\/#primaryimage\",\"url\":\"https:\/\/brasilia.fiocruz.br\/nosnarede\/wp-content\/uploads\/sites\/10\/2025\/01\/cinema-filme-com-tema-trabalho.jpg\",\"contentUrl\":\"https:\/\/brasilia.fiocruz.br\/nosnarede\/wp-content\/uploads\/sites\/10\/2025\/01\/cinema-filme-com-tema-trabalho.jpg\",\"width\":1280,\"height\":960},{\"@type\":\"BreadcrumbList\",\"@id\":\"https:\/\/brasilia.fiocruz.br\/nosnarede\/mostra-de-experiencias\/a-empregabilidade-da-pessoa-com-deficiencia-psicossocial\/#breadcrumb\",\"itemListElement\":[{\"@type\":\"ListItem\",\"position\":1,\"name\":\"In\u00edcio\",\"item\":\"https:\/\/brasilia.fiocruz.br\/nosnarede\/\"},{\"@type\":\"ListItem\",\"position\":2,\"name\":\"Relatos\",\"item\":\"https:\/\/brasilia.fiocruz.br\/nosnarede\/mostra-de-experiencias\/\"},{\"@type\":\"ListItem\",\"position\":3,\"name\":\"A empregabilidade da pessoa com defici\u00eancia psicossocial\"}]},{\"@type\":\"WebSite\",\"@id\":\"https:\/\/brasilia.fiocruz.br\/nosnarede\/#website\",\"url\":\"https:\/\/brasilia.fiocruz.br\/nosnarede\/\",\"name\":\"N\u00f3s Na Rede\",\"description\":\"\",\"publisher\":{\"@id\":\"https:\/\/brasilia.fiocruz.br\/nosnarede\/#organization\"},\"potentialAction\":[{\"@type\":\"SearchAction\",\"target\":{\"@type\":\"EntryPoint\",\"urlTemplate\":\"https:\/\/brasilia.fiocruz.br\/nosnarede\/?s={search_term_string}\"},\"query-input\":{\"@type\":\"PropertyValueSpecification\",\"valueRequired\":true,\"valueName\":\"search_term_string\"}}],\"inLanguage\":\"pt-BR\"},{\"@type\":\"Organization\",\"@id\":\"https:\/\/brasilia.fiocruz.br\/nosnarede\/#organization\",\"name\":\"N\u00f3s Na Rede\",\"url\":\"https:\/\/brasilia.fiocruz.br\/nosnarede\/\",\"logo\":{\"@type\":\"ImageObject\",\"inLanguage\":\"pt-BR\",\"@id\":\"https:\/\/brasilia.fiocruz.br\/nosnarede\/#\/schema\/logo\/image\/\",\"url\":\"https:\/\/brasilia.fiocruz.br\/nosnarede\/wp-content\/uploads\/sites\/10\/2025\/01\/nos-na-rede-logo.png\",\"contentUrl\":\"https:\/\/brasilia.fiocruz.br\/nosnarede\/wp-content\/uploads\/sites\/10\/2025\/01\/nos-na-rede-logo.png\",\"width\":421,\"height\":159,\"caption\":\"N\u00f3s Na Rede\"},\"image\":{\"@id\":\"https:\/\/brasilia.fiocruz.br\/nosnarede\/#\/schema\/logo\/image\/\"}}]}<\/script>\n<!-- \/ Yoast SEO plugin. -->","yoast_head_json":{"title":"A empregabilidade da pessoa com defici\u00eancia psicossocial - N\u00f3s Na Rede","robots":{"index":"index","follow":"follow","max-snippet":"max-snippet:-1","max-image-preview":"max-image-preview:large","max-video-preview":"max-video-preview:-1"},"canonical":"https:\/\/brasilia.fiocruz.br\/nosnarede\/mostra-de-experiencias\/a-empregabilidade-da-pessoa-com-deficiencia-psicossocial\/","og_locale":"pt_BR","og_type":"article","og_title":"A empregabilidade da pessoa com defici\u00eancia psicossocial - N\u00f3s Na Rede","og_description":"Resumo O relato de experi\u00eancia retrata de todo o processo desenvolvido na cidade de Teresina para ampliar a inclus\u00e3o das pessoas com defici\u00eancia psicossocial no mercado de trabalho formal. Apesar do Estado do Piau\u00ed possuir uma Secretaria Estadual para inclus\u00e3o da pessoa com defici\u00eancia, a defici\u00eancia psicossocial n\u00e3o era inclu\u00edda nas a\u00e7\u00f5es dessa secretaria e [&hellip;]","og_url":"https:\/\/brasilia.fiocruz.br\/nosnarede\/mostra-de-experiencias\/a-empregabilidade-da-pessoa-com-deficiencia-psicossocial\/","og_site_name":"N\u00f3s Na Rede","article_modified_time":"2025-04-08T19:25:15+00:00","og_image":[{"width":1280,"height":960,"url":"https:\/\/brasilia.fiocruz.br\/nosnarede\/wp-content\/uploads\/sites\/10\/2025\/01\/cinema-filme-com-tema-trabalho.jpg","type":"image\/jpeg"}],"twitter_card":"summary_large_image","twitter_misc":{"Est. tempo de leitura":"7 minutos"},"schema":{"@context":"https:\/\/schema.org","@graph":[{"@type":"WebPage","@id":"https:\/\/brasilia.fiocruz.br\/nosnarede\/mostra-de-experiencias\/a-empregabilidade-da-pessoa-com-deficiencia-psicossocial\/","url":"https:\/\/brasilia.fiocruz.br\/nosnarede\/mostra-de-experiencias\/a-empregabilidade-da-pessoa-com-deficiencia-psicossocial\/","name":"A empregabilidade da pessoa com defici\u00eancia psicossocial - N\u00f3s Na Rede","isPartOf":{"@id":"https:\/\/brasilia.fiocruz.br\/nosnarede\/#website"},"primaryImageOfPage":{"@id":"https:\/\/brasilia.fiocruz.br\/nosnarede\/mostra-de-experiencias\/a-empregabilidade-da-pessoa-com-deficiencia-psicossocial\/#primaryimage"},"image":{"@id":"https:\/\/brasilia.fiocruz.br\/nosnarede\/mostra-de-experiencias\/a-empregabilidade-da-pessoa-com-deficiencia-psicossocial\/#primaryimage"},"thumbnailUrl":"https:\/\/brasilia.fiocruz.br\/nosnarede\/wp-content\/uploads\/sites\/10\/2025\/01\/cinema-filme-com-tema-trabalho.jpg","datePublished":"2025-03-28T17:33:07+00:00","dateModified":"2025-04-08T19:25:15+00:00","breadcrumb":{"@id":"https:\/\/brasilia.fiocruz.br\/nosnarede\/mostra-de-experiencias\/a-empregabilidade-da-pessoa-com-deficiencia-psicossocial\/#breadcrumb"},"inLanguage":"pt-BR","potentialAction":[{"@type":"ReadAction","target":["https:\/\/brasilia.fiocruz.br\/nosnarede\/mostra-de-experiencias\/a-empregabilidade-da-pessoa-com-deficiencia-psicossocial\/"]}]},{"@type":"ImageObject","inLanguage":"pt-BR","@id":"https:\/\/brasilia.fiocruz.br\/nosnarede\/mostra-de-experiencias\/a-empregabilidade-da-pessoa-com-deficiencia-psicossocial\/#primaryimage","url":"https:\/\/brasilia.fiocruz.br\/nosnarede\/wp-content\/uploads\/sites\/10\/2025\/01\/cinema-filme-com-tema-trabalho.jpg","contentUrl":"https:\/\/brasilia.fiocruz.br\/nosnarede\/wp-content\/uploads\/sites\/10\/2025\/01\/cinema-filme-com-tema-trabalho.jpg","width":1280,"height":960},{"@type":"BreadcrumbList","@id":"https:\/\/brasilia.fiocruz.br\/nosnarede\/mostra-de-experiencias\/a-empregabilidade-da-pessoa-com-deficiencia-psicossocial\/#breadcrumb","itemListElement":[{"@type":"ListItem","position":1,"name":"In\u00edcio","item":"https:\/\/brasilia.fiocruz.br\/nosnarede\/"},{"@type":"ListItem","position":2,"name":"Relatos","item":"https:\/\/brasilia.fiocruz.br\/nosnarede\/mostra-de-experiencias\/"},{"@type":"ListItem","position":3,"name":"A empregabilidade da pessoa com defici\u00eancia psicossocial"}]},{"@type":"WebSite","@id":"https:\/\/brasilia.fiocruz.br\/nosnarede\/#website","url":"https:\/\/brasilia.fiocruz.br\/nosnarede\/","name":"N\u00f3s Na Rede","description":"","publisher":{"@id":"https:\/\/brasilia.fiocruz.br\/nosnarede\/#organization"},"potentialAction":[{"@type":"SearchAction","target":{"@type":"EntryPoint","urlTemplate":"https:\/\/brasilia.fiocruz.br\/nosnarede\/?s={search_term_string}"},"query-input":{"@type":"PropertyValueSpecification","valueRequired":true,"valueName":"search_term_string"}}],"inLanguage":"pt-BR"},{"@type":"Organization","@id":"https:\/\/brasilia.fiocruz.br\/nosnarede\/#organization","name":"N\u00f3s Na Rede","url":"https:\/\/brasilia.fiocruz.br\/nosnarede\/","logo":{"@type":"ImageObject","inLanguage":"pt-BR","@id":"https:\/\/brasilia.fiocruz.br\/nosnarede\/#\/schema\/logo\/image\/","url":"https:\/\/brasilia.fiocruz.br\/nosnarede\/wp-content\/uploads\/sites\/10\/2025\/01\/nos-na-rede-logo.png","contentUrl":"https:\/\/brasilia.fiocruz.br\/nosnarede\/wp-content\/uploads\/sites\/10\/2025\/01\/nos-na-rede-logo.png","width":421,"height":159,"caption":"N\u00f3s Na Rede"},"image":{"@id":"https:\/\/brasilia.fiocruz.br\/nosnarede\/#\/schema\/logo\/image\/"}}]}},"_links":{"self":[{"href":"https:\/\/brasilia.fiocruz.br\/nosnarede\/wp-json\/wp\/v2\/relatos\/1529","targetHints":{"allow":["GET"]}}],"collection":[{"href":"https:\/\/brasilia.fiocruz.br\/nosnarede\/wp-json\/wp\/v2\/relatos"}],"about":[{"href":"https:\/\/brasilia.fiocruz.br\/nosnarede\/wp-json\/wp\/v2\/types\/relatos"}],"wp:featuredmedia":[{"embeddable":true,"href":"https:\/\/brasilia.fiocruz.br\/nosnarede\/wp-json\/wp\/v2\/media\/1532"}],"wp:attachment":[{"href":"https:\/\/brasilia.fiocruz.br\/nosnarede\/wp-json\/wp\/v2\/media?parent=1529"}],"wp:term":[{"taxonomy":"link_category","embeddable":true,"href":"https:\/\/brasilia.fiocruz.br\/nosnarede\/wp-json\/wp\/v2\/link_category?post=1529"},{"taxonomy":"palavras-chave","embeddable":true,"href":"https:\/\/brasilia.fiocruz.br\/nosnarede\/wp-json\/wp\/v2\/palavras-chave?post=1529"},{"taxonomy":"relato-tag","embeddable":true,"href":"https:\/\/brasilia.fiocruz.br\/nosnarede\/wp-json\/wp\/v2\/relato-tag?post=1529"},{"taxonomy":"categoria-de-relato","embeddable":true,"href":"https:\/\/brasilia.fiocruz.br\/nosnarede\/wp-json\/wp\/v2\/categoria-de-relato?post=1529"}],"curies":[{"name":"wp","href":"https:\/\/api.w.org\/{rel}","templated":true}]}}