{"id":1561,"date":"2025-01-25T12:21:39","date_gmt":"2025-01-25T15:21:39","guid":{"rendered":"https:\/\/brasilia.fiocruz.br\/nosnarede\/?post_type=relatos&#038;p=1561"},"modified":"2025-04-22T18:15:52","modified_gmt":"2025-04-22T21:15:52","slug":"expocaps-o-poder-transformador-da-cultura-e-da-arte","status":"publish","type":"relatos","link":"https:\/\/brasilia.fiocruz.br\/nosnarede\/mostra-de-experiencias\/expocaps-o-poder-transformador-da-cultura-e-da-arte\/","title":{"rendered":"ExpoCAPS: O Poder Transformador da Cultura e da Arte"},"content":{"rendered":"\n<h2 class=\"wp-block-heading has-medium-font-size dynamic-field-wrapper-title has-archivo\">Resumo<\/h2>\n\n\n\n<p>A ExpoCAPS surgiu como resultado de um planejamento estrat\u00e9gico para os primeiros seis meses de 2024, visando promover o protagonismo dos usu\u00e1rios do CPSad em Cajazeiras, Para\u00edba, ao longo de seu processo de reabilita\u00e7\u00e3o e reintegra\u00e7\u00e3o social. Para alcan\u00e7ar esse proposito, foi elaborado um cronograma mensal de atividades que permitiu \u00e0 equipe da institui\u00e7\u00e3o atuar de forma integrada e colaborativa, unindo elementos l\u00fadicos e formativos. Essas a\u00e7\u00f5es buscaram contemplar tanto aspectos culturais locais quanto saberes individuais e coletivos.\nAs atividades planejadas proporcionaram momentos de intera\u00e7\u00e3o significativa, incluindo oficinas de artesanato, culin\u00e1ria, atendimento tera\u00eautico e cuidados com o corpo. Al\u00e9m disso, foram realizadas reflex\u00f5es sobre projetos de vida, pr\u00e1ticas de autocuidado, fortalecimento do v\u00ednculo familiar e experi\u00eancias de turismo e cultura regional. Esses encontros permitiram a produ\u00e7\u00e3o de material art\u00edstico e o registro de momentos marcantes por meio de fotografias, que foram posteriormente exibidos em um espa\u00e7o apropriado para a comunidade local. \nEssa exposi\u00e7\u00e3o contou com a parceria do CAPSII e do CAPS Infantil da regi\u00e3o. Assim, evidenciamos um trabalho articulado em equipe. Essa iniciativa fortaleceu o setor, valorizou o potencial de cada indiv\u00edduo atendido e respeitou as limita\u00e7\u00f5es de cada um. \nAcima de tudo, acreditamos na reabilita\u00e7\u00e3o daqueles que necessitam de cuidado, respeito, empatia, afeto, garantindo o acesso aos direitos que todos merecem.<\/p>\n\n\n<p><!--video--><!--\/video--><\/p>\n\n\n<div class=\"wp-block-group is-layout-constrained wp-block-group-is-layout-constrained\">\n<h2 class=\"wp-block-heading has-medium-font-size dynamic-field-wrapper-title\">V\u00eddeo<\/h2>\n\n\n\n<figure class=\"wp-block-video wrapper-video aspect-16-9\"><video controls muted src=\"https:\/\/brasilia.fiocruz.br\/nosnarede\/wp-content\/uploads\/sites\/10\/2025\/01\/CpiadeVDEODOCAPSAD-OFICIAL.cf40ee56da8b44fd8fe3.mp4\"><\/video><\/figure>\n<\/div>\n\n\n\n<div class=\"wp-block-group dynamic-field-wrapper is-layout-constrained wp-block-group-is-layout-constrained\">\n<h5 class=\"wp-block-heading has-medium-font-size dynamic-field-wrapper-title\">Imagens<\/h5>\n\n\n\n<figure class=\"wp-block-gallery has-nested-images columns-6 is-cropped wp-block-gallery-1 is-layout-flex wp-block-gallery-is-layout-flex\">\n<figure class=\"wp-block-image size-thumbnail\"><a href=\"https:\/\/brasilia.fiocruz.br\/nosnarede\/wp-content\/uploads\/sites\/10\/2025\/01\/782d4446-e5a5-4553-83c1-960f0580dbe9.jpeg\"><img decoding=\"async\" width=\"150\" height=\"150\" data-id=\"1569\" data-src=\"https:\/\/brasilia.fiocruz.br\/nosnarede\/wp-content\/uploads\/sites\/10\/2025\/01\/782d4446-e5a5-4553-83c1-960f0580dbe9-150x150.jpeg\" alt=\"\" class=\"wp-image-1569 lazyload\" data-srcset=\"https:\/\/brasilia.fiocruz.br\/nosnarede\/wp-content\/uploads\/sites\/10\/2025\/01\/782d4446-e5a5-4553-83c1-960f0580dbe9-150x150.jpeg 150w, https:\/\/brasilia.fiocruz.br\/nosnarede\/wp-content\/uploads\/sites\/10\/2025\/01\/782d4446-e5a5-4553-83c1-960f0580dbe9-120x120.jpeg 120w\" data-sizes=\"(max-width: 150px) 100vw, 150px\" src=\"data:image\/svg+xml;base64,PHN2ZyB3aWR0aD0iMSIgaGVpZ2h0PSIxIiB4bWxucz0iaHR0cDovL3d3dy53My5vcmcvMjAwMC9zdmciPjwvc3ZnPg==\" style=\"--smush-placeholder-width: 150px; --smush-placeholder-aspect-ratio: 150\/150;\" \/><\/a><\/figure>\n\n\n\n<figure class=\"wp-block-image size-thumbnail\"><a href=\"https:\/\/brasilia.fiocruz.br\/nosnarede\/wp-content\/uploads\/sites\/10\/2025\/01\/7e1bc5a7-bebb-448a-a124-4996b6ee5bc5.jpeg\"><img decoding=\"async\" width=\"150\" height=\"150\" data-id=\"1570\" data-src=\"https:\/\/brasilia.fiocruz.br\/nosnarede\/wp-content\/uploads\/sites\/10\/2025\/01\/7e1bc5a7-bebb-448a-a124-4996b6ee5bc5-150x150.jpeg\" alt=\"\" class=\"wp-image-1570 lazyload\" data-srcset=\"https:\/\/brasilia.fiocruz.br\/nosnarede\/wp-content\/uploads\/sites\/10\/2025\/01\/7e1bc5a7-bebb-448a-a124-4996b6ee5bc5-150x150.jpeg 150w, https:\/\/brasilia.fiocruz.br\/nosnarede\/wp-content\/uploads\/sites\/10\/2025\/01\/7e1bc5a7-bebb-448a-a124-4996b6ee5bc5-120x120.jpeg 120w\" data-sizes=\"(max-width: 150px) 100vw, 150px\" src=\"data:image\/svg+xml;base64,PHN2ZyB3aWR0aD0iMSIgaGVpZ2h0PSIxIiB4bWxucz0iaHR0cDovL3d3dy53My5vcmcvMjAwMC9zdmciPjwvc3ZnPg==\" style=\"--smush-placeholder-width: 150px; --smush-placeholder-aspect-ratio: 150\/150;\" \/><\/a><\/figure>\n\n\n\n<figure class=\"wp-block-image size-thumbnail\"><a href=\"https:\/\/brasilia.fiocruz.br\/nosnarede\/wp-content\/uploads\/sites\/10\/2025\/01\/9c3b2594-b601-4a0b-acea-cfdfb08cffe1.jpeg\"><img decoding=\"async\" width=\"150\" height=\"150\" data-id=\"1571\" data-src=\"https:\/\/brasilia.fiocruz.br\/nosnarede\/wp-content\/uploads\/sites\/10\/2025\/01\/9c3b2594-b601-4a0b-acea-cfdfb08cffe1-150x150.jpeg\" alt=\"\" class=\"wp-image-1571 lazyload\" data-srcset=\"https:\/\/brasilia.fiocruz.br\/nosnarede\/wp-content\/uploads\/sites\/10\/2025\/01\/9c3b2594-b601-4a0b-acea-cfdfb08cffe1-150x150.jpeg 150w, https:\/\/brasilia.fiocruz.br\/nosnarede\/wp-content\/uploads\/sites\/10\/2025\/01\/9c3b2594-b601-4a0b-acea-cfdfb08cffe1-120x120.jpeg 120w\" data-sizes=\"(max-width: 150px) 100vw, 150px\" src=\"data:image\/svg+xml;base64,PHN2ZyB3aWR0aD0iMSIgaGVpZ2h0PSIxIiB4bWxucz0iaHR0cDovL3d3dy53My5vcmcvMjAwMC9zdmciPjwvc3ZnPg==\" style=\"--smush-placeholder-width: 150px; --smush-placeholder-aspect-ratio: 150\/150;\" \/><\/a><\/figure>\n\n\n\n<figure class=\"wp-block-image size-thumbnail\"><a href=\"https:\/\/brasilia.fiocruz.br\/nosnarede\/wp-content\/uploads\/sites\/10\/2025\/01\/WhatsApp-Image-2024-11-19-at-13.32.44.jpeg\"><img decoding=\"async\" width=\"150\" height=\"150\" data-id=\"1573\" data-src=\"https:\/\/brasilia.fiocruz.br\/nosnarede\/wp-content\/uploads\/sites\/10\/2025\/01\/WhatsApp-Image-2024-11-19-at-13.32.44-150x150.jpeg\" alt=\"\" class=\"wp-image-1573 lazyload\" data-srcset=\"https:\/\/brasilia.fiocruz.br\/nosnarede\/wp-content\/uploads\/sites\/10\/2025\/01\/WhatsApp-Image-2024-11-19-at-13.32.44-150x150.jpeg 150w, https:\/\/brasilia.fiocruz.br\/nosnarede\/wp-content\/uploads\/sites\/10\/2025\/01\/WhatsApp-Image-2024-11-19-at-13.32.44-120x120.jpeg 120w\" data-sizes=\"(max-width: 150px) 100vw, 150px\" src=\"data:image\/svg+xml;base64,PHN2ZyB3aWR0aD0iMSIgaGVpZ2h0PSIxIiB4bWxucz0iaHR0cDovL3d3dy53My5vcmcvMjAwMC9zdmciPjwvc3ZnPg==\" style=\"--smush-placeholder-width: 150px; --smush-placeholder-aspect-ratio: 150\/150;\" \/><\/a><\/figure>\n\n\n\n<figure class=\"wp-block-image size-thumbnail\"><a href=\"https:\/\/brasilia.fiocruz.br\/nosnarede\/wp-content\/uploads\/sites\/10\/2025\/01\/acd52c63-8d6b-4669-9a2e-ea3ae286d7ee.jpeg\"><img decoding=\"async\" width=\"150\" height=\"150\" data-id=\"1574\" data-src=\"https:\/\/brasilia.fiocruz.br\/nosnarede\/wp-content\/uploads\/sites\/10\/2025\/01\/acd52c63-8d6b-4669-9a2e-ea3ae286d7ee-150x150.jpeg\" alt=\"\" class=\"wp-image-1574 lazyload\" data-srcset=\"https:\/\/brasilia.fiocruz.br\/nosnarede\/wp-content\/uploads\/sites\/10\/2025\/01\/acd52c63-8d6b-4669-9a2e-ea3ae286d7ee-150x150.jpeg 150w, https:\/\/brasilia.fiocruz.br\/nosnarede\/wp-content\/uploads\/sites\/10\/2025\/01\/acd52c63-8d6b-4669-9a2e-ea3ae286d7ee-120x120.jpeg 120w\" data-sizes=\"(max-width: 150px) 100vw, 150px\" src=\"data:image\/svg+xml;base64,PHN2ZyB3aWR0aD0iMSIgaGVpZ2h0PSIxIiB4bWxucz0iaHR0cDovL3d3dy53My5vcmcvMjAwMC9zdmciPjwvc3ZnPg==\" style=\"--smush-placeholder-width: 150px; --smush-placeholder-aspect-ratio: 150\/150;\" \/><\/a><\/figure>\n<\/figure>\n<\/div>\n","protected":false},"featured_media":8970,"template":"","meta":{"_equipe_uf_key":"","_equipe_cidade_key":""},"link_category":[],"palavras-chave":[105,236,454,304,445,73],"relato-tag":[50,12,22],"categoria-de-relato":[19,26,9,18],"class_list":["post-1561","relatos","type-relatos","status-publish","has-post-thumbnail","hentry","palavras-chave-arte","palavras-chave-caps-ad","palavras-chave-culltura","palavras-chave-exposicao","palavras-chave-inclusao","palavras-chave-protagonismo","relato-tag-arte-e-cultura","relato-tag-caps","relato-tag-territorio","categoria-de-relato-articulacao-em-rede-intra-e-intersetorial","categoria-de-relato-cuidado-a-pessoas-que-fazem-uso-prejudicial-de-alcool-e-drogas","categoria-de-relato-cuidado-e-diversidade","categoria-de-relato-trabalho-em-equipe"],"yoast_head":"<!-- This site is optimized with the Yoast SEO plugin v27.1.1 - https:\/\/yoast.com\/product\/yoast-seo-wordpress\/ -->\n<title>ExpoCAPS: O Poder Transformador da Cultura e da Arte - N\u00f3s Na Rede<\/title>\n<meta name=\"robots\" content=\"index, follow, max-snippet:-1, max-image-preview:large, max-video-preview:-1\" \/>\n<link rel=\"canonical\" href=\"https:\/\/brasilia.fiocruz.br\/nosnarede\/mostra-de-experiencias\/expocaps-o-poder-transformador-da-cultura-e-da-arte\/\" \/>\n<meta property=\"og:locale\" content=\"pt_BR\" \/>\n<meta property=\"og:type\" content=\"article\" \/>\n<meta property=\"og:title\" content=\"ExpoCAPS: O Poder Transformador da Cultura e da Arte - N\u00f3s Na Rede\" \/>\n<meta property=\"og:description\" content=\"Resumo A ExpoCAPS surgiu como resultado de um planejamento estrat\u00e9gico para os primeiros seis meses de 2024, visando promover o protagonismo dos usu\u00e1rios do CPSad em Cajazeiras, Para\u00edba, ao longo de seu processo de reabilita\u00e7\u00e3o e reintegra\u00e7\u00e3o social. Para alcan\u00e7ar esse proposito, foi elaborado um cronograma mensal de atividades que permitiu \u00e0 equipe da institui\u00e7\u00e3o [&hellip;]\" \/>\n<meta property=\"og:url\" content=\"https:\/\/brasilia.fiocruz.br\/nosnarede\/mostra-de-experiencias\/expocaps-o-poder-transformador-da-cultura-e-da-arte\/\" \/>\n<meta property=\"og:site_name\" content=\"N\u00f3s Na Rede\" \/>\n<meta property=\"article:modified_time\" content=\"2025-04-22T21:15:52+00:00\" \/>\n<meta property=\"og:image\" content=\"https:\/\/brasilia.fiocruz.br\/nosnarede\/wp-content\/uploads\/sites\/10\/2025\/01\/Design-sem-nome-23.png\" \/>\n\t<meta property=\"og:image:width\" content=\"920\" \/>\n\t<meta property=\"og:image:height\" content=\"621\" \/>\n\t<meta property=\"og:image:type\" content=\"image\/png\" \/>\n<meta name=\"twitter:card\" content=\"summary_large_image\" \/>\n<meta name=\"twitter:label1\" content=\"Est. tempo de leitura\" \/>\n\t<meta name=\"twitter:data1\" content=\"3 minutos\" \/>\n<script type=\"application\/ld+json\" class=\"yoast-schema-graph\">{\"@context\":\"https:\/\/schema.org\",\"@graph\":[{\"@type\":\"WebPage\",\"@id\":\"https:\/\/brasilia.fiocruz.br\/nosnarede\/mostra-de-experiencias\/expocaps-o-poder-transformador-da-cultura-e-da-arte\/\",\"url\":\"https:\/\/brasilia.fiocruz.br\/nosnarede\/mostra-de-experiencias\/expocaps-o-poder-transformador-da-cultura-e-da-arte\/\",\"name\":\"ExpoCAPS: O Poder Transformador da Cultura e da Arte - N\u00f3s Na Rede\",\"isPartOf\":{\"@id\":\"https:\/\/brasilia.fiocruz.br\/nosnarede\/#website\"},\"primaryImageOfPage\":{\"@id\":\"https:\/\/brasilia.fiocruz.br\/nosnarede\/mostra-de-experiencias\/expocaps-o-poder-transformador-da-cultura-e-da-arte\/#primaryimage\"},\"image\":{\"@id\":\"https:\/\/brasilia.fiocruz.br\/nosnarede\/mostra-de-experiencias\/expocaps-o-poder-transformador-da-cultura-e-da-arte\/#primaryimage\"},\"thumbnailUrl\":\"https:\/\/brasilia.fiocruz.br\/nosnarede\/wp-content\/uploads\/sites\/10\/2025\/01\/Design-sem-nome-23.png\",\"datePublished\":\"2025-01-25T15:21:39+00:00\",\"dateModified\":\"2025-04-22T21:15:52+00:00\",\"breadcrumb\":{\"@id\":\"https:\/\/brasilia.fiocruz.br\/nosnarede\/mostra-de-experiencias\/expocaps-o-poder-transformador-da-cultura-e-da-arte\/#breadcrumb\"},\"inLanguage\":\"pt-BR\",\"potentialAction\":[{\"@type\":\"ReadAction\",\"target\":[\"https:\/\/brasilia.fiocruz.br\/nosnarede\/mostra-de-experiencias\/expocaps-o-poder-transformador-da-cultura-e-da-arte\/\"]}]},{\"@type\":\"ImageObject\",\"inLanguage\":\"pt-BR\",\"@id\":\"https:\/\/brasilia.fiocruz.br\/nosnarede\/mostra-de-experiencias\/expocaps-o-poder-transformador-da-cultura-e-da-arte\/#primaryimage\",\"url\":\"https:\/\/brasilia.fiocruz.br\/nosnarede\/wp-content\/uploads\/sites\/10\/2025\/01\/Design-sem-nome-23.png\",\"contentUrl\":\"https:\/\/brasilia.fiocruz.br\/nosnarede\/wp-content\/uploads\/sites\/10\/2025\/01\/Design-sem-nome-23.png\",\"width\":920,\"height\":621},{\"@type\":\"BreadcrumbList\",\"@id\":\"https:\/\/brasilia.fiocruz.br\/nosnarede\/mostra-de-experiencias\/expocaps-o-poder-transformador-da-cultura-e-da-arte\/#breadcrumb\",\"itemListElement\":[{\"@type\":\"ListItem\",\"position\":1,\"name\":\"In\u00edcio\",\"item\":\"https:\/\/brasilia.fiocruz.br\/nosnarede\/\"},{\"@type\":\"ListItem\",\"position\":2,\"name\":\"Relatos\",\"item\":\"https:\/\/brasilia.fiocruz.br\/nosnarede\/mostra-de-experiencias\/\"},{\"@type\":\"ListItem\",\"position\":3,\"name\":\"ExpoCAPS: O Poder Transformador da Cultura e da Arte\"}]},{\"@type\":\"WebSite\",\"@id\":\"https:\/\/brasilia.fiocruz.br\/nosnarede\/#website\",\"url\":\"https:\/\/brasilia.fiocruz.br\/nosnarede\/\",\"name\":\"N\u00f3s Na Rede\",\"description\":\"\",\"publisher\":{\"@id\":\"https:\/\/brasilia.fiocruz.br\/nosnarede\/#organization\"},\"potentialAction\":[{\"@type\":\"SearchAction\",\"target\":{\"@type\":\"EntryPoint\",\"urlTemplate\":\"https:\/\/brasilia.fiocruz.br\/nosnarede\/?s={search_term_string}\"},\"query-input\":{\"@type\":\"PropertyValueSpecification\",\"valueRequired\":true,\"valueName\":\"search_term_string\"}}],\"inLanguage\":\"pt-BR\"},{\"@type\":\"Organization\",\"@id\":\"https:\/\/brasilia.fiocruz.br\/nosnarede\/#organization\",\"name\":\"N\u00f3s Na Rede\",\"url\":\"https:\/\/brasilia.fiocruz.br\/nosnarede\/\",\"logo\":{\"@type\":\"ImageObject\",\"inLanguage\":\"pt-BR\",\"@id\":\"https:\/\/brasilia.fiocruz.br\/nosnarede\/#\/schema\/logo\/image\/\",\"url\":\"https:\/\/brasilia.fiocruz.br\/nosnarede\/wp-content\/uploads\/sites\/10\/2025\/01\/nos-na-rede-logo.png\",\"contentUrl\":\"https:\/\/brasilia.fiocruz.br\/nosnarede\/wp-content\/uploads\/sites\/10\/2025\/01\/nos-na-rede-logo.png\",\"width\":421,\"height\":159,\"caption\":\"N\u00f3s Na Rede\"},\"image\":{\"@id\":\"https:\/\/brasilia.fiocruz.br\/nosnarede\/#\/schema\/logo\/image\/\"}}]}<\/script>\n<!-- \/ Yoast SEO plugin. -->","yoast_head_json":{"title":"ExpoCAPS: O Poder Transformador da Cultura e da Arte - N\u00f3s Na Rede","robots":{"index":"index","follow":"follow","max-snippet":"max-snippet:-1","max-image-preview":"max-image-preview:large","max-video-preview":"max-video-preview:-1"},"canonical":"https:\/\/brasilia.fiocruz.br\/nosnarede\/mostra-de-experiencias\/expocaps-o-poder-transformador-da-cultura-e-da-arte\/","og_locale":"pt_BR","og_type":"article","og_title":"ExpoCAPS: O Poder Transformador da Cultura e da Arte - N\u00f3s Na Rede","og_description":"Resumo A ExpoCAPS surgiu como resultado de um planejamento estrat\u00e9gico para os primeiros seis meses de 2024, visando promover o protagonismo dos usu\u00e1rios do CPSad em Cajazeiras, Para\u00edba, ao longo de seu processo de reabilita\u00e7\u00e3o e reintegra\u00e7\u00e3o social. Para alcan\u00e7ar esse proposito, foi elaborado um cronograma mensal de atividades que permitiu \u00e0 equipe da institui\u00e7\u00e3o [&hellip;]","og_url":"https:\/\/brasilia.fiocruz.br\/nosnarede\/mostra-de-experiencias\/expocaps-o-poder-transformador-da-cultura-e-da-arte\/","og_site_name":"N\u00f3s Na Rede","article_modified_time":"2025-04-22T21:15:52+00:00","og_image":[{"width":920,"height":621,"url":"https:\/\/brasilia.fiocruz.br\/nosnarede\/wp-content\/uploads\/sites\/10\/2025\/01\/Design-sem-nome-23.png","type":"image\/png"}],"twitter_card":"summary_large_image","twitter_misc":{"Est. tempo de leitura":"3 minutos"},"schema":{"@context":"https:\/\/schema.org","@graph":[{"@type":"WebPage","@id":"https:\/\/brasilia.fiocruz.br\/nosnarede\/mostra-de-experiencias\/expocaps-o-poder-transformador-da-cultura-e-da-arte\/","url":"https:\/\/brasilia.fiocruz.br\/nosnarede\/mostra-de-experiencias\/expocaps-o-poder-transformador-da-cultura-e-da-arte\/","name":"ExpoCAPS: O Poder Transformador da Cultura e da Arte - N\u00f3s Na Rede","isPartOf":{"@id":"https:\/\/brasilia.fiocruz.br\/nosnarede\/#website"},"primaryImageOfPage":{"@id":"https:\/\/brasilia.fiocruz.br\/nosnarede\/mostra-de-experiencias\/expocaps-o-poder-transformador-da-cultura-e-da-arte\/#primaryimage"},"image":{"@id":"https:\/\/brasilia.fiocruz.br\/nosnarede\/mostra-de-experiencias\/expocaps-o-poder-transformador-da-cultura-e-da-arte\/#primaryimage"},"thumbnailUrl":"https:\/\/brasilia.fiocruz.br\/nosnarede\/wp-content\/uploads\/sites\/10\/2025\/01\/Design-sem-nome-23.png","datePublished":"2025-01-25T15:21:39+00:00","dateModified":"2025-04-22T21:15:52+00:00","breadcrumb":{"@id":"https:\/\/brasilia.fiocruz.br\/nosnarede\/mostra-de-experiencias\/expocaps-o-poder-transformador-da-cultura-e-da-arte\/#breadcrumb"},"inLanguage":"pt-BR","potentialAction":[{"@type":"ReadAction","target":["https:\/\/brasilia.fiocruz.br\/nosnarede\/mostra-de-experiencias\/expocaps-o-poder-transformador-da-cultura-e-da-arte\/"]}]},{"@type":"ImageObject","inLanguage":"pt-BR","@id":"https:\/\/brasilia.fiocruz.br\/nosnarede\/mostra-de-experiencias\/expocaps-o-poder-transformador-da-cultura-e-da-arte\/#primaryimage","url":"https:\/\/brasilia.fiocruz.br\/nosnarede\/wp-content\/uploads\/sites\/10\/2025\/01\/Design-sem-nome-23.png","contentUrl":"https:\/\/brasilia.fiocruz.br\/nosnarede\/wp-content\/uploads\/sites\/10\/2025\/01\/Design-sem-nome-23.png","width":920,"height":621},{"@type":"BreadcrumbList","@id":"https:\/\/brasilia.fiocruz.br\/nosnarede\/mostra-de-experiencias\/expocaps-o-poder-transformador-da-cultura-e-da-arte\/#breadcrumb","itemListElement":[{"@type":"ListItem","position":1,"name":"In\u00edcio","item":"https:\/\/brasilia.fiocruz.br\/nosnarede\/"},{"@type":"ListItem","position":2,"name":"Relatos","item":"https:\/\/brasilia.fiocruz.br\/nosnarede\/mostra-de-experiencias\/"},{"@type":"ListItem","position":3,"name":"ExpoCAPS: O Poder Transformador da Cultura e da Arte"}]},{"@type":"WebSite","@id":"https:\/\/brasilia.fiocruz.br\/nosnarede\/#website","url":"https:\/\/brasilia.fiocruz.br\/nosnarede\/","name":"N\u00f3s Na Rede","description":"","publisher":{"@id":"https:\/\/brasilia.fiocruz.br\/nosnarede\/#organization"},"potentialAction":[{"@type":"SearchAction","target":{"@type":"EntryPoint","urlTemplate":"https:\/\/brasilia.fiocruz.br\/nosnarede\/?s={search_term_string}"},"query-input":{"@type":"PropertyValueSpecification","valueRequired":true,"valueName":"search_term_string"}}],"inLanguage":"pt-BR"},{"@type":"Organization","@id":"https:\/\/brasilia.fiocruz.br\/nosnarede\/#organization","name":"N\u00f3s Na Rede","url":"https:\/\/brasilia.fiocruz.br\/nosnarede\/","logo":{"@type":"ImageObject","inLanguage":"pt-BR","@id":"https:\/\/brasilia.fiocruz.br\/nosnarede\/#\/schema\/logo\/image\/","url":"https:\/\/brasilia.fiocruz.br\/nosnarede\/wp-content\/uploads\/sites\/10\/2025\/01\/nos-na-rede-logo.png","contentUrl":"https:\/\/brasilia.fiocruz.br\/nosnarede\/wp-content\/uploads\/sites\/10\/2025\/01\/nos-na-rede-logo.png","width":421,"height":159,"caption":"N\u00f3s Na Rede"},"image":{"@id":"https:\/\/brasilia.fiocruz.br\/nosnarede\/#\/schema\/logo\/image\/"}}]}},"_links":{"self":[{"href":"https:\/\/brasilia.fiocruz.br\/nosnarede\/wp-json\/wp\/v2\/relatos\/1561","targetHints":{"allow":["GET"]}}],"collection":[{"href":"https:\/\/brasilia.fiocruz.br\/nosnarede\/wp-json\/wp\/v2\/relatos"}],"about":[{"href":"https:\/\/brasilia.fiocruz.br\/nosnarede\/wp-json\/wp\/v2\/types\/relatos"}],"wp:featuredmedia":[{"embeddable":true,"href":"https:\/\/brasilia.fiocruz.br\/nosnarede\/wp-json\/wp\/v2\/media\/8970"}],"wp:attachment":[{"href":"https:\/\/brasilia.fiocruz.br\/nosnarede\/wp-json\/wp\/v2\/media?parent=1561"}],"wp:term":[{"taxonomy":"link_category","embeddable":true,"href":"https:\/\/brasilia.fiocruz.br\/nosnarede\/wp-json\/wp\/v2\/link_category?post=1561"},{"taxonomy":"palavras-chave","embeddable":true,"href":"https:\/\/brasilia.fiocruz.br\/nosnarede\/wp-json\/wp\/v2\/palavras-chave?post=1561"},{"taxonomy":"relato-tag","embeddable":true,"href":"https:\/\/brasilia.fiocruz.br\/nosnarede\/wp-json\/wp\/v2\/relato-tag?post=1561"},{"taxonomy":"categoria-de-relato","embeddable":true,"href":"https:\/\/brasilia.fiocruz.br\/nosnarede\/wp-json\/wp\/v2\/categoria-de-relato?post=1561"}],"curies":[{"name":"wp","href":"https:\/\/api.w.org\/{rel}","templated":true}]}}