{"id":2884,"date":"2025-03-24T17:22:37","date_gmt":"2025-03-24T20:22:37","guid":{"rendered":"https:\/\/brasilia.fiocruz.br\/nosnarede\/?post_type=relatos&#038;p=2884"},"modified":"2025-03-24T17:30:46","modified_gmt":"2025-03-24T20:30:46","slug":"capstv-oficina-de-audio-visual","status":"publish","type":"relatos","link":"https:\/\/brasilia.fiocruz.br\/nosnarede\/mostra-de-experiencias\/capstv-oficina-de-audio-visual\/","title":{"rendered":"CapsTV &#8211; Oficina de \u00c1udio Visual"},"content":{"rendered":"\n<h2 class=\"wp-block-heading has-medium-font-size dynamic-field-wrapper-title has-archivo\">Resumo<\/h2>\n\n\n\n<p>A oficina de \u00e1udio visual \u00e9 uma ferramenta do servi\u00e7o de sa\u00fade mental com objetivo principal de fomentar o protagonismo dos usu\u00e1rios, onde os mesmos t\u00eam um espa\u00e7o de liberdade, da cria\u00e7\u00e3o de ideias e express\u00e3o de sentimentos . As ideias nascem dos pr\u00f3prios usu\u00e1rios, que atrav\u00e9s do empoderamento conseguido com as atividades, os mesmos sentiram a necessidade de maior visibilidade desenvolvidas por eles. S\u00e3o atividades de artesanato, jardinagem, musica, oficina dos inventores , onde no espa\u00e7o de roda de investiga\u00e7\u00e3o tem\u00e1tica nasceu a ideia do Caps tv, que al\u00e9m de desmistificar o trabalho em sa\u00fade mental, serve como um canal de divulga\u00e7\u00e3o do servi\u00e7o e eventos de sa\u00fade mental. <\/p>\n\n\n\n<p>S\u00e3o produzidos conte\u00fado de previs\u00e3o do tempo, entrevistas sobre eventos e atividades do Caps, al\u00e9m de reportagens na comunidade, conte\u00fado relacionado a espiritualidade, considerando o ser humano psicossocial e espiritual. A experi\u00eancia que come\u00e7ou em Junho de 2024, \u00e9 um sucesso pois al\u00e9m de colocar o usu\u00e1rio da sa\u00fade mental como protagonista, o servi\u00e7o do Caps est\u00e1 tendo mais visibilidade e intera\u00e7\u00e3o com a comunidade a qual faz parte. A princ\u00edpio os conte\u00fados s\u00e3o publicados nas redes sociais dos pr\u00f3prios usu\u00e1rios, no Facebook, YouTube , tick tok. <\/p>\n\n\n\n<p>Temos parceria com a conta do Facebook Pereira Barreto News onde conte\u00fados criados pelos usu\u00e1rios s\u00e3o postados, possibilitando maior intera\u00e7\u00e3o com a comunidade. Os mun\u00edcipes interagem e visualizam as publica\u00e7\u00f5es resultando em coment\u00e1rios positivos sobre o trabalho desenvolvido , que esta tendo muitas visualiza\u00e7\u00e3o assim como coment\u00e1rios positivos sobre o trabalho no servi\u00e7o.<\/p>\n","protected":false},"featured_media":10102,"template":"","meta":{"_equipe_uf_key":"","_equipe_cidade_key":""},"link_category":[],"palavras-chave":[73,831,257,34],"relato-tag":[50,12,28],"categoria-de-relato":[9,18],"class_list":["post-2884","relatos","type-relatos","status-publish","has-post-thumbnail","hentry","palavras-chave-protagonismo","palavras-chave-recursos-audio-visuais","palavras-chave-usuario","palavras-chave-visibilidade","relato-tag-arte-e-cultura","relato-tag-caps","relato-tag-protagonismo-do-usuario","categoria-de-relato-cuidado-e-diversidade","categoria-de-relato-trabalho-em-equipe"],"yoast_head":"<!-- This site is optimized with the Yoast SEO plugin v27.1.1 - https:\/\/yoast.com\/product\/yoast-seo-wordpress\/ -->\n<title>CapsTV - Oficina de \u00c1udio Visual - N\u00f3s Na Rede<\/title>\n<meta name=\"robots\" content=\"index, follow, max-snippet:-1, max-image-preview:large, max-video-preview:-1\" \/>\n<link rel=\"canonical\" href=\"https:\/\/brasilia.fiocruz.br\/nosnarede\/mostra-de-experiencias\/capstv-oficina-de-audio-visual\/\" \/>\n<meta property=\"og:locale\" content=\"pt_BR\" \/>\n<meta property=\"og:type\" content=\"article\" \/>\n<meta property=\"og:title\" content=\"CapsTV - Oficina de \u00c1udio Visual - N\u00f3s Na Rede\" \/>\n<meta property=\"og:description\" content=\"Resumo A oficina de \u00e1udio visual \u00e9 uma ferramenta do servi\u00e7o de sa\u00fade mental com objetivo principal de fomentar o protagonismo dos usu\u00e1rios, onde os mesmos t\u00eam um espa\u00e7o de liberdade, da cria\u00e7\u00e3o de ideias e express\u00e3o de sentimentos . As ideias nascem dos pr\u00f3prios usu\u00e1rios, que atrav\u00e9s do empoderamento conseguido com as atividades, os [&hellip;]\" \/>\n<meta property=\"og:url\" content=\"https:\/\/brasilia.fiocruz.br\/nosnarede\/mostra-de-experiencias\/capstv-oficina-de-audio-visual\/\" \/>\n<meta property=\"og:site_name\" content=\"N\u00f3s Na Rede\" \/>\n<meta property=\"article:modified_time\" content=\"2025-03-24T20:30:46+00:00\" \/>\n<meta property=\"og:image\" content=\"https:\/\/brasilia.fiocruz.br\/nosnarede\/wp-content\/uploads\/sites\/10\/2025\/03\/Saude-mental-e-educacao-1-1.png\" \/>\n\t<meta property=\"og:image:width\" content=\"960\" \/>\n\t<meta property=\"og:image:height\" content=\"540\" \/>\n\t<meta property=\"og:image:type\" content=\"image\/png\" \/>\n<meta name=\"twitter:card\" content=\"summary_large_image\" \/>\n<meta name=\"twitter:label1\" content=\"Est. tempo de leitura\" \/>\n\t<meta name=\"twitter:data1\" content=\"2 minutos\" \/>\n<script type=\"application\/ld+json\" class=\"yoast-schema-graph\">{\"@context\":\"https:\/\/schema.org\",\"@graph\":[{\"@type\":\"WebPage\",\"@id\":\"https:\/\/brasilia.fiocruz.br\/nosnarede\/mostra-de-experiencias\/capstv-oficina-de-audio-visual\/\",\"url\":\"https:\/\/brasilia.fiocruz.br\/nosnarede\/mostra-de-experiencias\/capstv-oficina-de-audio-visual\/\",\"name\":\"CapsTV - Oficina de \u00c1udio Visual - N\u00f3s Na Rede\",\"isPartOf\":{\"@id\":\"https:\/\/brasilia.fiocruz.br\/nosnarede\/#website\"},\"primaryImageOfPage\":{\"@id\":\"https:\/\/brasilia.fiocruz.br\/nosnarede\/mostra-de-experiencias\/capstv-oficina-de-audio-visual\/#primaryimage\"},\"image\":{\"@id\":\"https:\/\/brasilia.fiocruz.br\/nosnarede\/mostra-de-experiencias\/capstv-oficina-de-audio-visual\/#primaryimage\"},\"thumbnailUrl\":\"https:\/\/brasilia.fiocruz.br\/nosnarede\/wp-content\/uploads\/sites\/10\/2025\/03\/Saude-mental-e-educacao-1-1.png\",\"datePublished\":\"2025-03-24T20:22:37+00:00\",\"dateModified\":\"2025-03-24T20:30:46+00:00\",\"breadcrumb\":{\"@id\":\"https:\/\/brasilia.fiocruz.br\/nosnarede\/mostra-de-experiencias\/capstv-oficina-de-audio-visual\/#breadcrumb\"},\"inLanguage\":\"pt-BR\",\"potentialAction\":[{\"@type\":\"ReadAction\",\"target\":[\"https:\/\/brasilia.fiocruz.br\/nosnarede\/mostra-de-experiencias\/capstv-oficina-de-audio-visual\/\"]}]},{\"@type\":\"ImageObject\",\"inLanguage\":\"pt-BR\",\"@id\":\"https:\/\/brasilia.fiocruz.br\/nosnarede\/mostra-de-experiencias\/capstv-oficina-de-audio-visual\/#primaryimage\",\"url\":\"https:\/\/brasilia.fiocruz.br\/nosnarede\/wp-content\/uploads\/sites\/10\/2025\/03\/Saude-mental-e-educacao-1-1.png\",\"contentUrl\":\"https:\/\/brasilia.fiocruz.br\/nosnarede\/wp-content\/uploads\/sites\/10\/2025\/03\/Saude-mental-e-educacao-1-1.png\",\"width\":960,\"height\":540},{\"@type\":\"BreadcrumbList\",\"@id\":\"https:\/\/brasilia.fiocruz.br\/nosnarede\/mostra-de-experiencias\/capstv-oficina-de-audio-visual\/#breadcrumb\",\"itemListElement\":[{\"@type\":\"ListItem\",\"position\":1,\"name\":\"In\u00edcio\",\"item\":\"https:\/\/brasilia.fiocruz.br\/nosnarede\/\"},{\"@type\":\"ListItem\",\"position\":2,\"name\":\"Relatos\",\"item\":\"https:\/\/brasilia.fiocruz.br\/nosnarede\/mostra-de-experiencias\/\"},{\"@type\":\"ListItem\",\"position\":3,\"name\":\"CapsTV &#8211; Oficina de \u00c1udio Visual\"}]},{\"@type\":\"WebSite\",\"@id\":\"https:\/\/brasilia.fiocruz.br\/nosnarede\/#website\",\"url\":\"https:\/\/brasilia.fiocruz.br\/nosnarede\/\",\"name\":\"N\u00f3s Na Rede\",\"description\":\"\",\"publisher\":{\"@id\":\"https:\/\/brasilia.fiocruz.br\/nosnarede\/#organization\"},\"potentialAction\":[{\"@type\":\"SearchAction\",\"target\":{\"@type\":\"EntryPoint\",\"urlTemplate\":\"https:\/\/brasilia.fiocruz.br\/nosnarede\/?s={search_term_string}\"},\"query-input\":{\"@type\":\"PropertyValueSpecification\",\"valueRequired\":true,\"valueName\":\"search_term_string\"}}],\"inLanguage\":\"pt-BR\"},{\"@type\":\"Organization\",\"@id\":\"https:\/\/brasilia.fiocruz.br\/nosnarede\/#organization\",\"name\":\"N\u00f3s Na Rede\",\"url\":\"https:\/\/brasilia.fiocruz.br\/nosnarede\/\",\"logo\":{\"@type\":\"ImageObject\",\"inLanguage\":\"pt-BR\",\"@id\":\"https:\/\/brasilia.fiocruz.br\/nosnarede\/#\/schema\/logo\/image\/\",\"url\":\"https:\/\/brasilia.fiocruz.br\/nosnarede\/wp-content\/uploads\/sites\/10\/2025\/01\/nos-na-rede-logo.png\",\"contentUrl\":\"https:\/\/brasilia.fiocruz.br\/nosnarede\/wp-content\/uploads\/sites\/10\/2025\/01\/nos-na-rede-logo.png\",\"width\":421,\"height\":159,\"caption\":\"N\u00f3s Na Rede\"},\"image\":{\"@id\":\"https:\/\/brasilia.fiocruz.br\/nosnarede\/#\/schema\/logo\/image\/\"}}]}<\/script>\n<!-- \/ Yoast SEO plugin. -->","yoast_head_json":{"title":"CapsTV - Oficina de \u00c1udio Visual - N\u00f3s Na Rede","robots":{"index":"index","follow":"follow","max-snippet":"max-snippet:-1","max-image-preview":"max-image-preview:large","max-video-preview":"max-video-preview:-1"},"canonical":"https:\/\/brasilia.fiocruz.br\/nosnarede\/mostra-de-experiencias\/capstv-oficina-de-audio-visual\/","og_locale":"pt_BR","og_type":"article","og_title":"CapsTV - Oficina de \u00c1udio Visual - N\u00f3s Na Rede","og_description":"Resumo A oficina de \u00e1udio visual \u00e9 uma ferramenta do servi\u00e7o de sa\u00fade mental com objetivo principal de fomentar o protagonismo dos usu\u00e1rios, onde os mesmos t\u00eam um espa\u00e7o de liberdade, da cria\u00e7\u00e3o de ideias e express\u00e3o de sentimentos . As ideias nascem dos pr\u00f3prios usu\u00e1rios, que atrav\u00e9s do empoderamento conseguido com as atividades, os [&hellip;]","og_url":"https:\/\/brasilia.fiocruz.br\/nosnarede\/mostra-de-experiencias\/capstv-oficina-de-audio-visual\/","og_site_name":"N\u00f3s Na Rede","article_modified_time":"2025-03-24T20:30:46+00:00","og_image":[{"width":960,"height":540,"url":"https:\/\/brasilia.fiocruz.br\/nosnarede\/wp-content\/uploads\/sites\/10\/2025\/03\/Saude-mental-e-educacao-1-1.png","type":"image\/png"}],"twitter_card":"summary_large_image","twitter_misc":{"Est. tempo de leitura":"2 minutos"},"schema":{"@context":"https:\/\/schema.org","@graph":[{"@type":"WebPage","@id":"https:\/\/brasilia.fiocruz.br\/nosnarede\/mostra-de-experiencias\/capstv-oficina-de-audio-visual\/","url":"https:\/\/brasilia.fiocruz.br\/nosnarede\/mostra-de-experiencias\/capstv-oficina-de-audio-visual\/","name":"CapsTV - Oficina de \u00c1udio Visual - N\u00f3s Na Rede","isPartOf":{"@id":"https:\/\/brasilia.fiocruz.br\/nosnarede\/#website"},"primaryImageOfPage":{"@id":"https:\/\/brasilia.fiocruz.br\/nosnarede\/mostra-de-experiencias\/capstv-oficina-de-audio-visual\/#primaryimage"},"image":{"@id":"https:\/\/brasilia.fiocruz.br\/nosnarede\/mostra-de-experiencias\/capstv-oficina-de-audio-visual\/#primaryimage"},"thumbnailUrl":"https:\/\/brasilia.fiocruz.br\/nosnarede\/wp-content\/uploads\/sites\/10\/2025\/03\/Saude-mental-e-educacao-1-1.png","datePublished":"2025-03-24T20:22:37+00:00","dateModified":"2025-03-24T20:30:46+00:00","breadcrumb":{"@id":"https:\/\/brasilia.fiocruz.br\/nosnarede\/mostra-de-experiencias\/capstv-oficina-de-audio-visual\/#breadcrumb"},"inLanguage":"pt-BR","potentialAction":[{"@type":"ReadAction","target":["https:\/\/brasilia.fiocruz.br\/nosnarede\/mostra-de-experiencias\/capstv-oficina-de-audio-visual\/"]}]},{"@type":"ImageObject","inLanguage":"pt-BR","@id":"https:\/\/brasilia.fiocruz.br\/nosnarede\/mostra-de-experiencias\/capstv-oficina-de-audio-visual\/#primaryimage","url":"https:\/\/brasilia.fiocruz.br\/nosnarede\/wp-content\/uploads\/sites\/10\/2025\/03\/Saude-mental-e-educacao-1-1.png","contentUrl":"https:\/\/brasilia.fiocruz.br\/nosnarede\/wp-content\/uploads\/sites\/10\/2025\/03\/Saude-mental-e-educacao-1-1.png","width":960,"height":540},{"@type":"BreadcrumbList","@id":"https:\/\/brasilia.fiocruz.br\/nosnarede\/mostra-de-experiencias\/capstv-oficina-de-audio-visual\/#breadcrumb","itemListElement":[{"@type":"ListItem","position":1,"name":"In\u00edcio","item":"https:\/\/brasilia.fiocruz.br\/nosnarede\/"},{"@type":"ListItem","position":2,"name":"Relatos","item":"https:\/\/brasilia.fiocruz.br\/nosnarede\/mostra-de-experiencias\/"},{"@type":"ListItem","position":3,"name":"CapsTV &#8211; Oficina de \u00c1udio Visual"}]},{"@type":"WebSite","@id":"https:\/\/brasilia.fiocruz.br\/nosnarede\/#website","url":"https:\/\/brasilia.fiocruz.br\/nosnarede\/","name":"N\u00f3s Na Rede","description":"","publisher":{"@id":"https:\/\/brasilia.fiocruz.br\/nosnarede\/#organization"},"potentialAction":[{"@type":"SearchAction","target":{"@type":"EntryPoint","urlTemplate":"https:\/\/brasilia.fiocruz.br\/nosnarede\/?s={search_term_string}"},"query-input":{"@type":"PropertyValueSpecification","valueRequired":true,"valueName":"search_term_string"}}],"inLanguage":"pt-BR"},{"@type":"Organization","@id":"https:\/\/brasilia.fiocruz.br\/nosnarede\/#organization","name":"N\u00f3s Na Rede","url":"https:\/\/brasilia.fiocruz.br\/nosnarede\/","logo":{"@type":"ImageObject","inLanguage":"pt-BR","@id":"https:\/\/brasilia.fiocruz.br\/nosnarede\/#\/schema\/logo\/image\/","url":"https:\/\/brasilia.fiocruz.br\/nosnarede\/wp-content\/uploads\/sites\/10\/2025\/01\/nos-na-rede-logo.png","contentUrl":"https:\/\/brasilia.fiocruz.br\/nosnarede\/wp-content\/uploads\/sites\/10\/2025\/01\/nos-na-rede-logo.png","width":421,"height":159,"caption":"N\u00f3s Na Rede"},"image":{"@id":"https:\/\/brasilia.fiocruz.br\/nosnarede\/#\/schema\/logo\/image\/"}}]}},"_links":{"self":[{"href":"https:\/\/brasilia.fiocruz.br\/nosnarede\/wp-json\/wp\/v2\/relatos\/2884","targetHints":{"allow":["GET"]}}],"collection":[{"href":"https:\/\/brasilia.fiocruz.br\/nosnarede\/wp-json\/wp\/v2\/relatos"}],"about":[{"href":"https:\/\/brasilia.fiocruz.br\/nosnarede\/wp-json\/wp\/v2\/types\/relatos"}],"wp:featuredmedia":[{"embeddable":true,"href":"https:\/\/brasilia.fiocruz.br\/nosnarede\/wp-json\/wp\/v2\/media\/10102"}],"wp:attachment":[{"href":"https:\/\/brasilia.fiocruz.br\/nosnarede\/wp-json\/wp\/v2\/media?parent=2884"}],"wp:term":[{"taxonomy":"link_category","embeddable":true,"href":"https:\/\/brasilia.fiocruz.br\/nosnarede\/wp-json\/wp\/v2\/link_category?post=2884"},{"taxonomy":"palavras-chave","embeddable":true,"href":"https:\/\/brasilia.fiocruz.br\/nosnarede\/wp-json\/wp\/v2\/palavras-chave?post=2884"},{"taxonomy":"relato-tag","embeddable":true,"href":"https:\/\/brasilia.fiocruz.br\/nosnarede\/wp-json\/wp\/v2\/relato-tag?post=2884"},{"taxonomy":"categoria-de-relato","embeddable":true,"href":"https:\/\/brasilia.fiocruz.br\/nosnarede\/wp-json\/wp\/v2\/categoria-de-relato?post=2884"}],"curies":[{"name":"wp","href":"https:\/\/api.w.org\/{rel}","templated":true}]}}