{"id":3112,"date":"2025-03-20T18:09:08","date_gmt":"2025-03-20T21:09:08","guid":{"rendered":"https:\/\/brasilia.fiocruz.br\/nosnarede\/?post_type=relatos&#038;p=3112"},"modified":"2025-03-20T18:09:09","modified_gmt":"2025-03-20T21:09:09","slug":"vozes-femininas","status":"publish","type":"relatos","link":"https:\/\/brasilia.fiocruz.br\/nosnarede\/mostra-de-experiencias\/vozes-femininas\/","title":{"rendered":"Vozes Femininas"},"content":{"rendered":"\n<h2 class=\"wp-block-heading has-medium-font-size dynamic-field-wrapper-title has-archivo\">Resumo<\/h2>\n\n\n\n<p>O Grupo \u201cVozes Femininas\u201d tem como objetivo compartilhar a experi\u00eancia de mulheres que participam da psicoterapia grupal realizada no Centro de Aten\u00e7\u00e3o Psicossocial (CAPS) II Adulto S\u00e3o Miguel Paulista. Ao relatar a hist\u00f3ria do grupo de mulheres, pretendemos abordar como o grupo de mulheres enfrentou dificuldades e se tornou um espa\u00e7o de fortalecimento de singularidades, bem como de abertura para novas possibilidades de vida. <\/p>\n\n\n\n<p>O presente v\u00eddeo ilustra os relatos das participantes deste grupo. As mulheres que integram o \u201cVozes Femininas\u201d buscavam se reestruturar, mas sofriam constantes desestrutura\u00e7\u00f5es. O grupo caminhava de forma semelhante, com momentos de aparente estrutura\u00e7\u00e3o, que n\u00e3o persistiam, seguidos pela crise, com a viv\u00eancia da desintegra\u00e7\u00e3o e da perda de sentido. O grupo passou por alguns desafios, como a resist\u00eancia de algumas participantes e a constante instabilidade de seus sintomas depressivos, emocionais, impossibilitando a manuten\u00e7\u00e3o de sua unidade, enquanto grupo. As participantes apontam que, inicialmente, se mostravam apreensivas a participar do grupo, por\u00e9m, com o passar do tempo, se vincularam umas \u00e0s outras e com a proposta do grupo. <\/p>\n\n\n\n<p>A escuta possibilitou perceber que os relatos das hist\u00f3rias de vida das pacientes se assemelhavam pela experi\u00eancia de desesperan\u00e7a e fracassos na capacidade de ressignifica\u00e7\u00e3o, evidenciada pelo sofrimento ps\u00edquico nunca superado. As participantes notam melhorias e avan\u00e7os significativos a partir do grupo, como aumento da autoestima e da autonomia. Assim, a dire\u00e7\u00e3o do trabalho grupal foi construir identifica\u00e7\u00f5es, confiando que a uni\u00e3o entre elas poderia ser capaz de fortalec\u00ea-las, o que tamb\u00e9m se tornou um ideal.<\/p>\n\n\n<p><!--video--><!--\/video--><\/p>\n\n\n<div class=\"wp-block-group is-layout-constrained wp-block-group-is-layout-constrained\">\n<h2 class=\"wp-block-heading has-medium-font-size dynamic-field-wrapper-title\">V\u00eddeo<\/h2>\n\n\n\n<figure class=\"wp-block-video wrapper-video aspect-16-9\"><video controls muted src=\"https:\/\/brasilia.fiocruz.br\/nosnarede\/wp-content\/uploads\/sites\/10\/2025\/01\/VOZES-FEMININAS.mp4\"><\/video><\/figure>\n<\/div>\n","protected":false},"featured_media":3119,"template":"","meta":{"_equipe_uf_key":"","_equipe_cidade_key":""},"link_category":[],"palavras-chave":[164,130,95,871],"relato-tag":[12,37,72,28],"categoria-de-relato":[18],"class_list":["post-3112","relatos","type-relatos","status-publish","has-post-thumbnail","hentry","palavras-chave-cuidado","palavras-chave-grupo","palavras-chave-mulheres","palavras-chave-vozes-femininas","relato-tag-caps","relato-tag-grupos-terapeuticos","relato-tag-mulheres","relato-tag-protagonismo-do-usuario","categoria-de-relato-trabalho-em-equipe"],"yoast_head":"<!-- This site is optimized with the Yoast SEO plugin v27.1.1 - https:\/\/yoast.com\/product\/yoast-seo-wordpress\/ -->\n<title>Vozes Femininas - N\u00f3s Na Rede<\/title>\n<meta name=\"robots\" content=\"index, follow, max-snippet:-1, max-image-preview:large, max-video-preview:-1\" \/>\n<link rel=\"canonical\" href=\"https:\/\/brasilia.fiocruz.br\/nosnarede\/mostra-de-experiencias\/vozes-femininas\/\" \/>\n<meta property=\"og:locale\" content=\"pt_BR\" \/>\n<meta property=\"og:type\" content=\"article\" \/>\n<meta property=\"og:title\" content=\"Vozes Femininas - N\u00f3s Na Rede\" \/>\n<meta property=\"og:description\" content=\"Resumo O Grupo \u201cVozes Femininas\u201d tem como objetivo compartilhar a experi\u00eancia de mulheres que participam da psicoterapia grupal realizada no Centro de Aten\u00e7\u00e3o Psicossocial (CAPS) II Adulto S\u00e3o Miguel Paulista. Ao relatar a hist\u00f3ria do grupo de mulheres, pretendemos abordar como o grupo de mulheres enfrentou dificuldades e se tornou um espa\u00e7o de fortalecimento de [&hellip;]\" \/>\n<meta property=\"og:url\" content=\"https:\/\/brasilia.fiocruz.br\/nosnarede\/mostra-de-experiencias\/vozes-femininas\/\" \/>\n<meta property=\"og:site_name\" content=\"N\u00f3s Na Rede\" \/>\n<meta property=\"article:modified_time\" content=\"2025-03-20T21:09:09+00:00\" \/>\n<meta property=\"og:image\" content=\"https:\/\/brasilia.fiocruz.br\/nosnarede\/wp-content\/uploads\/sites\/10\/2025\/01\/Vozes-Femininas.jpg\" \/>\n\t<meta property=\"og:image:width\" content=\"1440\" \/>\n\t<meta property=\"og:image:height\" content=\"1920\" \/>\n\t<meta property=\"og:image:type\" content=\"image\/jpeg\" \/>\n<meta name=\"twitter:card\" content=\"summary_large_image\" \/>\n<meta name=\"twitter:label1\" content=\"Est. tempo de leitura\" \/>\n\t<meta name=\"twitter:data1\" content=\"2 minutos\" \/>\n<script type=\"application\/ld+json\" class=\"yoast-schema-graph\">{\"@context\":\"https:\/\/schema.org\",\"@graph\":[{\"@type\":\"WebPage\",\"@id\":\"https:\/\/brasilia.fiocruz.br\/nosnarede\/mostra-de-experiencias\/vozes-femininas\/\",\"url\":\"https:\/\/brasilia.fiocruz.br\/nosnarede\/mostra-de-experiencias\/vozes-femininas\/\",\"name\":\"Vozes Femininas - N\u00f3s Na Rede\",\"isPartOf\":{\"@id\":\"https:\/\/brasilia.fiocruz.br\/nosnarede\/#website\"},\"primaryImageOfPage\":{\"@id\":\"https:\/\/brasilia.fiocruz.br\/nosnarede\/mostra-de-experiencias\/vozes-femininas\/#primaryimage\"},\"image\":{\"@id\":\"https:\/\/brasilia.fiocruz.br\/nosnarede\/mostra-de-experiencias\/vozes-femininas\/#primaryimage\"},\"thumbnailUrl\":\"https:\/\/brasilia.fiocruz.br\/nosnarede\/wp-content\/uploads\/sites\/10\/2025\/01\/Vozes-Femininas.jpg\",\"datePublished\":\"2025-03-20T21:09:08+00:00\",\"dateModified\":\"2025-03-20T21:09:09+00:00\",\"breadcrumb\":{\"@id\":\"https:\/\/brasilia.fiocruz.br\/nosnarede\/mostra-de-experiencias\/vozes-femininas\/#breadcrumb\"},\"inLanguage\":\"pt-BR\",\"potentialAction\":[{\"@type\":\"ReadAction\",\"target\":[\"https:\/\/brasilia.fiocruz.br\/nosnarede\/mostra-de-experiencias\/vozes-femininas\/\"]}]},{\"@type\":\"ImageObject\",\"inLanguage\":\"pt-BR\",\"@id\":\"https:\/\/brasilia.fiocruz.br\/nosnarede\/mostra-de-experiencias\/vozes-femininas\/#primaryimage\",\"url\":\"https:\/\/brasilia.fiocruz.br\/nosnarede\/wp-content\/uploads\/sites\/10\/2025\/01\/Vozes-Femininas.jpg\",\"contentUrl\":\"https:\/\/brasilia.fiocruz.br\/nosnarede\/wp-content\/uploads\/sites\/10\/2025\/01\/Vozes-Femininas.jpg\",\"width\":1440,\"height\":1920},{\"@type\":\"BreadcrumbList\",\"@id\":\"https:\/\/brasilia.fiocruz.br\/nosnarede\/mostra-de-experiencias\/vozes-femininas\/#breadcrumb\",\"itemListElement\":[{\"@type\":\"ListItem\",\"position\":1,\"name\":\"In\u00edcio\",\"item\":\"https:\/\/brasilia.fiocruz.br\/nosnarede\/\"},{\"@type\":\"ListItem\",\"position\":2,\"name\":\"Relatos\",\"item\":\"https:\/\/brasilia.fiocruz.br\/nosnarede\/mostra-de-experiencias\/\"},{\"@type\":\"ListItem\",\"position\":3,\"name\":\"Vozes Femininas\"}]},{\"@type\":\"WebSite\",\"@id\":\"https:\/\/brasilia.fiocruz.br\/nosnarede\/#website\",\"url\":\"https:\/\/brasilia.fiocruz.br\/nosnarede\/\",\"name\":\"N\u00f3s Na Rede\",\"description\":\"\",\"publisher\":{\"@id\":\"https:\/\/brasilia.fiocruz.br\/nosnarede\/#organization\"},\"potentialAction\":[{\"@type\":\"SearchAction\",\"target\":{\"@type\":\"EntryPoint\",\"urlTemplate\":\"https:\/\/brasilia.fiocruz.br\/nosnarede\/?s={search_term_string}\"},\"query-input\":{\"@type\":\"PropertyValueSpecification\",\"valueRequired\":true,\"valueName\":\"search_term_string\"}}],\"inLanguage\":\"pt-BR\"},{\"@type\":\"Organization\",\"@id\":\"https:\/\/brasilia.fiocruz.br\/nosnarede\/#organization\",\"name\":\"N\u00f3s Na Rede\",\"url\":\"https:\/\/brasilia.fiocruz.br\/nosnarede\/\",\"logo\":{\"@type\":\"ImageObject\",\"inLanguage\":\"pt-BR\",\"@id\":\"https:\/\/brasilia.fiocruz.br\/nosnarede\/#\/schema\/logo\/image\/\",\"url\":\"https:\/\/brasilia.fiocruz.br\/nosnarede\/wp-content\/uploads\/sites\/10\/2025\/01\/nos-na-rede-logo.png\",\"contentUrl\":\"https:\/\/brasilia.fiocruz.br\/nosnarede\/wp-content\/uploads\/sites\/10\/2025\/01\/nos-na-rede-logo.png\",\"width\":421,\"height\":159,\"caption\":\"N\u00f3s Na Rede\"},\"image\":{\"@id\":\"https:\/\/brasilia.fiocruz.br\/nosnarede\/#\/schema\/logo\/image\/\"}}]}<\/script>\n<!-- \/ Yoast SEO plugin. -->","yoast_head_json":{"title":"Vozes Femininas - N\u00f3s Na Rede","robots":{"index":"index","follow":"follow","max-snippet":"max-snippet:-1","max-image-preview":"max-image-preview:large","max-video-preview":"max-video-preview:-1"},"canonical":"https:\/\/brasilia.fiocruz.br\/nosnarede\/mostra-de-experiencias\/vozes-femininas\/","og_locale":"pt_BR","og_type":"article","og_title":"Vozes Femininas - N\u00f3s Na Rede","og_description":"Resumo O Grupo \u201cVozes Femininas\u201d tem como objetivo compartilhar a experi\u00eancia de mulheres que participam da psicoterapia grupal realizada no Centro de Aten\u00e7\u00e3o Psicossocial (CAPS) II Adulto S\u00e3o Miguel Paulista. Ao relatar a hist\u00f3ria do grupo de mulheres, pretendemos abordar como o grupo de mulheres enfrentou dificuldades e se tornou um espa\u00e7o de fortalecimento de [&hellip;]","og_url":"https:\/\/brasilia.fiocruz.br\/nosnarede\/mostra-de-experiencias\/vozes-femininas\/","og_site_name":"N\u00f3s Na Rede","article_modified_time":"2025-03-20T21:09:09+00:00","og_image":[{"width":1440,"height":1920,"url":"https:\/\/brasilia.fiocruz.br\/nosnarede\/wp-content\/uploads\/sites\/10\/2025\/01\/Vozes-Femininas.jpg","type":"image\/jpeg"}],"twitter_card":"summary_large_image","twitter_misc":{"Est. tempo de leitura":"2 minutos"},"schema":{"@context":"https:\/\/schema.org","@graph":[{"@type":"WebPage","@id":"https:\/\/brasilia.fiocruz.br\/nosnarede\/mostra-de-experiencias\/vozes-femininas\/","url":"https:\/\/brasilia.fiocruz.br\/nosnarede\/mostra-de-experiencias\/vozes-femininas\/","name":"Vozes Femininas - N\u00f3s Na Rede","isPartOf":{"@id":"https:\/\/brasilia.fiocruz.br\/nosnarede\/#website"},"primaryImageOfPage":{"@id":"https:\/\/brasilia.fiocruz.br\/nosnarede\/mostra-de-experiencias\/vozes-femininas\/#primaryimage"},"image":{"@id":"https:\/\/brasilia.fiocruz.br\/nosnarede\/mostra-de-experiencias\/vozes-femininas\/#primaryimage"},"thumbnailUrl":"https:\/\/brasilia.fiocruz.br\/nosnarede\/wp-content\/uploads\/sites\/10\/2025\/01\/Vozes-Femininas.jpg","datePublished":"2025-03-20T21:09:08+00:00","dateModified":"2025-03-20T21:09:09+00:00","breadcrumb":{"@id":"https:\/\/brasilia.fiocruz.br\/nosnarede\/mostra-de-experiencias\/vozes-femininas\/#breadcrumb"},"inLanguage":"pt-BR","potentialAction":[{"@type":"ReadAction","target":["https:\/\/brasilia.fiocruz.br\/nosnarede\/mostra-de-experiencias\/vozes-femininas\/"]}]},{"@type":"ImageObject","inLanguage":"pt-BR","@id":"https:\/\/brasilia.fiocruz.br\/nosnarede\/mostra-de-experiencias\/vozes-femininas\/#primaryimage","url":"https:\/\/brasilia.fiocruz.br\/nosnarede\/wp-content\/uploads\/sites\/10\/2025\/01\/Vozes-Femininas.jpg","contentUrl":"https:\/\/brasilia.fiocruz.br\/nosnarede\/wp-content\/uploads\/sites\/10\/2025\/01\/Vozes-Femininas.jpg","width":1440,"height":1920},{"@type":"BreadcrumbList","@id":"https:\/\/brasilia.fiocruz.br\/nosnarede\/mostra-de-experiencias\/vozes-femininas\/#breadcrumb","itemListElement":[{"@type":"ListItem","position":1,"name":"In\u00edcio","item":"https:\/\/brasilia.fiocruz.br\/nosnarede\/"},{"@type":"ListItem","position":2,"name":"Relatos","item":"https:\/\/brasilia.fiocruz.br\/nosnarede\/mostra-de-experiencias\/"},{"@type":"ListItem","position":3,"name":"Vozes Femininas"}]},{"@type":"WebSite","@id":"https:\/\/brasilia.fiocruz.br\/nosnarede\/#website","url":"https:\/\/brasilia.fiocruz.br\/nosnarede\/","name":"N\u00f3s Na Rede","description":"","publisher":{"@id":"https:\/\/brasilia.fiocruz.br\/nosnarede\/#organization"},"potentialAction":[{"@type":"SearchAction","target":{"@type":"EntryPoint","urlTemplate":"https:\/\/brasilia.fiocruz.br\/nosnarede\/?s={search_term_string}"},"query-input":{"@type":"PropertyValueSpecification","valueRequired":true,"valueName":"search_term_string"}}],"inLanguage":"pt-BR"},{"@type":"Organization","@id":"https:\/\/brasilia.fiocruz.br\/nosnarede\/#organization","name":"N\u00f3s Na Rede","url":"https:\/\/brasilia.fiocruz.br\/nosnarede\/","logo":{"@type":"ImageObject","inLanguage":"pt-BR","@id":"https:\/\/brasilia.fiocruz.br\/nosnarede\/#\/schema\/logo\/image\/","url":"https:\/\/brasilia.fiocruz.br\/nosnarede\/wp-content\/uploads\/sites\/10\/2025\/01\/nos-na-rede-logo.png","contentUrl":"https:\/\/brasilia.fiocruz.br\/nosnarede\/wp-content\/uploads\/sites\/10\/2025\/01\/nos-na-rede-logo.png","width":421,"height":159,"caption":"N\u00f3s Na Rede"},"image":{"@id":"https:\/\/brasilia.fiocruz.br\/nosnarede\/#\/schema\/logo\/image\/"}}]}},"_links":{"self":[{"href":"https:\/\/brasilia.fiocruz.br\/nosnarede\/wp-json\/wp\/v2\/relatos\/3112","targetHints":{"allow":["GET"]}}],"collection":[{"href":"https:\/\/brasilia.fiocruz.br\/nosnarede\/wp-json\/wp\/v2\/relatos"}],"about":[{"href":"https:\/\/brasilia.fiocruz.br\/nosnarede\/wp-json\/wp\/v2\/types\/relatos"}],"wp:featuredmedia":[{"embeddable":true,"href":"https:\/\/brasilia.fiocruz.br\/nosnarede\/wp-json\/wp\/v2\/media\/3119"}],"wp:attachment":[{"href":"https:\/\/brasilia.fiocruz.br\/nosnarede\/wp-json\/wp\/v2\/media?parent=3112"}],"wp:term":[{"taxonomy":"link_category","embeddable":true,"href":"https:\/\/brasilia.fiocruz.br\/nosnarede\/wp-json\/wp\/v2\/link_category?post=3112"},{"taxonomy":"palavras-chave","embeddable":true,"href":"https:\/\/brasilia.fiocruz.br\/nosnarede\/wp-json\/wp\/v2\/palavras-chave?post=3112"},{"taxonomy":"relato-tag","embeddable":true,"href":"https:\/\/brasilia.fiocruz.br\/nosnarede\/wp-json\/wp\/v2\/relato-tag?post=3112"},{"taxonomy":"categoria-de-relato","embeddable":true,"href":"https:\/\/brasilia.fiocruz.br\/nosnarede\/wp-json\/wp\/v2\/categoria-de-relato?post=3112"}],"curies":[{"name":"wp","href":"https:\/\/api.w.org\/{rel}","templated":true}]}}