{"id":3253,"date":"2025-03-20T11:10:28","date_gmt":"2025-03-20T14:10:28","guid":{"rendered":"https:\/\/brasilia.fiocruz.br\/nosnarede\/?post_type=relatos&#038;p=3253"},"modified":"2025-03-20T11:12:56","modified_gmt":"2025-03-20T14:12:56","slug":"a-arte-como-processo-de-tratamento","status":"publish","type":"relatos","link":"https:\/\/brasilia.fiocruz.br\/nosnarede\/mostra-de-experiencias\/a-arte-como-processo-de-tratamento\/","title":{"rendered":"A arte como processo de tratamento!"},"content":{"rendered":"\n<h2 class=\"wp-block-heading has-medium-font-size dynamic-field-wrapper-title has-archivo\">Resumo<\/h2>\n\n\n\n<p>O Ambulat\u00f3rio Regional de Sa\u00fade Mental mantido pela SES\/DRS XI, atende a 700 pacientes com sofrimentos mentais. Entre as atividades desenvolvidas no ambulat\u00f3rio destacamos as oficinas terap\u00eauticas de produ\u00e7\u00e3o art\u00edstica que atuam no processo de transforma\u00e7\u00e3o pessoal, propiciando memorias afetivas, autoestima, valoriza\u00e7\u00e3o pessoal, buscando sempre refor\u00e7ar as potencialidades e trabalhar as fragilidades de cada indiv\u00edduo. Nas oficinas, atrav\u00e9s dos grupos, podemos citar a toler\u00e2ncia, o respeito e o protagonismo fazendo parte dos nossos resultados. Uma face importante do trabalho \u00e9 intersetorialidade. <\/p>\n\n\n\n<p>A oportunidade de expor e vender o produto confeccionado, na feira realizada pela Secretaria Municipal de Cultura (EXPODEF) e Secretaria da Educa\u00e7\u00e3o amplia as possibilidades de inclus\u00e3o trazendo uma importante sensa\u00e7\u00e3o de pertencimento social o que traz um retorno emocional importante. Estas feiras desenvolvem protagonismo, organiza\u00e7\u00e3o, melhora da alta estima, sentimento de pertencimento. Os usu\u00e1rios criaram frentes para organizar a exposi\u00e7\u00e3o, escolha dos produtos, prepara\u00e7\u00e3o do lanche, manuseio e o transporte, vendas e at\u00e9 o mesmo o troco, (CAIXA), merecem aten\u00e7\u00e3o especial de um grupo determinado. <\/p>\n\n\n\n<p>Um checklist, foi implantado com a ajuda da terapeuta ocupacional e assistente social que acompanha as oficinas e cada item e cuidadosamente pensado. A participa\u00e7\u00e3o nas pequenas exposi\u00e7\u00f5es locais tem sido um diferencial quando se trata de planejamento e organiza\u00e7\u00e3o, at\u00e9 mesmo a confec\u00e7\u00e3o dos trabalhos \u00e9 pensada e direcionada proporcionando motiva\u00e7\u00e3o e interesse.<\/p>\n\n\n<p><!--video--><!--\/video--><\/p>\n\n\n<div class=\"wp-block-group is-layout-constrained wp-block-group-is-layout-constrained\">\n<h2 class=\"wp-block-heading has-medium-font-size dynamic-field-wrapper-title\">V\u00eddeo<\/h2>\n\n\n\n<figure class=\"wp-block-video wrapper-video aspect-16-9\"><video controls muted src=\"https:\/\/brasilia.fiocruz.br\/nosnarede\/wp-content\/uploads\/sites\/10\/2025\/01\/Trabalho-arte.mp4\"><\/video><\/figure>\n<\/div>\n","protected":false},"featured_media":3267,"template":"","meta":{"_equipe_uf_key":"","_equipe_cidade_key":""},"link_category":[],"palavras-chave":[911,912,91,445,760,73,665,913],"relato-tag":[28,23,22],"categoria-de-relato":[19,18],"class_list":["post-3253","relatos","type-relatos","status-publish","has-post-thumbnail","hentry","palavras-chave-articulacao","palavras-chave-distribuicao-de-trabalho","palavras-chave-diversidade","palavras-chave-inclusao","palavras-chave-planejamento","palavras-chave-protagonismo","palavras-chave-redes","palavras-chave-valorizacao-pessoal","relato-tag-protagonismo-do-usuario","relato-tag-recursos-comunitarios","relato-tag-territorio","categoria-de-relato-articulacao-em-rede-intra-e-intersetorial","categoria-de-relato-trabalho-em-equipe"],"yoast_head":"<!-- This site is optimized with the Yoast SEO plugin v27.1.1 - https:\/\/yoast.com\/product\/yoast-seo-wordpress\/ -->\n<title>A arte como processo de tratamento! - N\u00f3s Na Rede<\/title>\n<meta name=\"robots\" content=\"index, follow, max-snippet:-1, max-image-preview:large, max-video-preview:-1\" \/>\n<link rel=\"canonical\" href=\"https:\/\/brasilia.fiocruz.br\/nosnarede\/mostra-de-experiencias\/a-arte-como-processo-de-tratamento\/\" \/>\n<meta property=\"og:locale\" content=\"pt_BR\" \/>\n<meta property=\"og:type\" content=\"article\" \/>\n<meta property=\"og:title\" content=\"A arte como processo de tratamento! - N\u00f3s Na Rede\" \/>\n<meta property=\"og:description\" content=\"Resumo O Ambulat\u00f3rio Regional de Sa\u00fade Mental mantido pela SES\/DRS XI, atende a 700 pacientes com sofrimentos mentais. Entre as atividades desenvolvidas no ambulat\u00f3rio destacamos as oficinas terap\u00eauticas de produ\u00e7\u00e3o art\u00edstica que atuam no processo de transforma\u00e7\u00e3o pessoal, propiciando memorias afetivas, autoestima, valoriza\u00e7\u00e3o pessoal, buscando sempre refor\u00e7ar as potencialidades e trabalhar as fragilidades de cada [&hellip;]\" \/>\n<meta property=\"og:url\" content=\"https:\/\/brasilia.fiocruz.br\/nosnarede\/mostra-de-experiencias\/a-arte-como-processo-de-tratamento\/\" \/>\n<meta property=\"og:site_name\" content=\"N\u00f3s Na Rede\" \/>\n<meta property=\"article:modified_time\" content=\"2025-03-20T14:12:56+00:00\" \/>\n<meta property=\"og:image\" content=\"https:\/\/brasilia.fiocruz.br\/nosnarede\/wp-content\/uploads\/sites\/10\/2025\/01\/Capa-31.jpg\" \/>\n\t<meta property=\"og:image:width\" content=\"960\" \/>\n\t<meta property=\"og:image:height\" content=\"1280\" \/>\n\t<meta property=\"og:image:type\" content=\"image\/jpeg\" \/>\n<meta name=\"twitter:card\" content=\"summary_large_image\" \/>\n<meta name=\"twitter:label1\" content=\"Est. tempo de leitura\" \/>\n\t<meta name=\"twitter:data1\" content=\"2 minutos\" \/>\n<script type=\"application\/ld+json\" class=\"yoast-schema-graph\">{\"@context\":\"https:\/\/schema.org\",\"@graph\":[{\"@type\":\"WebPage\",\"@id\":\"https:\/\/brasilia.fiocruz.br\/nosnarede\/mostra-de-experiencias\/a-arte-como-processo-de-tratamento\/\",\"url\":\"https:\/\/brasilia.fiocruz.br\/nosnarede\/mostra-de-experiencias\/a-arte-como-processo-de-tratamento\/\",\"name\":\"A arte como processo de tratamento! - N\u00f3s Na Rede\",\"isPartOf\":{\"@id\":\"https:\/\/brasilia.fiocruz.br\/nosnarede\/#website\"},\"primaryImageOfPage\":{\"@id\":\"https:\/\/brasilia.fiocruz.br\/nosnarede\/mostra-de-experiencias\/a-arte-como-processo-de-tratamento\/#primaryimage\"},\"image\":{\"@id\":\"https:\/\/brasilia.fiocruz.br\/nosnarede\/mostra-de-experiencias\/a-arte-como-processo-de-tratamento\/#primaryimage\"},\"thumbnailUrl\":\"https:\/\/brasilia.fiocruz.br\/nosnarede\/wp-content\/uploads\/sites\/10\/2025\/01\/Capa-31.jpg\",\"datePublished\":\"2025-03-20T14:10:28+00:00\",\"dateModified\":\"2025-03-20T14:12:56+00:00\",\"breadcrumb\":{\"@id\":\"https:\/\/brasilia.fiocruz.br\/nosnarede\/mostra-de-experiencias\/a-arte-como-processo-de-tratamento\/#breadcrumb\"},\"inLanguage\":\"pt-BR\",\"potentialAction\":[{\"@type\":\"ReadAction\",\"target\":[\"https:\/\/brasilia.fiocruz.br\/nosnarede\/mostra-de-experiencias\/a-arte-como-processo-de-tratamento\/\"]}]},{\"@type\":\"ImageObject\",\"inLanguage\":\"pt-BR\",\"@id\":\"https:\/\/brasilia.fiocruz.br\/nosnarede\/mostra-de-experiencias\/a-arte-como-processo-de-tratamento\/#primaryimage\",\"url\":\"https:\/\/brasilia.fiocruz.br\/nosnarede\/wp-content\/uploads\/sites\/10\/2025\/01\/Capa-31.jpg\",\"contentUrl\":\"https:\/\/brasilia.fiocruz.br\/nosnarede\/wp-content\/uploads\/sites\/10\/2025\/01\/Capa-31.jpg\",\"width\":960,\"height\":1280},{\"@type\":\"BreadcrumbList\",\"@id\":\"https:\/\/brasilia.fiocruz.br\/nosnarede\/mostra-de-experiencias\/a-arte-como-processo-de-tratamento\/#breadcrumb\",\"itemListElement\":[{\"@type\":\"ListItem\",\"position\":1,\"name\":\"In\u00edcio\",\"item\":\"https:\/\/brasilia.fiocruz.br\/nosnarede\/\"},{\"@type\":\"ListItem\",\"position\":2,\"name\":\"Relatos\",\"item\":\"https:\/\/brasilia.fiocruz.br\/nosnarede\/mostra-de-experiencias\/\"},{\"@type\":\"ListItem\",\"position\":3,\"name\":\"A arte como processo de tratamento!\"}]},{\"@type\":\"WebSite\",\"@id\":\"https:\/\/brasilia.fiocruz.br\/nosnarede\/#website\",\"url\":\"https:\/\/brasilia.fiocruz.br\/nosnarede\/\",\"name\":\"N\u00f3s Na Rede\",\"description\":\"\",\"publisher\":{\"@id\":\"https:\/\/brasilia.fiocruz.br\/nosnarede\/#organization\"},\"potentialAction\":[{\"@type\":\"SearchAction\",\"target\":{\"@type\":\"EntryPoint\",\"urlTemplate\":\"https:\/\/brasilia.fiocruz.br\/nosnarede\/?s={search_term_string}\"},\"query-input\":{\"@type\":\"PropertyValueSpecification\",\"valueRequired\":true,\"valueName\":\"search_term_string\"}}],\"inLanguage\":\"pt-BR\"},{\"@type\":\"Organization\",\"@id\":\"https:\/\/brasilia.fiocruz.br\/nosnarede\/#organization\",\"name\":\"N\u00f3s Na Rede\",\"url\":\"https:\/\/brasilia.fiocruz.br\/nosnarede\/\",\"logo\":{\"@type\":\"ImageObject\",\"inLanguage\":\"pt-BR\",\"@id\":\"https:\/\/brasilia.fiocruz.br\/nosnarede\/#\/schema\/logo\/image\/\",\"url\":\"https:\/\/brasilia.fiocruz.br\/nosnarede\/wp-content\/uploads\/sites\/10\/2025\/01\/nos-na-rede-logo.png\",\"contentUrl\":\"https:\/\/brasilia.fiocruz.br\/nosnarede\/wp-content\/uploads\/sites\/10\/2025\/01\/nos-na-rede-logo.png\",\"width\":421,\"height\":159,\"caption\":\"N\u00f3s Na Rede\"},\"image\":{\"@id\":\"https:\/\/brasilia.fiocruz.br\/nosnarede\/#\/schema\/logo\/image\/\"}}]}<\/script>\n<!-- \/ Yoast SEO plugin. -->","yoast_head_json":{"title":"A arte como processo de tratamento! - N\u00f3s Na Rede","robots":{"index":"index","follow":"follow","max-snippet":"max-snippet:-1","max-image-preview":"max-image-preview:large","max-video-preview":"max-video-preview:-1"},"canonical":"https:\/\/brasilia.fiocruz.br\/nosnarede\/mostra-de-experiencias\/a-arte-como-processo-de-tratamento\/","og_locale":"pt_BR","og_type":"article","og_title":"A arte como processo de tratamento! - N\u00f3s Na Rede","og_description":"Resumo O Ambulat\u00f3rio Regional de Sa\u00fade Mental mantido pela SES\/DRS XI, atende a 700 pacientes com sofrimentos mentais. Entre as atividades desenvolvidas no ambulat\u00f3rio destacamos as oficinas terap\u00eauticas de produ\u00e7\u00e3o art\u00edstica que atuam no processo de transforma\u00e7\u00e3o pessoal, propiciando memorias afetivas, autoestima, valoriza\u00e7\u00e3o pessoal, buscando sempre refor\u00e7ar as potencialidades e trabalhar as fragilidades de cada [&hellip;]","og_url":"https:\/\/brasilia.fiocruz.br\/nosnarede\/mostra-de-experiencias\/a-arte-como-processo-de-tratamento\/","og_site_name":"N\u00f3s Na Rede","article_modified_time":"2025-03-20T14:12:56+00:00","og_image":[{"width":960,"height":1280,"url":"https:\/\/brasilia.fiocruz.br\/nosnarede\/wp-content\/uploads\/sites\/10\/2025\/01\/Capa-31.jpg","type":"image\/jpeg"}],"twitter_card":"summary_large_image","twitter_misc":{"Est. tempo de leitura":"2 minutos"},"schema":{"@context":"https:\/\/schema.org","@graph":[{"@type":"WebPage","@id":"https:\/\/brasilia.fiocruz.br\/nosnarede\/mostra-de-experiencias\/a-arte-como-processo-de-tratamento\/","url":"https:\/\/brasilia.fiocruz.br\/nosnarede\/mostra-de-experiencias\/a-arte-como-processo-de-tratamento\/","name":"A arte como processo de tratamento! - N\u00f3s Na Rede","isPartOf":{"@id":"https:\/\/brasilia.fiocruz.br\/nosnarede\/#website"},"primaryImageOfPage":{"@id":"https:\/\/brasilia.fiocruz.br\/nosnarede\/mostra-de-experiencias\/a-arte-como-processo-de-tratamento\/#primaryimage"},"image":{"@id":"https:\/\/brasilia.fiocruz.br\/nosnarede\/mostra-de-experiencias\/a-arte-como-processo-de-tratamento\/#primaryimage"},"thumbnailUrl":"https:\/\/brasilia.fiocruz.br\/nosnarede\/wp-content\/uploads\/sites\/10\/2025\/01\/Capa-31.jpg","datePublished":"2025-03-20T14:10:28+00:00","dateModified":"2025-03-20T14:12:56+00:00","breadcrumb":{"@id":"https:\/\/brasilia.fiocruz.br\/nosnarede\/mostra-de-experiencias\/a-arte-como-processo-de-tratamento\/#breadcrumb"},"inLanguage":"pt-BR","potentialAction":[{"@type":"ReadAction","target":["https:\/\/brasilia.fiocruz.br\/nosnarede\/mostra-de-experiencias\/a-arte-como-processo-de-tratamento\/"]}]},{"@type":"ImageObject","inLanguage":"pt-BR","@id":"https:\/\/brasilia.fiocruz.br\/nosnarede\/mostra-de-experiencias\/a-arte-como-processo-de-tratamento\/#primaryimage","url":"https:\/\/brasilia.fiocruz.br\/nosnarede\/wp-content\/uploads\/sites\/10\/2025\/01\/Capa-31.jpg","contentUrl":"https:\/\/brasilia.fiocruz.br\/nosnarede\/wp-content\/uploads\/sites\/10\/2025\/01\/Capa-31.jpg","width":960,"height":1280},{"@type":"BreadcrumbList","@id":"https:\/\/brasilia.fiocruz.br\/nosnarede\/mostra-de-experiencias\/a-arte-como-processo-de-tratamento\/#breadcrumb","itemListElement":[{"@type":"ListItem","position":1,"name":"In\u00edcio","item":"https:\/\/brasilia.fiocruz.br\/nosnarede\/"},{"@type":"ListItem","position":2,"name":"Relatos","item":"https:\/\/brasilia.fiocruz.br\/nosnarede\/mostra-de-experiencias\/"},{"@type":"ListItem","position":3,"name":"A arte como processo de tratamento!"}]},{"@type":"WebSite","@id":"https:\/\/brasilia.fiocruz.br\/nosnarede\/#website","url":"https:\/\/brasilia.fiocruz.br\/nosnarede\/","name":"N\u00f3s Na Rede","description":"","publisher":{"@id":"https:\/\/brasilia.fiocruz.br\/nosnarede\/#organization"},"potentialAction":[{"@type":"SearchAction","target":{"@type":"EntryPoint","urlTemplate":"https:\/\/brasilia.fiocruz.br\/nosnarede\/?s={search_term_string}"},"query-input":{"@type":"PropertyValueSpecification","valueRequired":true,"valueName":"search_term_string"}}],"inLanguage":"pt-BR"},{"@type":"Organization","@id":"https:\/\/brasilia.fiocruz.br\/nosnarede\/#organization","name":"N\u00f3s Na Rede","url":"https:\/\/brasilia.fiocruz.br\/nosnarede\/","logo":{"@type":"ImageObject","inLanguage":"pt-BR","@id":"https:\/\/brasilia.fiocruz.br\/nosnarede\/#\/schema\/logo\/image\/","url":"https:\/\/brasilia.fiocruz.br\/nosnarede\/wp-content\/uploads\/sites\/10\/2025\/01\/nos-na-rede-logo.png","contentUrl":"https:\/\/brasilia.fiocruz.br\/nosnarede\/wp-content\/uploads\/sites\/10\/2025\/01\/nos-na-rede-logo.png","width":421,"height":159,"caption":"N\u00f3s Na Rede"},"image":{"@id":"https:\/\/brasilia.fiocruz.br\/nosnarede\/#\/schema\/logo\/image\/"}}]}},"_links":{"self":[{"href":"https:\/\/brasilia.fiocruz.br\/nosnarede\/wp-json\/wp\/v2\/relatos\/3253","targetHints":{"allow":["GET"]}}],"collection":[{"href":"https:\/\/brasilia.fiocruz.br\/nosnarede\/wp-json\/wp\/v2\/relatos"}],"about":[{"href":"https:\/\/brasilia.fiocruz.br\/nosnarede\/wp-json\/wp\/v2\/types\/relatos"}],"wp:featuredmedia":[{"embeddable":true,"href":"https:\/\/brasilia.fiocruz.br\/nosnarede\/wp-json\/wp\/v2\/media\/3267"}],"wp:attachment":[{"href":"https:\/\/brasilia.fiocruz.br\/nosnarede\/wp-json\/wp\/v2\/media?parent=3253"}],"wp:term":[{"taxonomy":"link_category","embeddable":true,"href":"https:\/\/brasilia.fiocruz.br\/nosnarede\/wp-json\/wp\/v2\/link_category?post=3253"},{"taxonomy":"palavras-chave","embeddable":true,"href":"https:\/\/brasilia.fiocruz.br\/nosnarede\/wp-json\/wp\/v2\/palavras-chave?post=3253"},{"taxonomy":"relato-tag","embeddable":true,"href":"https:\/\/brasilia.fiocruz.br\/nosnarede\/wp-json\/wp\/v2\/relato-tag?post=3253"},{"taxonomy":"categoria-de-relato","embeddable":true,"href":"https:\/\/brasilia.fiocruz.br\/nosnarede\/wp-json\/wp\/v2\/categoria-de-relato?post=3253"}],"curies":[{"name":"wp","href":"https:\/\/api.w.org\/{rel}","templated":true}]}}