{"id":3579,"date":"2025-03-18T19:53:03","date_gmt":"2025-03-18T22:53:03","guid":{"rendered":"https:\/\/brasilia.fiocruz.br\/nosnarede\/?post_type=relatos&#038;p=3579"},"modified":"2025-03-18T19:53:04","modified_gmt":"2025-03-18T22:53:04","slug":"a-hora-da-planta","status":"publish","type":"relatos","link":"https:\/\/brasilia.fiocruz.br\/nosnarede\/mostra-de-experiencias\/a-hora-da-planta\/","title":{"rendered":"A HORA DA PLANTA"},"content":{"rendered":"\n<h2 class=\"wp-block-heading has-medium-font-size dynamic-field-wrapper-title has-archivo\">Resumo<\/h2>\n\n\n\n<p>Experiencia criada em prol de desenvolver um interesse da popula\u00e7\u00e3o usuaria do SUS na jardinagem e cuidados de plantas medicinais e fitoterapicas, com a inten\u00e7\u00e3o de promover intera\u00e7\u00e3o social, lazer, resgate de memorias e formas de sa\u00fade fora do ambiente cl\u00ednico convencional, promovendo assim qualidade de vida e novas possibilidades de hobbies e distra\u00e7\u00f5es para a vida cotidiana dos usuarios da rede, visando sempre sua saude mental em processo terap\u00eautico.<\/p>\n\n\n\n<div class=\"wp-block-group dynamic-field-wrapper is-layout-constrained wp-block-group-is-layout-constrained\">\n<h5 class=\"wp-block-heading has-medium-font-size dynamic-field-wrapper-title\">Imagens <\/h5>\n\n\n\n<figure class=\"wp-block-gallery has-nested-images columns-3 is-cropped wp-block-gallery-1 is-layout-flex wp-block-gallery-is-layout-flex\">\n<figure class=\"wp-block-image size-thumbnail\"><a href=\"https:\/\/brasilia.fiocruz.br\/nosnarede\/wp-content\/uploads\/sites\/10\/2025\/01\/CAPA-A-HORA-DA-PLANTA.jpg\"><img decoding=\"async\" width=\"150\" height=\"150\" data-id=\"3609\" data-src=\"https:\/\/brasilia.fiocruz.br\/nosnarede\/wp-content\/uploads\/sites\/10\/2025\/01\/CAPA-A-HORA-DA-PLANTA-150x150.jpg\" alt=\"\" class=\"wp-image-3609 lazyload\" data-srcset=\"https:\/\/brasilia.fiocruz.br\/nosnarede\/wp-content\/uploads\/sites\/10\/2025\/01\/CAPA-A-HORA-DA-PLANTA-150x150.jpg 150w, https:\/\/brasilia.fiocruz.br\/nosnarede\/wp-content\/uploads\/sites\/10\/2025\/01\/CAPA-A-HORA-DA-PLANTA-120x120.jpg 120w\" data-sizes=\"(max-width: 150px) 100vw, 150px\" src=\"data:image\/svg+xml;base64,PHN2ZyB3aWR0aD0iMSIgaGVpZ2h0PSIxIiB4bWxucz0iaHR0cDovL3d3dy53My5vcmcvMjAwMC9zdmciPjwvc3ZnPg==\" style=\"--smush-placeholder-width: 150px; --smush-placeholder-aspect-ratio: 150\/150;\" \/><\/a><\/figure>\n\n\n\n<figure class=\"wp-block-image size-thumbnail\"><a href=\"https:\/\/brasilia.fiocruz.br\/nosnarede\/wp-content\/uploads\/sites\/10\/2025\/01\/IMG_20240426_075945902-scaled.jpg\"><img decoding=\"async\" width=\"150\" height=\"150\" data-id=\"3611\" data-src=\"https:\/\/brasilia.fiocruz.br\/nosnarede\/wp-content\/uploads\/sites\/10\/2025\/01\/IMG_20240426_075945902-150x150.jpg\" alt=\"\" class=\"wp-image-3611 lazyload\" data-srcset=\"https:\/\/brasilia.fiocruz.br\/nosnarede\/wp-content\/uploads\/sites\/10\/2025\/01\/IMG_20240426_075945902-150x150.jpg 150w, https:\/\/brasilia.fiocruz.br\/nosnarede\/wp-content\/uploads\/sites\/10\/2025\/01\/IMG_20240426_075945902-120x120.jpg 120w\" data-sizes=\"(max-width: 150px) 100vw, 150px\" src=\"data:image\/svg+xml;base64,PHN2ZyB3aWR0aD0iMSIgaGVpZ2h0PSIxIiB4bWxucz0iaHR0cDovL3d3dy53My5vcmcvMjAwMC9zdmciPjwvc3ZnPg==\" style=\"--smush-placeholder-width: 150px; --smush-placeholder-aspect-ratio: 150\/150;\" \/><\/a><\/figure>\n\n\n\n<figure class=\"wp-block-image size-thumbnail\"><a href=\"https:\/\/brasilia.fiocruz.br\/nosnarede\/wp-content\/uploads\/sites\/10\/2025\/01\/IMG_20240426_080005673-scaled.jpg\"><img decoding=\"async\" width=\"150\" height=\"150\" data-id=\"3614\" data-src=\"https:\/\/brasilia.fiocruz.br\/nosnarede\/wp-content\/uploads\/sites\/10\/2025\/01\/IMG_20240426_080005673-150x150.jpg\" alt=\"\" class=\"wp-image-3614 lazyload\" data-srcset=\"https:\/\/brasilia.fiocruz.br\/nosnarede\/wp-content\/uploads\/sites\/10\/2025\/01\/IMG_20240426_080005673-150x150.jpg 150w, https:\/\/brasilia.fiocruz.br\/nosnarede\/wp-content\/uploads\/sites\/10\/2025\/01\/IMG_20240426_080005673-120x120.jpg 120w\" data-sizes=\"(max-width: 150px) 100vw, 150px\" src=\"data:image\/svg+xml;base64,PHN2ZyB3aWR0aD0iMSIgaGVpZ2h0PSIxIiB4bWxucz0iaHR0cDovL3d3dy53My5vcmcvMjAwMC9zdmciPjwvc3ZnPg==\" style=\"--smush-placeholder-width: 150px; --smush-placeholder-aspect-ratio: 150\/150;\" \/><\/a><\/figure>\n\n\n\n<figure class=\"wp-block-image size-thumbnail\"><a href=\"https:\/\/brasilia.fiocruz.br\/nosnarede\/wp-content\/uploads\/sites\/10\/2025\/01\/IMG_20240426_080020895-scaled.jpg\"><img decoding=\"async\" width=\"150\" height=\"150\" data-id=\"3615\" data-src=\"https:\/\/brasilia.fiocruz.br\/nosnarede\/wp-content\/uploads\/sites\/10\/2025\/01\/IMG_20240426_080020895-150x150.jpg\" alt=\"\" class=\"wp-image-3615 lazyload\" data-srcset=\"https:\/\/brasilia.fiocruz.br\/nosnarede\/wp-content\/uploads\/sites\/10\/2025\/01\/IMG_20240426_080020895-150x150.jpg 150w, https:\/\/brasilia.fiocruz.br\/nosnarede\/wp-content\/uploads\/sites\/10\/2025\/01\/IMG_20240426_080020895-120x120.jpg 120w\" data-sizes=\"(max-width: 150px) 100vw, 150px\" src=\"data:image\/svg+xml;base64,PHN2ZyB3aWR0aD0iMSIgaGVpZ2h0PSIxIiB4bWxucz0iaHR0cDovL3d3dy53My5vcmcvMjAwMC9zdmciPjwvc3ZnPg==\" style=\"--smush-placeholder-width: 150px; --smush-placeholder-aspect-ratio: 150\/150;\" \/><\/a><\/figure>\n\n\n\n<figure class=\"wp-block-image size-thumbnail\"><a href=\"https:\/\/brasilia.fiocruz.br\/nosnarede\/wp-content\/uploads\/sites\/10\/2025\/01\/IMG_20240426_080803729_HDR-scaled.jpg\"><img decoding=\"async\" width=\"150\" height=\"150\" data-id=\"3618\" data-src=\"https:\/\/brasilia.fiocruz.br\/nosnarede\/wp-content\/uploads\/sites\/10\/2025\/01\/IMG_20240426_080803729_HDR-150x150.jpg\" alt=\"\" class=\"wp-image-3618 lazyload\" data-srcset=\"https:\/\/brasilia.fiocruz.br\/nosnarede\/wp-content\/uploads\/sites\/10\/2025\/01\/IMG_20240426_080803729_HDR-150x150.jpg 150w, https:\/\/brasilia.fiocruz.br\/nosnarede\/wp-content\/uploads\/sites\/10\/2025\/01\/IMG_20240426_080803729_HDR-120x120.jpg 120w\" data-sizes=\"(max-width: 150px) 100vw, 150px\" src=\"data:image\/svg+xml;base64,PHN2ZyB3aWR0aD0iMSIgaGVpZ2h0PSIxIiB4bWxucz0iaHR0cDovL3d3dy53My5vcmcvMjAwMC9zdmciPjwvc3ZnPg==\" style=\"--smush-placeholder-width: 150px; --smush-placeholder-aspect-ratio: 150\/150;\" \/><\/a><\/figure>\n\n\n\n<figure class=\"wp-block-image size-thumbnail\"><a href=\"https:\/\/brasilia.fiocruz.br\/nosnarede\/wp-content\/uploads\/sites\/10\/2025\/01\/IMG_20240426_090006011_HDR-scaled.jpg\"><img decoding=\"async\" width=\"150\" height=\"150\" data-id=\"3621\" data-src=\"https:\/\/brasilia.fiocruz.br\/nosnarede\/wp-content\/uploads\/sites\/10\/2025\/01\/IMG_20240426_090006011_HDR-150x150.jpg\" alt=\"\" class=\"wp-image-3621 lazyload\" data-srcset=\"https:\/\/brasilia.fiocruz.br\/nosnarede\/wp-content\/uploads\/sites\/10\/2025\/01\/IMG_20240426_090006011_HDR-150x150.jpg 150w, https:\/\/brasilia.fiocruz.br\/nosnarede\/wp-content\/uploads\/sites\/10\/2025\/01\/IMG_20240426_090006011_HDR-120x120.jpg 120w\" data-sizes=\"(max-width: 150px) 100vw, 150px\" src=\"data:image\/svg+xml;base64,PHN2ZyB3aWR0aD0iMSIgaGVpZ2h0PSIxIiB4bWxucz0iaHR0cDovL3d3dy53My5vcmcvMjAwMC9zdmciPjwvc3ZnPg==\" style=\"--smush-placeholder-width: 150px; --smush-placeholder-aspect-ratio: 150\/150;\" \/><\/a><\/figure>\n<\/figure>\n<\/div>\n","protected":false},"featured_media":3609,"template":"","meta":{"_equipe_uf_key":"","_equipe_cidade_key":""},"link_category":[],"palavras-chave":[1008,1009,30,1007,53],"relato-tag":[55,50,300,23],"categoria-de-relato":[9],"class_list":["post-3579","relatos","type-relatos","status-publish","has-post-thumbnail","hentry","palavras-chave-embu-das-artes","palavras-chave-fitoterapicos","palavras-chave-jardinagem","palavras-chave-plantas","palavras-chave-raps","relato-tag-acesso-e-acolhimento","relato-tag-arte-e-cultura","relato-tag-centro-de-convivencia","relato-tag-recursos-comunitarios","categoria-de-relato-cuidado-e-diversidade"],"yoast_head":"<!-- This site is optimized with the Yoast SEO plugin v27.1.1 - https:\/\/yoast.com\/product\/yoast-seo-wordpress\/ -->\n<title>A HORA DA PLANTA - N\u00f3s Na Rede<\/title>\n<meta name=\"robots\" content=\"index, follow, max-snippet:-1, max-image-preview:large, max-video-preview:-1\" \/>\n<link rel=\"canonical\" href=\"https:\/\/brasilia.fiocruz.br\/nosnarede\/mostra-de-experiencias\/a-hora-da-planta\/\" \/>\n<meta property=\"og:locale\" content=\"pt_BR\" \/>\n<meta property=\"og:type\" content=\"article\" \/>\n<meta property=\"og:title\" content=\"A HORA DA PLANTA - N\u00f3s Na Rede\" \/>\n<meta property=\"og:description\" content=\"Resumo Experiencia criada em prol de desenvolver um interesse da popula\u00e7\u00e3o usuaria do SUS na jardinagem e cuidados de plantas medicinais e fitoterapicas, com a inten\u00e7\u00e3o de promover intera\u00e7\u00e3o social, lazer, resgate de memorias e formas de sa\u00fade fora do ambiente cl\u00ednico convencional, promovendo assim qualidade de vida e novas possibilidades de hobbies e distra\u00e7\u00f5es [&hellip;]\" \/>\n<meta property=\"og:url\" content=\"https:\/\/brasilia.fiocruz.br\/nosnarede\/mostra-de-experiencias\/a-hora-da-planta\/\" \/>\n<meta property=\"og:site_name\" content=\"N\u00f3s Na Rede\" \/>\n<meta property=\"article:modified_time\" content=\"2025-03-18T22:53:04+00:00\" \/>\n<meta property=\"og:image\" content=\"https:\/\/brasilia.fiocruz.br\/nosnarede\/wp-content\/uploads\/sites\/10\/2025\/01\/CAPA-A-HORA-DA-PLANTA.jpg\" \/>\n\t<meta property=\"og:image:width\" content=\"1024\" \/>\n\t<meta property=\"og:image:height\" content=\"768\" \/>\n\t<meta property=\"og:image:type\" content=\"image\/jpeg\" \/>\n<meta name=\"twitter:card\" content=\"summary_large_image\" \/>\n<meta name=\"twitter:label1\" content=\"Est. tempo de leitura\" \/>\n\t<meta name=\"twitter:data1\" content=\"2 minutos\" \/>\n<script type=\"application\/ld+json\" class=\"yoast-schema-graph\">{\"@context\":\"https:\/\/schema.org\",\"@graph\":[{\"@type\":\"WebPage\",\"@id\":\"https:\/\/brasilia.fiocruz.br\/nosnarede\/mostra-de-experiencias\/a-hora-da-planta\/\",\"url\":\"https:\/\/brasilia.fiocruz.br\/nosnarede\/mostra-de-experiencias\/a-hora-da-planta\/\",\"name\":\"A HORA DA PLANTA - N\u00f3s Na Rede\",\"isPartOf\":{\"@id\":\"https:\/\/brasilia.fiocruz.br\/nosnarede\/#website\"},\"primaryImageOfPage\":{\"@id\":\"https:\/\/brasilia.fiocruz.br\/nosnarede\/mostra-de-experiencias\/a-hora-da-planta\/#primaryimage\"},\"image\":{\"@id\":\"https:\/\/brasilia.fiocruz.br\/nosnarede\/mostra-de-experiencias\/a-hora-da-planta\/#primaryimage\"},\"thumbnailUrl\":\"https:\/\/brasilia.fiocruz.br\/nosnarede\/wp-content\/uploads\/sites\/10\/2025\/01\/CAPA-A-HORA-DA-PLANTA.jpg\",\"datePublished\":\"2025-03-18T22:53:03+00:00\",\"dateModified\":\"2025-03-18T22:53:04+00:00\",\"breadcrumb\":{\"@id\":\"https:\/\/brasilia.fiocruz.br\/nosnarede\/mostra-de-experiencias\/a-hora-da-planta\/#breadcrumb\"},\"inLanguage\":\"pt-BR\",\"potentialAction\":[{\"@type\":\"ReadAction\",\"target\":[\"https:\/\/brasilia.fiocruz.br\/nosnarede\/mostra-de-experiencias\/a-hora-da-planta\/\"]}]},{\"@type\":\"ImageObject\",\"inLanguage\":\"pt-BR\",\"@id\":\"https:\/\/brasilia.fiocruz.br\/nosnarede\/mostra-de-experiencias\/a-hora-da-planta\/#primaryimage\",\"url\":\"https:\/\/brasilia.fiocruz.br\/nosnarede\/wp-content\/uploads\/sites\/10\/2025\/01\/CAPA-A-HORA-DA-PLANTA.jpg\",\"contentUrl\":\"https:\/\/brasilia.fiocruz.br\/nosnarede\/wp-content\/uploads\/sites\/10\/2025\/01\/CAPA-A-HORA-DA-PLANTA.jpg\",\"width\":1024,\"height\":768},{\"@type\":\"BreadcrumbList\",\"@id\":\"https:\/\/brasilia.fiocruz.br\/nosnarede\/mostra-de-experiencias\/a-hora-da-planta\/#breadcrumb\",\"itemListElement\":[{\"@type\":\"ListItem\",\"position\":1,\"name\":\"In\u00edcio\",\"item\":\"https:\/\/brasilia.fiocruz.br\/nosnarede\/\"},{\"@type\":\"ListItem\",\"position\":2,\"name\":\"Relatos\",\"item\":\"https:\/\/brasilia.fiocruz.br\/nosnarede\/mostra-de-experiencias\/\"},{\"@type\":\"ListItem\",\"position\":3,\"name\":\"A HORA DA PLANTA\"}]},{\"@type\":\"WebSite\",\"@id\":\"https:\/\/brasilia.fiocruz.br\/nosnarede\/#website\",\"url\":\"https:\/\/brasilia.fiocruz.br\/nosnarede\/\",\"name\":\"N\u00f3s Na Rede\",\"description\":\"\",\"publisher\":{\"@id\":\"https:\/\/brasilia.fiocruz.br\/nosnarede\/#organization\"},\"potentialAction\":[{\"@type\":\"SearchAction\",\"target\":{\"@type\":\"EntryPoint\",\"urlTemplate\":\"https:\/\/brasilia.fiocruz.br\/nosnarede\/?s={search_term_string}\"},\"query-input\":{\"@type\":\"PropertyValueSpecification\",\"valueRequired\":true,\"valueName\":\"search_term_string\"}}],\"inLanguage\":\"pt-BR\"},{\"@type\":\"Organization\",\"@id\":\"https:\/\/brasilia.fiocruz.br\/nosnarede\/#organization\",\"name\":\"N\u00f3s Na Rede\",\"url\":\"https:\/\/brasilia.fiocruz.br\/nosnarede\/\",\"logo\":{\"@type\":\"ImageObject\",\"inLanguage\":\"pt-BR\",\"@id\":\"https:\/\/brasilia.fiocruz.br\/nosnarede\/#\/schema\/logo\/image\/\",\"url\":\"https:\/\/brasilia.fiocruz.br\/nosnarede\/wp-content\/uploads\/sites\/10\/2025\/01\/nos-na-rede-logo.png\",\"contentUrl\":\"https:\/\/brasilia.fiocruz.br\/nosnarede\/wp-content\/uploads\/sites\/10\/2025\/01\/nos-na-rede-logo.png\",\"width\":421,\"height\":159,\"caption\":\"N\u00f3s Na Rede\"},\"image\":{\"@id\":\"https:\/\/brasilia.fiocruz.br\/nosnarede\/#\/schema\/logo\/image\/\"}}]}<\/script>\n<!-- \/ Yoast SEO plugin. -->","yoast_head_json":{"title":"A HORA DA PLANTA - N\u00f3s Na Rede","robots":{"index":"index","follow":"follow","max-snippet":"max-snippet:-1","max-image-preview":"max-image-preview:large","max-video-preview":"max-video-preview:-1"},"canonical":"https:\/\/brasilia.fiocruz.br\/nosnarede\/mostra-de-experiencias\/a-hora-da-planta\/","og_locale":"pt_BR","og_type":"article","og_title":"A HORA DA PLANTA - N\u00f3s Na Rede","og_description":"Resumo Experiencia criada em prol de desenvolver um interesse da popula\u00e7\u00e3o usuaria do SUS na jardinagem e cuidados de plantas medicinais e fitoterapicas, com a inten\u00e7\u00e3o de promover intera\u00e7\u00e3o social, lazer, resgate de memorias e formas de sa\u00fade fora do ambiente cl\u00ednico convencional, promovendo assim qualidade de vida e novas possibilidades de hobbies e distra\u00e7\u00f5es [&hellip;]","og_url":"https:\/\/brasilia.fiocruz.br\/nosnarede\/mostra-de-experiencias\/a-hora-da-planta\/","og_site_name":"N\u00f3s Na Rede","article_modified_time":"2025-03-18T22:53:04+00:00","og_image":[{"width":1024,"height":768,"url":"https:\/\/brasilia.fiocruz.br\/nosnarede\/wp-content\/uploads\/sites\/10\/2025\/01\/CAPA-A-HORA-DA-PLANTA.jpg","type":"image\/jpeg"}],"twitter_card":"summary_large_image","twitter_misc":{"Est. tempo de leitura":"2 minutos"},"schema":{"@context":"https:\/\/schema.org","@graph":[{"@type":"WebPage","@id":"https:\/\/brasilia.fiocruz.br\/nosnarede\/mostra-de-experiencias\/a-hora-da-planta\/","url":"https:\/\/brasilia.fiocruz.br\/nosnarede\/mostra-de-experiencias\/a-hora-da-planta\/","name":"A HORA DA PLANTA - N\u00f3s Na Rede","isPartOf":{"@id":"https:\/\/brasilia.fiocruz.br\/nosnarede\/#website"},"primaryImageOfPage":{"@id":"https:\/\/brasilia.fiocruz.br\/nosnarede\/mostra-de-experiencias\/a-hora-da-planta\/#primaryimage"},"image":{"@id":"https:\/\/brasilia.fiocruz.br\/nosnarede\/mostra-de-experiencias\/a-hora-da-planta\/#primaryimage"},"thumbnailUrl":"https:\/\/brasilia.fiocruz.br\/nosnarede\/wp-content\/uploads\/sites\/10\/2025\/01\/CAPA-A-HORA-DA-PLANTA.jpg","datePublished":"2025-03-18T22:53:03+00:00","dateModified":"2025-03-18T22:53:04+00:00","breadcrumb":{"@id":"https:\/\/brasilia.fiocruz.br\/nosnarede\/mostra-de-experiencias\/a-hora-da-planta\/#breadcrumb"},"inLanguage":"pt-BR","potentialAction":[{"@type":"ReadAction","target":["https:\/\/brasilia.fiocruz.br\/nosnarede\/mostra-de-experiencias\/a-hora-da-planta\/"]}]},{"@type":"ImageObject","inLanguage":"pt-BR","@id":"https:\/\/brasilia.fiocruz.br\/nosnarede\/mostra-de-experiencias\/a-hora-da-planta\/#primaryimage","url":"https:\/\/brasilia.fiocruz.br\/nosnarede\/wp-content\/uploads\/sites\/10\/2025\/01\/CAPA-A-HORA-DA-PLANTA.jpg","contentUrl":"https:\/\/brasilia.fiocruz.br\/nosnarede\/wp-content\/uploads\/sites\/10\/2025\/01\/CAPA-A-HORA-DA-PLANTA.jpg","width":1024,"height":768},{"@type":"BreadcrumbList","@id":"https:\/\/brasilia.fiocruz.br\/nosnarede\/mostra-de-experiencias\/a-hora-da-planta\/#breadcrumb","itemListElement":[{"@type":"ListItem","position":1,"name":"In\u00edcio","item":"https:\/\/brasilia.fiocruz.br\/nosnarede\/"},{"@type":"ListItem","position":2,"name":"Relatos","item":"https:\/\/brasilia.fiocruz.br\/nosnarede\/mostra-de-experiencias\/"},{"@type":"ListItem","position":3,"name":"A HORA DA PLANTA"}]},{"@type":"WebSite","@id":"https:\/\/brasilia.fiocruz.br\/nosnarede\/#website","url":"https:\/\/brasilia.fiocruz.br\/nosnarede\/","name":"N\u00f3s Na Rede","description":"","publisher":{"@id":"https:\/\/brasilia.fiocruz.br\/nosnarede\/#organization"},"potentialAction":[{"@type":"SearchAction","target":{"@type":"EntryPoint","urlTemplate":"https:\/\/brasilia.fiocruz.br\/nosnarede\/?s={search_term_string}"},"query-input":{"@type":"PropertyValueSpecification","valueRequired":true,"valueName":"search_term_string"}}],"inLanguage":"pt-BR"},{"@type":"Organization","@id":"https:\/\/brasilia.fiocruz.br\/nosnarede\/#organization","name":"N\u00f3s Na Rede","url":"https:\/\/brasilia.fiocruz.br\/nosnarede\/","logo":{"@type":"ImageObject","inLanguage":"pt-BR","@id":"https:\/\/brasilia.fiocruz.br\/nosnarede\/#\/schema\/logo\/image\/","url":"https:\/\/brasilia.fiocruz.br\/nosnarede\/wp-content\/uploads\/sites\/10\/2025\/01\/nos-na-rede-logo.png","contentUrl":"https:\/\/brasilia.fiocruz.br\/nosnarede\/wp-content\/uploads\/sites\/10\/2025\/01\/nos-na-rede-logo.png","width":421,"height":159,"caption":"N\u00f3s Na Rede"},"image":{"@id":"https:\/\/brasilia.fiocruz.br\/nosnarede\/#\/schema\/logo\/image\/"}}]}},"_links":{"self":[{"href":"https:\/\/brasilia.fiocruz.br\/nosnarede\/wp-json\/wp\/v2\/relatos\/3579","targetHints":{"allow":["GET"]}}],"collection":[{"href":"https:\/\/brasilia.fiocruz.br\/nosnarede\/wp-json\/wp\/v2\/relatos"}],"about":[{"href":"https:\/\/brasilia.fiocruz.br\/nosnarede\/wp-json\/wp\/v2\/types\/relatos"}],"wp:featuredmedia":[{"embeddable":true,"href":"https:\/\/brasilia.fiocruz.br\/nosnarede\/wp-json\/wp\/v2\/media\/3609"}],"wp:attachment":[{"href":"https:\/\/brasilia.fiocruz.br\/nosnarede\/wp-json\/wp\/v2\/media?parent=3579"}],"wp:term":[{"taxonomy":"link_category","embeddable":true,"href":"https:\/\/brasilia.fiocruz.br\/nosnarede\/wp-json\/wp\/v2\/link_category?post=3579"},{"taxonomy":"palavras-chave","embeddable":true,"href":"https:\/\/brasilia.fiocruz.br\/nosnarede\/wp-json\/wp\/v2\/palavras-chave?post=3579"},{"taxonomy":"relato-tag","embeddable":true,"href":"https:\/\/brasilia.fiocruz.br\/nosnarede\/wp-json\/wp\/v2\/relato-tag?post=3579"},{"taxonomy":"categoria-de-relato","embeddable":true,"href":"https:\/\/brasilia.fiocruz.br\/nosnarede\/wp-json\/wp\/v2\/categoria-de-relato?post=3579"}],"curies":[{"name":"wp","href":"https:\/\/api.w.org\/{rel}","templated":true}]}}