{"id":4079,"date":"2025-02-14T15:39:26","date_gmt":"2025-02-14T18:39:26","guid":{"rendered":"https:\/\/brasilia.fiocruz.br\/nosnarede\/?post_type=relatos&#038;p=4079"},"modified":"2025-04-11T18:18:05","modified_gmt":"2025-04-11T21:18:05","slug":"nupe-saude-mental-e-sustentabilidade","status":"publish","type":"relatos","link":"https:\/\/brasilia.fiocruz.br\/nosnarede\/mostra-de-experiencias\/nupe-saude-mental-e-sustentabilidade\/","title":{"rendered":"NUPE: Sa\u00fade Mental e Sustentabilidade"},"content":{"rendered":"\n<h2 class=\"wp-block-heading has-medium-font-size dynamic-field-wrapper-title has-archivo\">Resumo<\/h2>\n\n\n\n<p>Criado em 1998, o NUPE \u00e9 um Servi\u00e7o da RAPS de Santo Andr\u00e9 que promove oficinas de Trabalho e Gera\u00e7\u00e3o de Renda, atrav\u00e9s de empreendedorismo e parcerias intersetoriais com pr\u00e1ticas sustent\u00e1veis no territ\u00f3rio. A partir de 2018 estabeleceu e consolidou parcerias com os setores p\u00fablicos, privado e terceiro setor, transformando banner inutilizados em sacolas ecobags. O projeto produz cerca 10 mil pe\u00e7as\/ ano, gerando renda, promovendo autonomia e reduzindo o impacto ambiental.<\/p>\n\n\n<p><!--video--><!--\/video--><\/p>\n\n\n<div class=\"wp-block-group is-layout-constrained wp-block-group-is-layout-constrained\">\n<h2 class=\"wp-block-heading has-medium-font-size dynamic-field-wrapper-title\">V\u00eddeo<\/h2>\n\n\n\n<figure class=\"wp-block-video wrapper-video aspect-16-9\"><video controls muted src=\"https:\/\/brasilia.fiocruz.br\/nosnarede\/wp-content\/uploads\/sites\/10\/2025\/01\/NUPE-_-Saude-Mental-e-Sustentabilidade.mp4\"><\/video><\/figure>\n<\/div>\n","protected":false},"featured_media":4090,"template":"","meta":{"_equipe_uf_key":"","_equipe_cidade_key":""},"link_category":[],"palavras-chave":[1111,46,1110,17,484,446],"relato-tag":[55,41,28,22],"categoria-de-relato":[19,1679,18],"class_list":["post-4079","relatos","type-relatos","status-publish","has-post-thumbnail","hentry","palavras-chave-arranjo-produtivo","palavras-chave-geracao-de-renda","palavras-chave-reciclagem","palavras-chave-saude-mental","palavras-chave-sustentabilidade","palavras-chave-trabalho","relato-tag-acesso-e-acolhimento","relato-tag-geracao-de-renda","relato-tag-protagonismo-do-usuario","relato-tag-territorio","categoria-de-relato-articulacao-em-rede-intra-e-intersetorial","categoria-de-relato-destaques","categoria-de-relato-trabalho-em-equipe"],"yoast_head":"<!-- This site is optimized with the Yoast SEO plugin v27.1.1 - https:\/\/yoast.com\/product\/yoast-seo-wordpress\/ -->\n<title>NUPE: Sa\u00fade Mental e Sustentabilidade - N\u00f3s Na Rede<\/title>\n<meta name=\"robots\" content=\"index, follow, max-snippet:-1, max-image-preview:large, max-video-preview:-1\" \/>\n<link rel=\"canonical\" href=\"https:\/\/brasilia.fiocruz.br\/nosnarede\/mostra-de-experiencias\/nupe-saude-mental-e-sustentabilidade\/\" \/>\n<meta property=\"og:locale\" content=\"pt_BR\" \/>\n<meta property=\"og:type\" content=\"article\" \/>\n<meta property=\"og:title\" content=\"NUPE: Sa\u00fade Mental e Sustentabilidade - N\u00f3s Na Rede\" \/>\n<meta property=\"og:description\" content=\"Resumo Criado em 1998, o NUPE \u00e9 um Servi\u00e7o da RAPS de Santo Andr\u00e9 que promove oficinas de Trabalho e Gera\u00e7\u00e3o de Renda, atrav\u00e9s de empreendedorismo e parcerias intersetoriais com pr\u00e1ticas sustent\u00e1veis no territ\u00f3rio. A partir de 2018 estabeleceu e consolidou parcerias com os setores p\u00fablicos, privado e terceiro setor, transformando banner inutilizados em sacolas [&hellip;]\" \/>\n<meta property=\"og:url\" content=\"https:\/\/brasilia.fiocruz.br\/nosnarede\/mostra-de-experiencias\/nupe-saude-mental-e-sustentabilidade\/\" \/>\n<meta property=\"og:site_name\" content=\"N\u00f3s Na Rede\" \/>\n<meta property=\"article:modified_time\" content=\"2025-04-11T21:18:05+00:00\" \/>\n<meta property=\"og:image\" content=\"https:\/\/brasilia.fiocruz.br\/nosnarede\/wp-content\/uploads\/sites\/10\/2025\/01\/NUPE-CAPA.jpg\" \/>\n\t<meta property=\"og:image:width\" content=\"1600\" \/>\n\t<meta property=\"og:image:height\" content=\"900\" \/>\n\t<meta property=\"og:image:type\" content=\"image\/jpeg\" \/>\n<meta name=\"twitter:card\" content=\"summary_large_image\" \/>\n<meta name=\"twitter:label1\" content=\"Est. tempo de leitura\" \/>\n\t<meta name=\"twitter:data1\" content=\"1 minuto\" \/>\n<script type=\"application\/ld+json\" class=\"yoast-schema-graph\">{\"@context\":\"https:\/\/schema.org\",\"@graph\":[{\"@type\":\"WebPage\",\"@id\":\"https:\/\/brasilia.fiocruz.br\/nosnarede\/mostra-de-experiencias\/nupe-saude-mental-e-sustentabilidade\/\",\"url\":\"https:\/\/brasilia.fiocruz.br\/nosnarede\/mostra-de-experiencias\/nupe-saude-mental-e-sustentabilidade\/\",\"name\":\"NUPE: Sa\u00fade Mental e Sustentabilidade - N\u00f3s Na Rede\",\"isPartOf\":{\"@id\":\"https:\/\/brasilia.fiocruz.br\/nosnarede\/#website\"},\"primaryImageOfPage\":{\"@id\":\"https:\/\/brasilia.fiocruz.br\/nosnarede\/mostra-de-experiencias\/nupe-saude-mental-e-sustentabilidade\/#primaryimage\"},\"image\":{\"@id\":\"https:\/\/brasilia.fiocruz.br\/nosnarede\/mostra-de-experiencias\/nupe-saude-mental-e-sustentabilidade\/#primaryimage\"},\"thumbnailUrl\":\"https:\/\/brasilia.fiocruz.br\/nosnarede\/wp-content\/uploads\/sites\/10\/2025\/01\/NUPE-CAPA.jpg\",\"datePublished\":\"2025-02-14T18:39:26+00:00\",\"dateModified\":\"2025-04-11T21:18:05+00:00\",\"breadcrumb\":{\"@id\":\"https:\/\/brasilia.fiocruz.br\/nosnarede\/mostra-de-experiencias\/nupe-saude-mental-e-sustentabilidade\/#breadcrumb\"},\"inLanguage\":\"pt-BR\",\"potentialAction\":[{\"@type\":\"ReadAction\",\"target\":[\"https:\/\/brasilia.fiocruz.br\/nosnarede\/mostra-de-experiencias\/nupe-saude-mental-e-sustentabilidade\/\"]}]},{\"@type\":\"ImageObject\",\"inLanguage\":\"pt-BR\",\"@id\":\"https:\/\/brasilia.fiocruz.br\/nosnarede\/mostra-de-experiencias\/nupe-saude-mental-e-sustentabilidade\/#primaryimage\",\"url\":\"https:\/\/brasilia.fiocruz.br\/nosnarede\/wp-content\/uploads\/sites\/10\/2025\/01\/NUPE-CAPA.jpg\",\"contentUrl\":\"https:\/\/brasilia.fiocruz.br\/nosnarede\/wp-content\/uploads\/sites\/10\/2025\/01\/NUPE-CAPA.jpg\",\"width\":1600,\"height\":900},{\"@type\":\"BreadcrumbList\",\"@id\":\"https:\/\/brasilia.fiocruz.br\/nosnarede\/mostra-de-experiencias\/nupe-saude-mental-e-sustentabilidade\/#breadcrumb\",\"itemListElement\":[{\"@type\":\"ListItem\",\"position\":1,\"name\":\"In\u00edcio\",\"item\":\"https:\/\/brasilia.fiocruz.br\/nosnarede\/\"},{\"@type\":\"ListItem\",\"position\":2,\"name\":\"Relatos\",\"item\":\"https:\/\/brasilia.fiocruz.br\/nosnarede\/mostra-de-experiencias\/\"},{\"@type\":\"ListItem\",\"position\":3,\"name\":\"NUPE: Sa\u00fade Mental e Sustentabilidade\"}]},{\"@type\":\"WebSite\",\"@id\":\"https:\/\/brasilia.fiocruz.br\/nosnarede\/#website\",\"url\":\"https:\/\/brasilia.fiocruz.br\/nosnarede\/\",\"name\":\"N\u00f3s Na Rede\",\"description\":\"\",\"publisher\":{\"@id\":\"https:\/\/brasilia.fiocruz.br\/nosnarede\/#organization\"},\"potentialAction\":[{\"@type\":\"SearchAction\",\"target\":{\"@type\":\"EntryPoint\",\"urlTemplate\":\"https:\/\/brasilia.fiocruz.br\/nosnarede\/?s={search_term_string}\"},\"query-input\":{\"@type\":\"PropertyValueSpecification\",\"valueRequired\":true,\"valueName\":\"search_term_string\"}}],\"inLanguage\":\"pt-BR\"},{\"@type\":\"Organization\",\"@id\":\"https:\/\/brasilia.fiocruz.br\/nosnarede\/#organization\",\"name\":\"N\u00f3s Na Rede\",\"url\":\"https:\/\/brasilia.fiocruz.br\/nosnarede\/\",\"logo\":{\"@type\":\"ImageObject\",\"inLanguage\":\"pt-BR\",\"@id\":\"https:\/\/brasilia.fiocruz.br\/nosnarede\/#\/schema\/logo\/image\/\",\"url\":\"https:\/\/brasilia.fiocruz.br\/nosnarede\/wp-content\/uploads\/sites\/10\/2025\/01\/nos-na-rede-logo.png\",\"contentUrl\":\"https:\/\/brasilia.fiocruz.br\/nosnarede\/wp-content\/uploads\/sites\/10\/2025\/01\/nos-na-rede-logo.png\",\"width\":421,\"height\":159,\"caption\":\"N\u00f3s Na Rede\"},\"image\":{\"@id\":\"https:\/\/brasilia.fiocruz.br\/nosnarede\/#\/schema\/logo\/image\/\"}}]}<\/script>\n<!-- \/ Yoast SEO plugin. -->","yoast_head_json":{"title":"NUPE: Sa\u00fade Mental e Sustentabilidade - N\u00f3s Na Rede","robots":{"index":"index","follow":"follow","max-snippet":"max-snippet:-1","max-image-preview":"max-image-preview:large","max-video-preview":"max-video-preview:-1"},"canonical":"https:\/\/brasilia.fiocruz.br\/nosnarede\/mostra-de-experiencias\/nupe-saude-mental-e-sustentabilidade\/","og_locale":"pt_BR","og_type":"article","og_title":"NUPE: Sa\u00fade Mental e Sustentabilidade - N\u00f3s Na Rede","og_description":"Resumo Criado em 1998, o NUPE \u00e9 um Servi\u00e7o da RAPS de Santo Andr\u00e9 que promove oficinas de Trabalho e Gera\u00e7\u00e3o de Renda, atrav\u00e9s de empreendedorismo e parcerias intersetoriais com pr\u00e1ticas sustent\u00e1veis no territ\u00f3rio. A partir de 2018 estabeleceu e consolidou parcerias com os setores p\u00fablicos, privado e terceiro setor, transformando banner inutilizados em sacolas [&hellip;]","og_url":"https:\/\/brasilia.fiocruz.br\/nosnarede\/mostra-de-experiencias\/nupe-saude-mental-e-sustentabilidade\/","og_site_name":"N\u00f3s Na Rede","article_modified_time":"2025-04-11T21:18:05+00:00","og_image":[{"width":1600,"height":900,"url":"https:\/\/brasilia.fiocruz.br\/nosnarede\/wp-content\/uploads\/sites\/10\/2025\/01\/NUPE-CAPA.jpg","type":"image\/jpeg"}],"twitter_card":"summary_large_image","twitter_misc":{"Est. tempo de leitura":"1 minuto"},"schema":{"@context":"https:\/\/schema.org","@graph":[{"@type":"WebPage","@id":"https:\/\/brasilia.fiocruz.br\/nosnarede\/mostra-de-experiencias\/nupe-saude-mental-e-sustentabilidade\/","url":"https:\/\/brasilia.fiocruz.br\/nosnarede\/mostra-de-experiencias\/nupe-saude-mental-e-sustentabilidade\/","name":"NUPE: Sa\u00fade Mental e Sustentabilidade - N\u00f3s Na Rede","isPartOf":{"@id":"https:\/\/brasilia.fiocruz.br\/nosnarede\/#website"},"primaryImageOfPage":{"@id":"https:\/\/brasilia.fiocruz.br\/nosnarede\/mostra-de-experiencias\/nupe-saude-mental-e-sustentabilidade\/#primaryimage"},"image":{"@id":"https:\/\/brasilia.fiocruz.br\/nosnarede\/mostra-de-experiencias\/nupe-saude-mental-e-sustentabilidade\/#primaryimage"},"thumbnailUrl":"https:\/\/brasilia.fiocruz.br\/nosnarede\/wp-content\/uploads\/sites\/10\/2025\/01\/NUPE-CAPA.jpg","datePublished":"2025-02-14T18:39:26+00:00","dateModified":"2025-04-11T21:18:05+00:00","breadcrumb":{"@id":"https:\/\/brasilia.fiocruz.br\/nosnarede\/mostra-de-experiencias\/nupe-saude-mental-e-sustentabilidade\/#breadcrumb"},"inLanguage":"pt-BR","potentialAction":[{"@type":"ReadAction","target":["https:\/\/brasilia.fiocruz.br\/nosnarede\/mostra-de-experiencias\/nupe-saude-mental-e-sustentabilidade\/"]}]},{"@type":"ImageObject","inLanguage":"pt-BR","@id":"https:\/\/brasilia.fiocruz.br\/nosnarede\/mostra-de-experiencias\/nupe-saude-mental-e-sustentabilidade\/#primaryimage","url":"https:\/\/brasilia.fiocruz.br\/nosnarede\/wp-content\/uploads\/sites\/10\/2025\/01\/NUPE-CAPA.jpg","contentUrl":"https:\/\/brasilia.fiocruz.br\/nosnarede\/wp-content\/uploads\/sites\/10\/2025\/01\/NUPE-CAPA.jpg","width":1600,"height":900},{"@type":"BreadcrumbList","@id":"https:\/\/brasilia.fiocruz.br\/nosnarede\/mostra-de-experiencias\/nupe-saude-mental-e-sustentabilidade\/#breadcrumb","itemListElement":[{"@type":"ListItem","position":1,"name":"In\u00edcio","item":"https:\/\/brasilia.fiocruz.br\/nosnarede\/"},{"@type":"ListItem","position":2,"name":"Relatos","item":"https:\/\/brasilia.fiocruz.br\/nosnarede\/mostra-de-experiencias\/"},{"@type":"ListItem","position":3,"name":"NUPE: Sa\u00fade Mental e Sustentabilidade"}]},{"@type":"WebSite","@id":"https:\/\/brasilia.fiocruz.br\/nosnarede\/#website","url":"https:\/\/brasilia.fiocruz.br\/nosnarede\/","name":"N\u00f3s Na Rede","description":"","publisher":{"@id":"https:\/\/brasilia.fiocruz.br\/nosnarede\/#organization"},"potentialAction":[{"@type":"SearchAction","target":{"@type":"EntryPoint","urlTemplate":"https:\/\/brasilia.fiocruz.br\/nosnarede\/?s={search_term_string}"},"query-input":{"@type":"PropertyValueSpecification","valueRequired":true,"valueName":"search_term_string"}}],"inLanguage":"pt-BR"},{"@type":"Organization","@id":"https:\/\/brasilia.fiocruz.br\/nosnarede\/#organization","name":"N\u00f3s Na Rede","url":"https:\/\/brasilia.fiocruz.br\/nosnarede\/","logo":{"@type":"ImageObject","inLanguage":"pt-BR","@id":"https:\/\/brasilia.fiocruz.br\/nosnarede\/#\/schema\/logo\/image\/","url":"https:\/\/brasilia.fiocruz.br\/nosnarede\/wp-content\/uploads\/sites\/10\/2025\/01\/nos-na-rede-logo.png","contentUrl":"https:\/\/brasilia.fiocruz.br\/nosnarede\/wp-content\/uploads\/sites\/10\/2025\/01\/nos-na-rede-logo.png","width":421,"height":159,"caption":"N\u00f3s Na Rede"},"image":{"@id":"https:\/\/brasilia.fiocruz.br\/nosnarede\/#\/schema\/logo\/image\/"}}]}},"_links":{"self":[{"href":"https:\/\/brasilia.fiocruz.br\/nosnarede\/wp-json\/wp\/v2\/relatos\/4079","targetHints":{"allow":["GET"]}}],"collection":[{"href":"https:\/\/brasilia.fiocruz.br\/nosnarede\/wp-json\/wp\/v2\/relatos"}],"about":[{"href":"https:\/\/brasilia.fiocruz.br\/nosnarede\/wp-json\/wp\/v2\/types\/relatos"}],"wp:featuredmedia":[{"embeddable":true,"href":"https:\/\/brasilia.fiocruz.br\/nosnarede\/wp-json\/wp\/v2\/media\/4090"}],"wp:attachment":[{"href":"https:\/\/brasilia.fiocruz.br\/nosnarede\/wp-json\/wp\/v2\/media?parent=4079"}],"wp:term":[{"taxonomy":"link_category","embeddable":true,"href":"https:\/\/brasilia.fiocruz.br\/nosnarede\/wp-json\/wp\/v2\/link_category?post=4079"},{"taxonomy":"palavras-chave","embeddable":true,"href":"https:\/\/brasilia.fiocruz.br\/nosnarede\/wp-json\/wp\/v2\/palavras-chave?post=4079"},{"taxonomy":"relato-tag","embeddable":true,"href":"https:\/\/brasilia.fiocruz.br\/nosnarede\/wp-json\/wp\/v2\/relato-tag?post=4079"},{"taxonomy":"categoria-de-relato","embeddable":true,"href":"https:\/\/brasilia.fiocruz.br\/nosnarede\/wp-json\/wp\/v2\/categoria-de-relato?post=4079"}],"curies":[{"name":"wp","href":"https:\/\/api.w.org\/{rel}","templated":true}]}}