{"id":9517,"date":"2025-03-29T20:54:16","date_gmt":"2025-03-29T23:54:16","guid":{"rendered":"https:\/\/brasilia.fiocruz.br\/nosnarede\/?post_type=relatos&#038;p=9517"},"modified":"2025-04-02T19:59:44","modified_gmt":"2025-04-02T22:59:44","slug":"projeto-cores-que-conectam-arte-e-inclusao-social-atraves-do-graffiti","status":"publish","type":"relatos","link":"https:\/\/brasilia.fiocruz.br\/nosnarede\/mostra-de-experiencias\/projeto-cores-que-conectam-arte-e-inclusao-social-atraves-do-graffiti\/","title":{"rendered":"Projeto &#8220;Cores que Conectam&#8221;: Arte e Inclus\u00e3o Social atrav\u00e9s do Graffiti"},"content":{"rendered":"\n<h2 class=\"wp-block-heading has-medium-font-size dynamic-field-wrapper-title has-archivo\">Resumo<\/h2>\n\n\n\n<p>O \u201cCores que Conectam\u201d \u00e9 um projeto inovador que utiliza o graffiti para promover inclus\u00e3o social, express\u00e3o art\u00edstica e colabora\u00e7\u00e3o intersetorial entre jovens em situa\u00e7\u00e3o de vulnerabilidade. Com oficinas realizadas pelo CAPSi Jo\u00e3o de Barro, especialmente pelo oficineiro Fagner, o projeto envolve jovens da URS Paulo Freire que vem de comunidades marginalizadas, oferecendo a oportunidade de desenvolver murais coletivos e explorar a cultura urbana. Parcerias intersetoriais com a sa\u00fade, assist\u00eancia social e justi\u00e7a fortalecem o projeto. <\/p>\n\n\n\n<p>A 4\u00aa Vara da Inf\u00e2ncia e da Juventude, sob lideran\u00e7a do Dr. Juiz S\u00e9rgio, apoia as a\u00e7\u00f5es ao fazer doa\u00e7\u00f5es de tintas e pinc\u00e9is e ao proporcionar espa\u00e7o de voz aos jovens durante as audi\u00eancias. Os volunt\u00e1rios, como o Sr. P, tamb\u00e9m desempenham papel fundamental no apoio e continuidade das atividades. Al\u00e9m do desenvolvimento de habilidades art\u00edsticas, os \u201cCores que Conectam\u201d geram impacto psicossocial significativo, promovendo inclus\u00e3o, autoestima e redu\u00e7\u00e3o no uso de drogas entre os participantes. A arte urbana \u00e9 um meio de express\u00e3o e transforma\u00e7\u00e3o, onde os jovens encontram voz, apoio e novas oportunidades em um ambiente acolhedor e colaborativo.<\/p>\n","protected":false},"featured_media":10541,"template":"","meta":{"_equipe_uf_key":"","_equipe_cidade_key":""},"link_category":[],"palavras-chave":[1691],"relato-tag":[50,11,20,33],"categoria-de-relato":[19,93,26,1679,18],"class_list":["post-9517","relatos","type-relatos","status-publish","has-post-thumbnail","hentry","palavras-chave-graffiti","relato-tag-arte-e-cultura","relato-tag-direitos-humanos","relato-tag-infancia-adolescencia-e-juventude","relato-tag-reducao-de-danos","categoria-de-relato-articulacao-em-rede-intra-e-intersetorial","categoria-de-relato-cuidado-a-pessoas-em-conflito-com-a-lei","categoria-de-relato-cuidado-a-pessoas-que-fazem-uso-prejudicial-de-alcool-e-drogas","categoria-de-relato-destaques","categoria-de-relato-trabalho-em-equipe"],"yoast_head":"<!-- This site is optimized with the Yoast SEO plugin v27.1.1 - https:\/\/yoast.com\/product\/yoast-seo-wordpress\/ -->\n<title>Projeto &quot;Cores que Conectam&quot;: Arte e Inclus\u00e3o Social atrav\u00e9s do Graffiti - N\u00f3s Na Rede<\/title>\n<meta name=\"robots\" content=\"index, follow, max-snippet:-1, max-image-preview:large, max-video-preview:-1\" \/>\n<link rel=\"canonical\" href=\"https:\/\/brasilia.fiocruz.br\/nosnarede\/mostra-de-experiencias\/projeto-cores-que-conectam-arte-e-inclusao-social-atraves-do-graffiti\/\" \/>\n<meta property=\"og:locale\" content=\"pt_BR\" \/>\n<meta property=\"og:type\" content=\"article\" \/>\n<meta property=\"og:title\" content=\"Projeto &quot;Cores que Conectam&quot;: Arte e Inclus\u00e3o Social atrav\u00e9s do Graffiti - N\u00f3s Na Rede\" \/>\n<meta property=\"og:description\" content=\"Resumo O \u201cCores que Conectam\u201d \u00e9 um projeto inovador que utiliza o graffiti para promover inclus\u00e3o social, express\u00e3o art\u00edstica e colabora\u00e7\u00e3o intersetorial entre jovens em situa\u00e7\u00e3o de vulnerabilidade. Com oficinas realizadas pelo CAPSi Jo\u00e3o de Barro, especialmente pelo oficineiro Fagner, o projeto envolve jovens da URS Paulo Freire que vem de comunidades marginalizadas, oferecendo a [&hellip;]\" \/>\n<meta property=\"og:url\" content=\"https:\/\/brasilia.fiocruz.br\/nosnarede\/mostra-de-experiencias\/projeto-cores-que-conectam-arte-e-inclusao-social-atraves-do-graffiti\/\" \/>\n<meta property=\"og:site_name\" content=\"N\u00f3s Na Rede\" \/>\n<meta property=\"article:modified_time\" content=\"2025-04-02T22:59:44+00:00\" \/>\n<meta property=\"og:image\" content=\"https:\/\/brasilia.fiocruz.br\/nosnarede\/wp-content\/uploads\/sites\/10\/2025\/03\/Design-sem-nome-23.png\" \/>\n\t<meta property=\"og:image:width\" content=\"960\" \/>\n\t<meta property=\"og:image:height\" content=\"621\" \/>\n\t<meta property=\"og:image:type\" content=\"image\/png\" \/>\n<meta name=\"twitter:card\" content=\"summary_large_image\" \/>\n<meta name=\"twitter:label1\" content=\"Est. tempo de leitura\" \/>\n\t<meta name=\"twitter:data1\" content=\"2 minutos\" \/>\n<script type=\"application\/ld+json\" class=\"yoast-schema-graph\">{\"@context\":\"https:\/\/schema.org\",\"@graph\":[{\"@type\":\"WebPage\",\"@id\":\"https:\/\/brasilia.fiocruz.br\/nosnarede\/mostra-de-experiencias\/projeto-cores-que-conectam-arte-e-inclusao-social-atraves-do-graffiti\/\",\"url\":\"https:\/\/brasilia.fiocruz.br\/nosnarede\/mostra-de-experiencias\/projeto-cores-que-conectam-arte-e-inclusao-social-atraves-do-graffiti\/\",\"name\":\"Projeto \\\"Cores que Conectam\\\": Arte e Inclus\u00e3o Social atrav\u00e9s do Graffiti - N\u00f3s Na Rede\",\"isPartOf\":{\"@id\":\"https:\/\/brasilia.fiocruz.br\/nosnarede\/#website\"},\"primaryImageOfPage\":{\"@id\":\"https:\/\/brasilia.fiocruz.br\/nosnarede\/mostra-de-experiencias\/projeto-cores-que-conectam-arte-e-inclusao-social-atraves-do-graffiti\/#primaryimage\"},\"image\":{\"@id\":\"https:\/\/brasilia.fiocruz.br\/nosnarede\/mostra-de-experiencias\/projeto-cores-que-conectam-arte-e-inclusao-social-atraves-do-graffiti\/#primaryimage\"},\"thumbnailUrl\":\"https:\/\/brasilia.fiocruz.br\/nosnarede\/wp-content\/uploads\/sites\/10\/2025\/03\/Design-sem-nome-23.png\",\"datePublished\":\"2025-03-29T23:54:16+00:00\",\"dateModified\":\"2025-04-02T22:59:44+00:00\",\"breadcrumb\":{\"@id\":\"https:\/\/brasilia.fiocruz.br\/nosnarede\/mostra-de-experiencias\/projeto-cores-que-conectam-arte-e-inclusao-social-atraves-do-graffiti\/#breadcrumb\"},\"inLanguage\":\"pt-BR\",\"potentialAction\":[{\"@type\":\"ReadAction\",\"target\":[\"https:\/\/brasilia.fiocruz.br\/nosnarede\/mostra-de-experiencias\/projeto-cores-que-conectam-arte-e-inclusao-social-atraves-do-graffiti\/\"]}]},{\"@type\":\"ImageObject\",\"inLanguage\":\"pt-BR\",\"@id\":\"https:\/\/brasilia.fiocruz.br\/nosnarede\/mostra-de-experiencias\/projeto-cores-que-conectam-arte-e-inclusao-social-atraves-do-graffiti\/#primaryimage\",\"url\":\"https:\/\/brasilia.fiocruz.br\/nosnarede\/wp-content\/uploads\/sites\/10\/2025\/03\/Design-sem-nome-23.png\",\"contentUrl\":\"https:\/\/brasilia.fiocruz.br\/nosnarede\/wp-content\/uploads\/sites\/10\/2025\/03\/Design-sem-nome-23.png\",\"width\":960,\"height\":621},{\"@type\":\"BreadcrumbList\",\"@id\":\"https:\/\/brasilia.fiocruz.br\/nosnarede\/mostra-de-experiencias\/projeto-cores-que-conectam-arte-e-inclusao-social-atraves-do-graffiti\/#breadcrumb\",\"itemListElement\":[{\"@type\":\"ListItem\",\"position\":1,\"name\":\"In\u00edcio\",\"item\":\"https:\/\/brasilia.fiocruz.br\/nosnarede\/\"},{\"@type\":\"ListItem\",\"position\":2,\"name\":\"Relatos\",\"item\":\"https:\/\/brasilia.fiocruz.br\/nosnarede\/mostra-de-experiencias\/\"},{\"@type\":\"ListItem\",\"position\":3,\"name\":\"Projeto &#8220;Cores que Conectam&#8221;: Arte e Inclus\u00e3o Social atrav\u00e9s do Graffiti\"}]},{\"@type\":\"WebSite\",\"@id\":\"https:\/\/brasilia.fiocruz.br\/nosnarede\/#website\",\"url\":\"https:\/\/brasilia.fiocruz.br\/nosnarede\/\",\"name\":\"N\u00f3s Na Rede\",\"description\":\"\",\"publisher\":{\"@id\":\"https:\/\/brasilia.fiocruz.br\/nosnarede\/#organization\"},\"potentialAction\":[{\"@type\":\"SearchAction\",\"target\":{\"@type\":\"EntryPoint\",\"urlTemplate\":\"https:\/\/brasilia.fiocruz.br\/nosnarede\/?s={search_term_string}\"},\"query-input\":{\"@type\":\"PropertyValueSpecification\",\"valueRequired\":true,\"valueName\":\"search_term_string\"}}],\"inLanguage\":\"pt-BR\"},{\"@type\":\"Organization\",\"@id\":\"https:\/\/brasilia.fiocruz.br\/nosnarede\/#organization\",\"name\":\"N\u00f3s Na Rede\",\"url\":\"https:\/\/brasilia.fiocruz.br\/nosnarede\/\",\"logo\":{\"@type\":\"ImageObject\",\"inLanguage\":\"pt-BR\",\"@id\":\"https:\/\/brasilia.fiocruz.br\/nosnarede\/#\/schema\/logo\/image\/\",\"url\":\"https:\/\/brasilia.fiocruz.br\/nosnarede\/wp-content\/uploads\/sites\/10\/2025\/01\/nos-na-rede-logo.png\",\"contentUrl\":\"https:\/\/brasilia.fiocruz.br\/nosnarede\/wp-content\/uploads\/sites\/10\/2025\/01\/nos-na-rede-logo.png\",\"width\":421,\"height\":159,\"caption\":\"N\u00f3s Na Rede\"},\"image\":{\"@id\":\"https:\/\/brasilia.fiocruz.br\/nosnarede\/#\/schema\/logo\/image\/\"}}]}<\/script>\n<!-- \/ Yoast SEO plugin. -->","yoast_head_json":{"title":"Projeto \"Cores que Conectam\": Arte e Inclus\u00e3o Social atrav\u00e9s do Graffiti - N\u00f3s Na Rede","robots":{"index":"index","follow":"follow","max-snippet":"max-snippet:-1","max-image-preview":"max-image-preview:large","max-video-preview":"max-video-preview:-1"},"canonical":"https:\/\/brasilia.fiocruz.br\/nosnarede\/mostra-de-experiencias\/projeto-cores-que-conectam-arte-e-inclusao-social-atraves-do-graffiti\/","og_locale":"pt_BR","og_type":"article","og_title":"Projeto \"Cores que Conectam\": Arte e Inclus\u00e3o Social atrav\u00e9s do Graffiti - N\u00f3s Na Rede","og_description":"Resumo O \u201cCores que Conectam\u201d \u00e9 um projeto inovador que utiliza o graffiti para promover inclus\u00e3o social, express\u00e3o art\u00edstica e colabora\u00e7\u00e3o intersetorial entre jovens em situa\u00e7\u00e3o de vulnerabilidade. Com oficinas realizadas pelo CAPSi Jo\u00e3o de Barro, especialmente pelo oficineiro Fagner, o projeto envolve jovens da URS Paulo Freire que vem de comunidades marginalizadas, oferecendo a [&hellip;]","og_url":"https:\/\/brasilia.fiocruz.br\/nosnarede\/mostra-de-experiencias\/projeto-cores-que-conectam-arte-e-inclusao-social-atraves-do-graffiti\/","og_site_name":"N\u00f3s Na Rede","article_modified_time":"2025-04-02T22:59:44+00:00","og_image":[{"width":960,"height":621,"url":"https:\/\/brasilia.fiocruz.br\/nosnarede\/wp-content\/uploads\/sites\/10\/2025\/03\/Design-sem-nome-23.png","type":"image\/png"}],"twitter_card":"summary_large_image","twitter_misc":{"Est. tempo de leitura":"2 minutos"},"schema":{"@context":"https:\/\/schema.org","@graph":[{"@type":"WebPage","@id":"https:\/\/brasilia.fiocruz.br\/nosnarede\/mostra-de-experiencias\/projeto-cores-que-conectam-arte-e-inclusao-social-atraves-do-graffiti\/","url":"https:\/\/brasilia.fiocruz.br\/nosnarede\/mostra-de-experiencias\/projeto-cores-que-conectam-arte-e-inclusao-social-atraves-do-graffiti\/","name":"Projeto \"Cores que Conectam\": Arte e Inclus\u00e3o Social atrav\u00e9s do Graffiti - N\u00f3s Na Rede","isPartOf":{"@id":"https:\/\/brasilia.fiocruz.br\/nosnarede\/#website"},"primaryImageOfPage":{"@id":"https:\/\/brasilia.fiocruz.br\/nosnarede\/mostra-de-experiencias\/projeto-cores-que-conectam-arte-e-inclusao-social-atraves-do-graffiti\/#primaryimage"},"image":{"@id":"https:\/\/brasilia.fiocruz.br\/nosnarede\/mostra-de-experiencias\/projeto-cores-que-conectam-arte-e-inclusao-social-atraves-do-graffiti\/#primaryimage"},"thumbnailUrl":"https:\/\/brasilia.fiocruz.br\/nosnarede\/wp-content\/uploads\/sites\/10\/2025\/03\/Design-sem-nome-23.png","datePublished":"2025-03-29T23:54:16+00:00","dateModified":"2025-04-02T22:59:44+00:00","breadcrumb":{"@id":"https:\/\/brasilia.fiocruz.br\/nosnarede\/mostra-de-experiencias\/projeto-cores-que-conectam-arte-e-inclusao-social-atraves-do-graffiti\/#breadcrumb"},"inLanguage":"pt-BR","potentialAction":[{"@type":"ReadAction","target":["https:\/\/brasilia.fiocruz.br\/nosnarede\/mostra-de-experiencias\/projeto-cores-que-conectam-arte-e-inclusao-social-atraves-do-graffiti\/"]}]},{"@type":"ImageObject","inLanguage":"pt-BR","@id":"https:\/\/brasilia.fiocruz.br\/nosnarede\/mostra-de-experiencias\/projeto-cores-que-conectam-arte-e-inclusao-social-atraves-do-graffiti\/#primaryimage","url":"https:\/\/brasilia.fiocruz.br\/nosnarede\/wp-content\/uploads\/sites\/10\/2025\/03\/Design-sem-nome-23.png","contentUrl":"https:\/\/brasilia.fiocruz.br\/nosnarede\/wp-content\/uploads\/sites\/10\/2025\/03\/Design-sem-nome-23.png","width":960,"height":621},{"@type":"BreadcrumbList","@id":"https:\/\/brasilia.fiocruz.br\/nosnarede\/mostra-de-experiencias\/projeto-cores-que-conectam-arte-e-inclusao-social-atraves-do-graffiti\/#breadcrumb","itemListElement":[{"@type":"ListItem","position":1,"name":"In\u00edcio","item":"https:\/\/brasilia.fiocruz.br\/nosnarede\/"},{"@type":"ListItem","position":2,"name":"Relatos","item":"https:\/\/brasilia.fiocruz.br\/nosnarede\/mostra-de-experiencias\/"},{"@type":"ListItem","position":3,"name":"Projeto &#8220;Cores que Conectam&#8221;: Arte e Inclus\u00e3o Social atrav\u00e9s do Graffiti"}]},{"@type":"WebSite","@id":"https:\/\/brasilia.fiocruz.br\/nosnarede\/#website","url":"https:\/\/brasilia.fiocruz.br\/nosnarede\/","name":"N\u00f3s Na Rede","description":"","publisher":{"@id":"https:\/\/brasilia.fiocruz.br\/nosnarede\/#organization"},"potentialAction":[{"@type":"SearchAction","target":{"@type":"EntryPoint","urlTemplate":"https:\/\/brasilia.fiocruz.br\/nosnarede\/?s={search_term_string}"},"query-input":{"@type":"PropertyValueSpecification","valueRequired":true,"valueName":"search_term_string"}}],"inLanguage":"pt-BR"},{"@type":"Organization","@id":"https:\/\/brasilia.fiocruz.br\/nosnarede\/#organization","name":"N\u00f3s Na Rede","url":"https:\/\/brasilia.fiocruz.br\/nosnarede\/","logo":{"@type":"ImageObject","inLanguage":"pt-BR","@id":"https:\/\/brasilia.fiocruz.br\/nosnarede\/#\/schema\/logo\/image\/","url":"https:\/\/brasilia.fiocruz.br\/nosnarede\/wp-content\/uploads\/sites\/10\/2025\/01\/nos-na-rede-logo.png","contentUrl":"https:\/\/brasilia.fiocruz.br\/nosnarede\/wp-content\/uploads\/sites\/10\/2025\/01\/nos-na-rede-logo.png","width":421,"height":159,"caption":"N\u00f3s Na Rede"},"image":{"@id":"https:\/\/brasilia.fiocruz.br\/nosnarede\/#\/schema\/logo\/image\/"}}]}},"_links":{"self":[{"href":"https:\/\/brasilia.fiocruz.br\/nosnarede\/wp-json\/wp\/v2\/relatos\/9517","targetHints":{"allow":["GET"]}}],"collection":[{"href":"https:\/\/brasilia.fiocruz.br\/nosnarede\/wp-json\/wp\/v2\/relatos"}],"about":[{"href":"https:\/\/brasilia.fiocruz.br\/nosnarede\/wp-json\/wp\/v2\/types\/relatos"}],"wp:featuredmedia":[{"embeddable":true,"href":"https:\/\/brasilia.fiocruz.br\/nosnarede\/wp-json\/wp\/v2\/media\/10541"}],"wp:attachment":[{"href":"https:\/\/brasilia.fiocruz.br\/nosnarede\/wp-json\/wp\/v2\/media?parent=9517"}],"wp:term":[{"taxonomy":"link_category","embeddable":true,"href":"https:\/\/brasilia.fiocruz.br\/nosnarede\/wp-json\/wp\/v2\/link_category?post=9517"},{"taxonomy":"palavras-chave","embeddable":true,"href":"https:\/\/brasilia.fiocruz.br\/nosnarede\/wp-json\/wp\/v2\/palavras-chave?post=9517"},{"taxonomy":"relato-tag","embeddable":true,"href":"https:\/\/brasilia.fiocruz.br\/nosnarede\/wp-json\/wp\/v2\/relato-tag?post=9517"},{"taxonomy":"categoria-de-relato","embeddable":true,"href":"https:\/\/brasilia.fiocruz.br\/nosnarede\/wp-json\/wp\/v2\/categoria-de-relato?post=9517"}],"curies":[{"name":"wp","href":"https:\/\/api.w.org\/{rel}","templated":true}]}}