{"id":9573,"date":"2025-03-30T11:43:08","date_gmt":"2025-03-30T14:43:08","guid":{"rendered":"https:\/\/brasilia.fiocruz.br\/nosnarede\/?post_type=relatos&#038;p=9573"},"modified":"2025-04-18T16:55:38","modified_gmt":"2025-04-18T19:55:38","slug":"coletivo-mulheres-cuidadoras","status":"publish","type":"relatos","link":"https:\/\/brasilia.fiocruz.br\/nosnarede\/mostra-de-experiencias\/coletivo-mulheres-cuidadoras\/","title":{"rendered":"Coletivo Mulheres Cuidadoras"},"content":{"rendered":"\n<h2 class=\"wp-block-heading has-medium-font-size dynamic-field-wrapper-title has-archivo\">Resumo<\/h2>\n\n\n\n<p>O Projeto de Pesquisa e Extens\u00e3o Mulheres Cuidadoras na Aten\u00e7\u00e3o Psicossocial (NUPPSAM\/ IPUB\/UFRJ) foi formulado a partir de a\u00e7\u00f5es de promo\u00e7\u00e3o da sa\u00fade e participa\u00e7\u00e3o social voltadas para cuidadoras familiares de usu\u00e1rios dos servi\u00e7os p\u00fablicos de sa\u00fade mental. Na pandemia da COVID-19, foram criados encontros remotos de acolhimento para as familiares; considerando a desigualdade de g\u00eanero e a sobrecarga do cuidado como determinantes sociais da sa\u00fade. Das a\u00e7\u00f5es, formou-se o Coletivo Mulheres Cuidadoras composto por mulheres de diferentes regi\u00f5es do Brasil, que compartilham experi\u00eancias do cuidado e participam ativamente na constru\u00e7\u00e3o de novas iniciativas. <\/p>\n\n\n\n<p>O projeto segue desenvolvendo a\u00e7\u00f5es remotas e presenciais de acolhimento, autocuidado e suporte m\u00fatuo, educa\u00e7\u00e3o continuada, economia solid\u00e1ria e controle social. Como resultado, obteve-se a amplia\u00e7\u00e3o da oferta de linhas de cuidado e de educa\u00e7\u00e3o em sa\u00fade por meio de redes solid\u00e1rias entre familiares, profissionais, estudantes e pesquisadoras da sa\u00fade p\u00fablica. <\/p>\n\n\n\n<p>Em 2024, o projeto apoiou mulheres do Coletivo na mobiliza\u00e7\u00e3o de direitos, participando da reuni\u00e3o do \u201cProjeto Sa\u00fade Mental \u00e9 Mais Legal\u201d a convite da Coordena\u00e7\u00e3o do Centro de Apoio Operacional das Promotorias de Justi\u00e7a C\u00edveis e de Tutela Coletiva da Pessoa com Defici\u00eancia, em conjunto com a 1\u00aa Promotoria de Justi\u00e7a de Alc\u00e2ntara\/RJ. No mesmo ano, as participantes do Coletivo Mulheres Cuidadoras apresentaram sua experi\u00eancia em espa\u00e7os estrat\u00e9gicos de constru\u00e7\u00e3o de pol\u00edticas p\u00fablicas, tais como: Audi\u00eancia P\u00fablica sobre Aspectos da Economia do Cuidado organizada pela C\u00e2mara dos Deputados e o Semin\u00e1rio Internacional \u2013 Sa\u00fade Mental: Redes e Desafios Atuais para Crian\u00e7as, Adolescentes e Jovens organizado pelo Departamento de Sa\u00fade Mental \u00c1lcool e outras Drogas do Minist\u00e9rio da Sa\u00fade e pela Organiza\u00e7\u00e3o Pan-Americana de Sa\u00fade (OPAS\/OMS).<\/p>\n\n\n<p><!--video--><!--\/video--><\/p>\n\n\n<div class=\"wp-block-group is-layout-constrained wp-block-group-is-layout-constrained\">\n<h2 class=\"wp-block-heading has-medium-font-size dynamic-field-wrapper-title\">V\u00eddeo<\/h2>\n\n\n\n<figure class=\"wp-block-video wrapper-video aspect-16-9\"><video controls muted src=\"https:\/\/brasilia.fiocruz.br\/nosnarede\/wp-content\/uploads\/sites\/10\/2025\/03\/Video-de-Daniela-1.mp4\"><\/video><\/figure>\n<\/div>\n\n\n\n<h2 class=\"wp-block-heading has-medium-font-size dynamic-field-wrapper-title has-archivo\">Imagens<\/h2>\n\n\n\n<div class=\"wp-block-group dynamic-field-wrapper is-layout-constrained wp-block-group-is-layout-constrained\">\n<figure class=\"wp-block-gallery has-nested-images columns-6 is-cropped wp-block-gallery-1 is-layout-flex wp-block-gallery-is-layout-flex\">\n<figure class=\"wp-block-image size-thumbnail\"><a href=\"https:\/\/brasilia.fiocruz.br\/nosnarede\/wp-content\/uploads\/sites\/10\/2025\/03\/1-1.jpg\"><img decoding=\"async\" width=\"150\" height=\"150\" data-id=\"9593\" data-src=\"https:\/\/brasilia.fiocruz.br\/nosnarede\/wp-content\/uploads\/sites\/10\/2025\/03\/1-1-150x150.jpg\" alt=\"\" class=\"wp-image-9593 lazyload\" data-srcset=\"https:\/\/brasilia.fiocruz.br\/nosnarede\/wp-content\/uploads\/sites\/10\/2025\/03\/1-1-150x150.jpg 150w, https:\/\/brasilia.fiocruz.br\/nosnarede\/wp-content\/uploads\/sites\/10\/2025\/03\/1-1-120x120.jpg 120w\" data-sizes=\"(max-width: 150px) 100vw, 150px\" src=\"data:image\/svg+xml;base64,PHN2ZyB3aWR0aD0iMSIgaGVpZ2h0PSIxIiB4bWxucz0iaHR0cDovL3d3dy53My5vcmcvMjAwMC9zdmciPjwvc3ZnPg==\" style=\"--smush-placeholder-width: 150px; --smush-placeholder-aspect-ratio: 150\/150;\" \/><\/a><\/figure>\n\n\n\n<figure class=\"wp-block-image size-thumbnail\"><a href=\"https:\/\/brasilia.fiocruz.br\/nosnarede\/wp-content\/uploads\/sites\/10\/2025\/03\/1000120244-6000\u00d74000-1-scaled.jpg\"><img decoding=\"async\" width=\"150\" height=\"150\" data-id=\"9594\" data-src=\"https:\/\/brasilia.fiocruz.br\/nosnarede\/wp-content\/uploads\/sites\/10\/2025\/03\/1000120244-6000\u00d74000-1-150x150.jpg\" alt=\"\" class=\"wp-image-9594 lazyload\" data-srcset=\"https:\/\/brasilia.fiocruz.br\/nosnarede\/wp-content\/uploads\/sites\/10\/2025\/03\/1000120244-6000\u00d74000-1-150x150.jpg 150w, https:\/\/brasilia.fiocruz.br\/nosnarede\/wp-content\/uploads\/sites\/10\/2025\/03\/1000120244-6000\u00d74000-1-120x120.jpg 120w\" data-sizes=\"(max-width: 150px) 100vw, 150px\" src=\"data:image\/svg+xml;base64,PHN2ZyB3aWR0aD0iMSIgaGVpZ2h0PSIxIiB4bWxucz0iaHR0cDovL3d3dy53My5vcmcvMjAwMC9zdmciPjwvc3ZnPg==\" style=\"--smush-placeholder-width: 150px; --smush-placeholder-aspect-ratio: 150\/150;\" \/><\/a><\/figure>\n\n\n\n<figure class=\"wp-block-image size-thumbnail\"><a href=\"https:\/\/brasilia.fiocruz.br\/nosnarede\/wp-content\/uploads\/sites\/10\/2025\/03\/2-1.jpg\"><img decoding=\"async\" width=\"150\" height=\"150\" data-id=\"9595\" data-src=\"https:\/\/brasilia.fiocruz.br\/nosnarede\/wp-content\/uploads\/sites\/10\/2025\/03\/2-1-150x150.jpg\" alt=\"\" class=\"wp-image-9595 lazyload\" data-srcset=\"https:\/\/brasilia.fiocruz.br\/nosnarede\/wp-content\/uploads\/sites\/10\/2025\/03\/2-1-150x150.jpg 150w, https:\/\/brasilia.fiocruz.br\/nosnarede\/wp-content\/uploads\/sites\/10\/2025\/03\/2-1-120x120.jpg 120w\" data-sizes=\"(max-width: 150px) 100vw, 150px\" src=\"data:image\/svg+xml;base64,PHN2ZyB3aWR0aD0iMSIgaGVpZ2h0PSIxIiB4bWxucz0iaHR0cDovL3d3dy53My5vcmcvMjAwMC9zdmciPjwvc3ZnPg==\" style=\"--smush-placeholder-width: 150px; --smush-placeholder-aspect-ratio: 150\/150;\" \/><\/a><\/figure>\n\n\n\n<figure class=\"wp-block-image size-thumbnail\"><a href=\"https:\/\/brasilia.fiocruz.br\/nosnarede\/wp-content\/uploads\/sites\/10\/2025\/03\/3-1.jpg\"><img decoding=\"async\" width=\"150\" height=\"150\" data-id=\"9596\" data-src=\"https:\/\/brasilia.fiocruz.br\/nosnarede\/wp-content\/uploads\/sites\/10\/2025\/03\/3-1-150x150.jpg\" alt=\"\" class=\"wp-image-9596 lazyload\" data-srcset=\"https:\/\/brasilia.fiocruz.br\/nosnarede\/wp-content\/uploads\/sites\/10\/2025\/03\/3-1-150x150.jpg 150w, https:\/\/brasilia.fiocruz.br\/nosnarede\/wp-content\/uploads\/sites\/10\/2025\/03\/3-1-120x120.jpg 120w\" data-sizes=\"(max-width: 150px) 100vw, 150px\" src=\"data:image\/svg+xml;base64,PHN2ZyB3aWR0aD0iMSIgaGVpZ2h0PSIxIiB4bWxucz0iaHR0cDovL3d3dy53My5vcmcvMjAwMC9zdmciPjwvc3ZnPg==\" style=\"--smush-placeholder-width: 150px; --smush-placeholder-aspect-ratio: 150\/150;\" \/><\/a><\/figure>\n\n\n\n<figure class=\"wp-block-image size-thumbnail\"><a href=\"https:\/\/brasilia.fiocruz.br\/nosnarede\/wp-content\/uploads\/sites\/10\/2025\/03\/4-1.jpg\"><img decoding=\"async\" width=\"150\" height=\"150\" data-id=\"9597\" data-src=\"https:\/\/brasilia.fiocruz.br\/nosnarede\/wp-content\/uploads\/sites\/10\/2025\/03\/4-1-150x150.jpg\" alt=\"\" class=\"wp-image-9597 lazyload\" data-srcset=\"https:\/\/brasilia.fiocruz.br\/nosnarede\/wp-content\/uploads\/sites\/10\/2025\/03\/4-1-150x150.jpg 150w, https:\/\/brasilia.fiocruz.br\/nosnarede\/wp-content\/uploads\/sites\/10\/2025\/03\/4-1-120x120.jpg 120w\" data-sizes=\"(max-width: 150px) 100vw, 150px\" src=\"data:image\/svg+xml;base64,PHN2ZyB3aWR0aD0iMSIgaGVpZ2h0PSIxIiB4bWxucz0iaHR0cDovL3d3dy53My5vcmcvMjAwMC9zdmciPjwvc3ZnPg==\" style=\"--smush-placeholder-width: 150px; --smush-placeholder-aspect-ratio: 150\/150;\" \/><\/a><\/figure>\n\n\n\n<figure class=\"wp-block-image size-thumbnail\"><a href=\"https:\/\/brasilia.fiocruz.br\/nosnarede\/wp-content\/uploads\/sites\/10\/2025\/03\/Captura-de-tela-2024-02-15-214108-1.png\"><img decoding=\"async\" width=\"150\" height=\"150\" data-id=\"9598\" data-src=\"https:\/\/brasilia.fiocruz.br\/nosnarede\/wp-content\/uploads\/sites\/10\/2025\/03\/Captura-de-tela-2024-02-15-214108-1-150x150.png\" alt=\"\" class=\"wp-image-9598 lazyload\" data-srcset=\"https:\/\/brasilia.fiocruz.br\/nosnarede\/wp-content\/uploads\/sites\/10\/2025\/03\/Captura-de-tela-2024-02-15-214108-1-150x150.png 150w, https:\/\/brasilia.fiocruz.br\/nosnarede\/wp-content\/uploads\/sites\/10\/2025\/03\/Captura-de-tela-2024-02-15-214108-1-120x120.png 120w\" data-sizes=\"(max-width: 150px) 100vw, 150px\" src=\"data:image\/svg+xml;base64,PHN2ZyB3aWR0aD0iMSIgaGVpZ2h0PSIxIiB4bWxucz0iaHR0cDovL3d3dy53My5vcmcvMjAwMC9zdmciPjwvc3ZnPg==\" style=\"--smush-placeholder-width: 150px; --smush-placeholder-aspect-ratio: 150\/150;\" \/><\/a><\/figure>\n\n\n\n<figure class=\"wp-block-image size-thumbnail\"><a href=\"https:\/\/brasilia.fiocruz.br\/nosnarede\/wp-content\/uploads\/sites\/10\/2025\/03\/Captura-de-tela-2024-02-15-214130-1.png\"><img decoding=\"async\" width=\"150\" height=\"150\" data-id=\"9599\" data-src=\"https:\/\/brasilia.fiocruz.br\/nosnarede\/wp-content\/uploads\/sites\/10\/2025\/03\/Captura-de-tela-2024-02-15-214130-1-150x150.png\" alt=\"\" class=\"wp-image-9599 lazyload\" data-srcset=\"https:\/\/brasilia.fiocruz.br\/nosnarede\/wp-content\/uploads\/sites\/10\/2025\/03\/Captura-de-tela-2024-02-15-214130-1-150x150.png 150w, https:\/\/brasilia.fiocruz.br\/nosnarede\/wp-content\/uploads\/sites\/10\/2025\/03\/Captura-de-tela-2024-02-15-214130-1-120x120.png 120w\" data-sizes=\"(max-width: 150px) 100vw, 150px\" src=\"data:image\/svg+xml;base64,PHN2ZyB3aWR0aD0iMSIgaGVpZ2h0PSIxIiB4bWxucz0iaHR0cDovL3d3dy53My5vcmcvMjAwMC9zdmciPjwvc3ZnPg==\" style=\"--smush-placeholder-width: 150px; --smush-placeholder-aspect-ratio: 150\/150;\" \/><\/a><\/figure>\n\n\n\n<figure class=\"wp-block-image size-thumbnail\"><a href=\"https:\/\/brasilia.fiocruz.br\/nosnarede\/wp-content\/uploads\/sites\/10\/2025\/03\/Captura-de-tela-2024-02-23-172530-1.png\"><img decoding=\"async\" width=\"150\" height=\"150\" data-id=\"9600\" data-src=\"https:\/\/brasilia.fiocruz.br\/nosnarede\/wp-content\/uploads\/sites\/10\/2025\/03\/Captura-de-tela-2024-02-23-172530-1-150x150.png\" alt=\"\" class=\"wp-image-9600 lazyload\" data-srcset=\"https:\/\/brasilia.fiocruz.br\/nosnarede\/wp-content\/uploads\/sites\/10\/2025\/03\/Captura-de-tela-2024-02-23-172530-1-150x150.png 150w, https:\/\/brasilia.fiocruz.br\/nosnarede\/wp-content\/uploads\/sites\/10\/2025\/03\/Captura-de-tela-2024-02-23-172530-1-120x120.png 120w\" data-sizes=\"(max-width: 150px) 100vw, 150px\" src=\"data:image\/svg+xml;base64,PHN2ZyB3aWR0aD0iMSIgaGVpZ2h0PSIxIiB4bWxucz0iaHR0cDovL3d3dy53My5vcmcvMjAwMC9zdmciPjwvc3ZnPg==\" style=\"--smush-placeholder-width: 150px; --smush-placeholder-aspect-ratio: 150\/150;\" \/><\/a><\/figure>\n\n\n\n<figure class=\"wp-block-image size-thumbnail\"><a href=\"https:\/\/brasilia.fiocruz.br\/nosnarede\/wp-content\/uploads\/sites\/10\/2025\/03\/Foto-de-Daniela1-1.jpg\"><img decoding=\"async\" width=\"150\" height=\"150\" data-id=\"9601\" data-src=\"https:\/\/brasilia.fiocruz.br\/nosnarede\/wp-content\/uploads\/sites\/10\/2025\/03\/Foto-de-Daniela1-1-150x150.jpg\" alt=\"\" class=\"wp-image-9601 lazyload\" data-srcset=\"https:\/\/brasilia.fiocruz.br\/nosnarede\/wp-content\/uploads\/sites\/10\/2025\/03\/Foto-de-Daniela1-1-150x150.jpg 150w, https:\/\/brasilia.fiocruz.br\/nosnarede\/wp-content\/uploads\/sites\/10\/2025\/03\/Foto-de-Daniela1-1-300x300.jpg 300w, https:\/\/brasilia.fiocruz.br\/nosnarede\/wp-content\/uploads\/sites\/10\/2025\/03\/Foto-de-Daniela1-1-768x768.jpg 768w, https:\/\/brasilia.fiocruz.br\/nosnarede\/wp-content\/uploads\/sites\/10\/2025\/03\/Foto-de-Daniela1-1-120x120.jpg 120w, https:\/\/brasilia.fiocruz.br\/nosnarede\/wp-content\/uploads\/sites\/10\/2025\/03\/Foto-de-Daniela1-1.jpg 1000w\" data-sizes=\"(max-width: 150px) 100vw, 150px\" src=\"data:image\/svg+xml;base64,PHN2ZyB3aWR0aD0iMSIgaGVpZ2h0PSIxIiB4bWxucz0iaHR0cDovL3d3dy53My5vcmcvMjAwMC9zdmciPjwvc3ZnPg==\" style=\"--smush-placeholder-width: 150px; --smush-placeholder-aspect-ratio: 150\/150;\" \/><\/a><\/figure>\n\n\n\n<figure class=\"wp-block-image size-thumbnail\"><a href=\"https:\/\/brasilia.fiocruz.br\/nosnarede\/wp-content\/uploads\/sites\/10\/2025\/03\/Foto-de-Daniela2-1-scaled.jpg\"><img decoding=\"async\" width=\"150\" height=\"150\" data-id=\"9602\" data-src=\"https:\/\/brasilia.fiocruz.br\/nosnarede\/wp-content\/uploads\/sites\/10\/2025\/03\/Foto-de-Daniela2-1-150x150.jpg\" alt=\"\" class=\"wp-image-9602 lazyload\" data-srcset=\"https:\/\/brasilia.fiocruz.br\/nosnarede\/wp-content\/uploads\/sites\/10\/2025\/03\/Foto-de-Daniela2-1-150x150.jpg 150w, https:\/\/brasilia.fiocruz.br\/nosnarede\/wp-content\/uploads\/sites\/10\/2025\/03\/Foto-de-Daniela2-1-120x120.jpg 120w\" data-sizes=\"(max-width: 150px) 100vw, 150px\" src=\"data:image\/svg+xml;base64,PHN2ZyB3aWR0aD0iMSIgaGVpZ2h0PSIxIiB4bWxucz0iaHR0cDovL3d3dy53My5vcmcvMjAwMC9zdmciPjwvc3ZnPg==\" style=\"--smush-placeholder-width: 150px; --smush-placeholder-aspect-ratio: 150\/150;\" \/><\/a><\/figure>\n\n\n\n<figure class=\"wp-block-image size-thumbnail\"><a href=\"https:\/\/brasilia.fiocruz.br\/nosnarede\/wp-content\/uploads\/sites\/10\/2025\/03\/Foto-de-Daniela-1.jpg\"><img decoding=\"async\" width=\"150\" height=\"150\" data-id=\"9603\" data-src=\"https:\/\/brasilia.fiocruz.br\/nosnarede\/wp-content\/uploads\/sites\/10\/2025\/03\/Foto-de-Daniela-1-150x150.jpg\" alt=\"\" class=\"wp-image-9603 lazyload\" data-srcset=\"https:\/\/brasilia.fiocruz.br\/nosnarede\/wp-content\/uploads\/sites\/10\/2025\/03\/Foto-de-Daniela-1-150x150.jpg 150w, https:\/\/brasilia.fiocruz.br\/nosnarede\/wp-content\/uploads\/sites\/10\/2025\/03\/Foto-de-Daniela-1-120x120.jpg 120w\" data-sizes=\"(max-width: 150px) 100vw, 150px\" src=\"data:image\/svg+xml;base64,PHN2ZyB3aWR0aD0iMSIgaGVpZ2h0PSIxIiB4bWxucz0iaHR0cDovL3d3dy53My5vcmcvMjAwMC9zdmciPjwvc3ZnPg==\" style=\"--smush-placeholder-width: 150px; --smush-placeholder-aspect-ratio: 150\/150;\" \/><\/a><\/figure>\n\n\n\n<figure class=\"wp-block-image size-thumbnail\"><a href=\"https:\/\/brasilia.fiocruz.br\/nosnarede\/wp-content\/uploads\/sites\/10\/2025\/03\/WhatsApp-Image-2024-07-18-at-16.53.43-1.jpeg\"><img decoding=\"async\" width=\"150\" height=\"150\" data-id=\"9605\" data-src=\"https:\/\/brasilia.fiocruz.br\/nosnarede\/wp-content\/uploads\/sites\/10\/2025\/03\/WhatsApp-Image-2024-07-18-at-16.53.43-1-150x150.jpeg\" alt=\"\" class=\"wp-image-9605 lazyload\" data-srcset=\"https:\/\/brasilia.fiocruz.br\/nosnarede\/wp-content\/uploads\/sites\/10\/2025\/03\/WhatsApp-Image-2024-07-18-at-16.53.43-1-150x150.jpeg 150w, https:\/\/brasilia.fiocruz.br\/nosnarede\/wp-content\/uploads\/sites\/10\/2025\/03\/WhatsApp-Image-2024-07-18-at-16.53.43-1-120x120.jpeg 120w\" data-sizes=\"(max-width: 150px) 100vw, 150px\" src=\"data:image\/svg+xml;base64,PHN2ZyB3aWR0aD0iMSIgaGVpZ2h0PSIxIiB4bWxucz0iaHR0cDovL3d3dy53My5vcmcvMjAwMC9zdmciPjwvc3ZnPg==\" style=\"--smush-placeholder-width: 150px; --smush-placeholder-aspect-ratio: 150\/150;\" \/><\/a><\/figure>\n\n\n\n<figure class=\"wp-block-image size-thumbnail\"><a href=\"https:\/\/brasilia.fiocruz.br\/nosnarede\/wp-content\/uploads\/sites\/10\/2025\/03\/MG_0226-1.jpg\"><img decoding=\"async\" width=\"150\" height=\"150\" data-id=\"9606\" data-src=\"https:\/\/brasilia.fiocruz.br\/nosnarede\/wp-content\/uploads\/sites\/10\/2025\/03\/MG_0226-1-150x150.jpg\" alt=\"\" class=\"wp-image-9606 lazyload\" data-srcset=\"https:\/\/brasilia.fiocruz.br\/nosnarede\/wp-content\/uploads\/sites\/10\/2025\/03\/MG_0226-1-150x150.jpg 150w, https:\/\/brasilia.fiocruz.br\/nosnarede\/wp-content\/uploads\/sites\/10\/2025\/03\/MG_0226-1-120x120.jpg 120w\" data-sizes=\"(max-width: 150px) 100vw, 150px\" src=\"data:image\/svg+xml;base64,PHN2ZyB3aWR0aD0iMSIgaGVpZ2h0PSIxIiB4bWxucz0iaHR0cDovL3d3dy53My5vcmcvMjAwMC9zdmciPjwvc3ZnPg==\" style=\"--smush-placeholder-width: 150px; --smush-placeholder-aspect-ratio: 150\/150;\" \/><\/a><\/figure>\n\n\n\n<figure class=\"wp-block-image size-thumbnail\"><a href=\"https:\/\/brasilia.fiocruz.br\/nosnarede\/wp-content\/uploads\/sites\/10\/2025\/03\/MG_0270-1.jpg\"><img decoding=\"async\" width=\"150\" height=\"150\" data-id=\"9607\" data-src=\"https:\/\/brasilia.fiocruz.br\/nosnarede\/wp-content\/uploads\/sites\/10\/2025\/03\/MG_0270-1-150x150.jpg\" alt=\"\" class=\"wp-image-9607 lazyload\" data-srcset=\"https:\/\/brasilia.fiocruz.br\/nosnarede\/wp-content\/uploads\/sites\/10\/2025\/03\/MG_0270-1-150x150.jpg 150w, https:\/\/brasilia.fiocruz.br\/nosnarede\/wp-content\/uploads\/sites\/10\/2025\/03\/MG_0270-1-120x120.jpg 120w\" data-sizes=\"(max-width: 150px) 100vw, 150px\" src=\"data:image\/svg+xml;base64,PHN2ZyB3aWR0aD0iMSIgaGVpZ2h0PSIxIiB4bWxucz0iaHR0cDovL3d3dy53My5vcmcvMjAwMC9zdmciPjwvc3ZnPg==\" style=\"--smush-placeholder-width: 150px; --smush-placeholder-aspect-ratio: 150\/150;\" \/><\/a><\/figure>\n\n\n\n<figure class=\"wp-block-image size-thumbnail\"><a href=\"https:\/\/brasilia.fiocruz.br\/nosnarede\/wp-content\/uploads\/sites\/10\/2025\/03\/MG_1882-1.jpg\"><img decoding=\"async\" width=\"150\" height=\"150\" data-id=\"9608\" data-src=\"https:\/\/brasilia.fiocruz.br\/nosnarede\/wp-content\/uploads\/sites\/10\/2025\/03\/MG_1882-1-150x150.jpg\" alt=\"\" class=\"wp-image-9608 lazyload\" data-srcset=\"https:\/\/brasilia.fiocruz.br\/nosnarede\/wp-content\/uploads\/sites\/10\/2025\/03\/MG_1882-1-150x150.jpg 150w, https:\/\/brasilia.fiocruz.br\/nosnarede\/wp-content\/uploads\/sites\/10\/2025\/03\/MG_1882-1-120x120.jpg 120w\" data-sizes=\"(max-width: 150px) 100vw, 150px\" src=\"data:image\/svg+xml;base64,PHN2ZyB3aWR0aD0iMSIgaGVpZ2h0PSIxIiB4bWxucz0iaHR0cDovL3d3dy53My5vcmcvMjAwMC9zdmciPjwvc3ZnPg==\" style=\"--smush-placeholder-width: 150px; --smush-placeholder-aspect-ratio: 150\/150;\" \/><\/a><\/figure>\n\n\n\n<figure class=\"wp-block-image size-thumbnail\"><a href=\"https:\/\/brasilia.fiocruz.br\/nosnarede\/wp-content\/uploads\/sites\/10\/2025\/03\/MG_1898-1.jpg\"><img decoding=\"async\" width=\"150\" height=\"150\" data-id=\"9609\" data-src=\"https:\/\/brasilia.fiocruz.br\/nosnarede\/wp-content\/uploads\/sites\/10\/2025\/03\/MG_1898-1-150x150.jpg\" alt=\"\" class=\"wp-image-9609 lazyload\" data-srcset=\"https:\/\/brasilia.fiocruz.br\/nosnarede\/wp-content\/uploads\/sites\/10\/2025\/03\/MG_1898-1-150x150.jpg 150w, https:\/\/brasilia.fiocruz.br\/nosnarede\/wp-content\/uploads\/sites\/10\/2025\/03\/MG_1898-1-120x120.jpg 120w\" data-sizes=\"(max-width: 150px) 100vw, 150px\" src=\"data:image\/svg+xml;base64,PHN2ZyB3aWR0aD0iMSIgaGVpZ2h0PSIxIiB4bWxucz0iaHR0cDovL3d3dy53My5vcmcvMjAwMC9zdmciPjwvc3ZnPg==\" style=\"--smush-placeholder-width: 150px; --smush-placeholder-aspect-ratio: 150\/150;\" \/><\/a><\/figure>\n\n\n\n<figure class=\"wp-block-image size-thumbnail\"><a href=\"https:\/\/brasilia.fiocruz.br\/nosnarede\/wp-content\/uploads\/sites\/10\/2025\/03\/capa-mostra-virtual-1.jpeg\"><img decoding=\"async\" width=\"150\" height=\"150\" data-id=\"9610\" data-src=\"https:\/\/brasilia.fiocruz.br\/nosnarede\/wp-content\/uploads\/sites\/10\/2025\/03\/capa-mostra-virtual-1-150x150.jpeg\" alt=\"\" class=\"wp-image-9610 lazyload\" data-srcset=\"https:\/\/brasilia.fiocruz.br\/nosnarede\/wp-content\/uploads\/sites\/10\/2025\/03\/capa-mostra-virtual-1-150x150.jpeg 150w, https:\/\/brasilia.fiocruz.br\/nosnarede\/wp-content\/uploads\/sites\/10\/2025\/03\/capa-mostra-virtual-1-120x120.jpeg 120w\" data-sizes=\"(max-width: 150px) 100vw, 150px\" src=\"data:image\/svg+xml;base64,PHN2ZyB3aWR0aD0iMSIgaGVpZ2h0PSIxIiB4bWxucz0iaHR0cDovL3d3dy53My5vcmcvMjAwMC9zdmciPjwvc3ZnPg==\" style=\"--smush-placeholder-width: 150px; --smush-placeholder-aspect-ratio: 150\/150;\" \/><\/a><\/figure>\n\n\n\n<figure class=\"wp-block-image size-large\"><img decoding=\"async\" width=\"523\" height=\"391\" data-id=\"11138\" data-src=\"https:\/\/brasilia.fiocruz.br\/nosnarede\/wp-content\/uploads\/sites\/10\/2025\/03\/WhatsApp-Image-2024-12-16-at-12.11.35.jpeg\" alt=\"\" class=\"wp-image-11138 lazyload\" data-srcset=\"https:\/\/brasilia.fiocruz.br\/nosnarede\/wp-content\/uploads\/sites\/10\/2025\/03\/WhatsApp-Image-2024-12-16-at-12.11.35.jpeg 523w, https:\/\/brasilia.fiocruz.br\/nosnarede\/wp-content\/uploads\/sites\/10\/2025\/03\/WhatsApp-Image-2024-12-16-at-12.11.35-300x224.jpeg 300w\" data-sizes=\"(max-width: 523px) 100vw, 523px\" src=\"data:image\/svg+xml;base64,PHN2ZyB3aWR0aD0iMSIgaGVpZ2h0PSIxIiB4bWxucz0iaHR0cDovL3d3dy53My5vcmcvMjAwMC9zdmciPjwvc3ZnPg==\" style=\"--smush-placeholder-width: 523px; --smush-placeholder-aspect-ratio: 523\/391;\" \/><\/figure>\n<\/figure>\n<\/div>\n","protected":false},"featured_media":11135,"template":"","meta":{"_equipe_uf_key":"","_equipe_cidade_key":""},"link_category":[],"palavras-chave":[118,1707,1706,612],"relato-tag":[12,42,72,28,23,22],"categoria-de-relato":[9,1679],"class_list":["post-9573","relatos","type-relatos","status-publish","has-post-thumbnail","hentry","palavras-chave-atencao-psicossocial","palavras-chave-cuidadoras-familiares","palavras-chave-promocao-da-saude-mental","palavras-chave-servicos-de-saude-mental","relato-tag-caps","relato-tag-educacao-e-formacao","relato-tag-mulheres","relato-tag-protagonismo-do-usuario","relato-tag-recursos-comunitarios","relato-tag-territorio","categoria-de-relato-cuidado-e-diversidade","categoria-de-relato-destaques"],"yoast_head":"<!-- This site is optimized with the Yoast SEO plugin v27.1.1 - https:\/\/yoast.com\/product\/yoast-seo-wordpress\/ -->\n<title>Coletivo Mulheres Cuidadoras - N\u00f3s Na Rede<\/title>\n<meta name=\"robots\" content=\"index, follow, max-snippet:-1, max-image-preview:large, max-video-preview:-1\" \/>\n<link rel=\"canonical\" href=\"https:\/\/brasilia.fiocruz.br\/nosnarede\/mostra-de-experiencias\/coletivo-mulheres-cuidadoras\/\" \/>\n<meta property=\"og:locale\" content=\"pt_BR\" \/>\n<meta property=\"og:type\" content=\"article\" \/>\n<meta property=\"og:title\" content=\"Coletivo Mulheres Cuidadoras - N\u00f3s Na Rede\" \/>\n<meta property=\"og:description\" content=\"Resumo O Projeto de Pesquisa e Extens\u00e3o Mulheres Cuidadoras na Aten\u00e7\u00e3o Psicossocial (NUPPSAM\/ IPUB\/UFRJ) foi formulado a partir de a\u00e7\u00f5es de promo\u00e7\u00e3o da sa\u00fade e participa\u00e7\u00e3o social voltadas para cuidadoras familiares de usu\u00e1rios dos servi\u00e7os p\u00fablicos de sa\u00fade mental. Na pandemia da COVID-19, foram criados encontros remotos de acolhimento para as familiares; considerando a desigualdade [&hellip;]\" \/>\n<meta property=\"og:url\" content=\"https:\/\/brasilia.fiocruz.br\/nosnarede\/mostra-de-experiencias\/coletivo-mulheres-cuidadoras\/\" \/>\n<meta property=\"og:site_name\" content=\"N\u00f3s Na Rede\" \/>\n<meta property=\"article:modified_time\" content=\"2025-04-18T19:55:38+00:00\" \/>\n<meta property=\"og:image\" content=\"https:\/\/brasilia.fiocruz.br\/nosnarede\/wp-content\/uploads\/sites\/10\/2025\/03\/Design-sem-nome-84-1.png\" \/>\n\t<meta property=\"og:image:width\" content=\"960\" \/>\n\t<meta property=\"og:image:height\" content=\"621\" \/>\n\t<meta property=\"og:image:type\" content=\"image\/png\" \/>\n<meta name=\"twitter:card\" content=\"summary_large_image\" \/>\n<meta name=\"twitter:label1\" content=\"Est. tempo de leitura\" \/>\n\t<meta name=\"twitter:data1\" content=\"6 minutos\" \/>\n<script type=\"application\/ld+json\" class=\"yoast-schema-graph\">{\"@context\":\"https:\/\/schema.org\",\"@graph\":[{\"@type\":\"WebPage\",\"@id\":\"https:\/\/brasilia.fiocruz.br\/nosnarede\/mostra-de-experiencias\/coletivo-mulheres-cuidadoras\/\",\"url\":\"https:\/\/brasilia.fiocruz.br\/nosnarede\/mostra-de-experiencias\/coletivo-mulheres-cuidadoras\/\",\"name\":\"Coletivo Mulheres Cuidadoras - N\u00f3s Na Rede\",\"isPartOf\":{\"@id\":\"https:\/\/brasilia.fiocruz.br\/nosnarede\/#website\"},\"primaryImageOfPage\":{\"@id\":\"https:\/\/brasilia.fiocruz.br\/nosnarede\/mostra-de-experiencias\/coletivo-mulheres-cuidadoras\/#primaryimage\"},\"image\":{\"@id\":\"https:\/\/brasilia.fiocruz.br\/nosnarede\/mostra-de-experiencias\/coletivo-mulheres-cuidadoras\/#primaryimage\"},\"thumbnailUrl\":\"https:\/\/brasilia.fiocruz.br\/nosnarede\/wp-content\/uploads\/sites\/10\/2025\/03\/Design-sem-nome-84-1.png\",\"datePublished\":\"2025-03-30T14:43:08+00:00\",\"dateModified\":\"2025-04-18T19:55:38+00:00\",\"breadcrumb\":{\"@id\":\"https:\/\/brasilia.fiocruz.br\/nosnarede\/mostra-de-experiencias\/coletivo-mulheres-cuidadoras\/#breadcrumb\"},\"inLanguage\":\"pt-BR\",\"potentialAction\":[{\"@type\":\"ReadAction\",\"target\":[\"https:\/\/brasilia.fiocruz.br\/nosnarede\/mostra-de-experiencias\/coletivo-mulheres-cuidadoras\/\"]}]},{\"@type\":\"ImageObject\",\"inLanguage\":\"pt-BR\",\"@id\":\"https:\/\/brasilia.fiocruz.br\/nosnarede\/mostra-de-experiencias\/coletivo-mulheres-cuidadoras\/#primaryimage\",\"url\":\"https:\/\/brasilia.fiocruz.br\/nosnarede\/wp-content\/uploads\/sites\/10\/2025\/03\/Design-sem-nome-84-1.png\",\"contentUrl\":\"https:\/\/brasilia.fiocruz.br\/nosnarede\/wp-content\/uploads\/sites\/10\/2025\/03\/Design-sem-nome-84-1.png\",\"width\":960,\"height\":621},{\"@type\":\"BreadcrumbList\",\"@id\":\"https:\/\/brasilia.fiocruz.br\/nosnarede\/mostra-de-experiencias\/coletivo-mulheres-cuidadoras\/#breadcrumb\",\"itemListElement\":[{\"@type\":\"ListItem\",\"position\":1,\"name\":\"In\u00edcio\",\"item\":\"https:\/\/brasilia.fiocruz.br\/nosnarede\/\"},{\"@type\":\"ListItem\",\"position\":2,\"name\":\"Relatos\",\"item\":\"https:\/\/brasilia.fiocruz.br\/nosnarede\/mostra-de-experiencias\/\"},{\"@type\":\"ListItem\",\"position\":3,\"name\":\"Coletivo Mulheres Cuidadoras\"}]},{\"@type\":\"WebSite\",\"@id\":\"https:\/\/brasilia.fiocruz.br\/nosnarede\/#website\",\"url\":\"https:\/\/brasilia.fiocruz.br\/nosnarede\/\",\"name\":\"N\u00f3s Na Rede\",\"description\":\"\",\"publisher\":{\"@id\":\"https:\/\/brasilia.fiocruz.br\/nosnarede\/#organization\"},\"potentialAction\":[{\"@type\":\"SearchAction\",\"target\":{\"@type\":\"EntryPoint\",\"urlTemplate\":\"https:\/\/brasilia.fiocruz.br\/nosnarede\/?s={search_term_string}\"},\"query-input\":{\"@type\":\"PropertyValueSpecification\",\"valueRequired\":true,\"valueName\":\"search_term_string\"}}],\"inLanguage\":\"pt-BR\"},{\"@type\":\"Organization\",\"@id\":\"https:\/\/brasilia.fiocruz.br\/nosnarede\/#organization\",\"name\":\"N\u00f3s Na Rede\",\"url\":\"https:\/\/brasilia.fiocruz.br\/nosnarede\/\",\"logo\":{\"@type\":\"ImageObject\",\"inLanguage\":\"pt-BR\",\"@id\":\"https:\/\/brasilia.fiocruz.br\/nosnarede\/#\/schema\/logo\/image\/\",\"url\":\"https:\/\/brasilia.fiocruz.br\/nosnarede\/wp-content\/uploads\/sites\/10\/2025\/01\/nos-na-rede-logo.png\",\"contentUrl\":\"https:\/\/brasilia.fiocruz.br\/nosnarede\/wp-content\/uploads\/sites\/10\/2025\/01\/nos-na-rede-logo.png\",\"width\":421,\"height\":159,\"caption\":\"N\u00f3s Na Rede\"},\"image\":{\"@id\":\"https:\/\/brasilia.fiocruz.br\/nosnarede\/#\/schema\/logo\/image\/\"}}]}<\/script>\n<!-- \/ Yoast SEO plugin. -->","yoast_head_json":{"title":"Coletivo Mulheres Cuidadoras - N\u00f3s Na Rede","robots":{"index":"index","follow":"follow","max-snippet":"max-snippet:-1","max-image-preview":"max-image-preview:large","max-video-preview":"max-video-preview:-1"},"canonical":"https:\/\/brasilia.fiocruz.br\/nosnarede\/mostra-de-experiencias\/coletivo-mulheres-cuidadoras\/","og_locale":"pt_BR","og_type":"article","og_title":"Coletivo Mulheres Cuidadoras - N\u00f3s Na Rede","og_description":"Resumo O Projeto de Pesquisa e Extens\u00e3o Mulheres Cuidadoras na Aten\u00e7\u00e3o Psicossocial (NUPPSAM\/ IPUB\/UFRJ) foi formulado a partir de a\u00e7\u00f5es de promo\u00e7\u00e3o da sa\u00fade e participa\u00e7\u00e3o social voltadas para cuidadoras familiares de usu\u00e1rios dos servi\u00e7os p\u00fablicos de sa\u00fade mental. Na pandemia da COVID-19, foram criados encontros remotos de acolhimento para as familiares; considerando a desigualdade [&hellip;]","og_url":"https:\/\/brasilia.fiocruz.br\/nosnarede\/mostra-de-experiencias\/coletivo-mulheres-cuidadoras\/","og_site_name":"N\u00f3s Na Rede","article_modified_time":"2025-04-18T19:55:38+00:00","og_image":[{"width":960,"height":621,"url":"https:\/\/brasilia.fiocruz.br\/nosnarede\/wp-content\/uploads\/sites\/10\/2025\/03\/Design-sem-nome-84-1.png","type":"image\/png"}],"twitter_card":"summary_large_image","twitter_misc":{"Est. tempo de leitura":"6 minutos"},"schema":{"@context":"https:\/\/schema.org","@graph":[{"@type":"WebPage","@id":"https:\/\/brasilia.fiocruz.br\/nosnarede\/mostra-de-experiencias\/coletivo-mulheres-cuidadoras\/","url":"https:\/\/brasilia.fiocruz.br\/nosnarede\/mostra-de-experiencias\/coletivo-mulheres-cuidadoras\/","name":"Coletivo Mulheres Cuidadoras - N\u00f3s Na Rede","isPartOf":{"@id":"https:\/\/brasilia.fiocruz.br\/nosnarede\/#website"},"primaryImageOfPage":{"@id":"https:\/\/brasilia.fiocruz.br\/nosnarede\/mostra-de-experiencias\/coletivo-mulheres-cuidadoras\/#primaryimage"},"image":{"@id":"https:\/\/brasilia.fiocruz.br\/nosnarede\/mostra-de-experiencias\/coletivo-mulheres-cuidadoras\/#primaryimage"},"thumbnailUrl":"https:\/\/brasilia.fiocruz.br\/nosnarede\/wp-content\/uploads\/sites\/10\/2025\/03\/Design-sem-nome-84-1.png","datePublished":"2025-03-30T14:43:08+00:00","dateModified":"2025-04-18T19:55:38+00:00","breadcrumb":{"@id":"https:\/\/brasilia.fiocruz.br\/nosnarede\/mostra-de-experiencias\/coletivo-mulheres-cuidadoras\/#breadcrumb"},"inLanguage":"pt-BR","potentialAction":[{"@type":"ReadAction","target":["https:\/\/brasilia.fiocruz.br\/nosnarede\/mostra-de-experiencias\/coletivo-mulheres-cuidadoras\/"]}]},{"@type":"ImageObject","inLanguage":"pt-BR","@id":"https:\/\/brasilia.fiocruz.br\/nosnarede\/mostra-de-experiencias\/coletivo-mulheres-cuidadoras\/#primaryimage","url":"https:\/\/brasilia.fiocruz.br\/nosnarede\/wp-content\/uploads\/sites\/10\/2025\/03\/Design-sem-nome-84-1.png","contentUrl":"https:\/\/brasilia.fiocruz.br\/nosnarede\/wp-content\/uploads\/sites\/10\/2025\/03\/Design-sem-nome-84-1.png","width":960,"height":621},{"@type":"BreadcrumbList","@id":"https:\/\/brasilia.fiocruz.br\/nosnarede\/mostra-de-experiencias\/coletivo-mulheres-cuidadoras\/#breadcrumb","itemListElement":[{"@type":"ListItem","position":1,"name":"In\u00edcio","item":"https:\/\/brasilia.fiocruz.br\/nosnarede\/"},{"@type":"ListItem","position":2,"name":"Relatos","item":"https:\/\/brasilia.fiocruz.br\/nosnarede\/mostra-de-experiencias\/"},{"@type":"ListItem","position":3,"name":"Coletivo Mulheres Cuidadoras"}]},{"@type":"WebSite","@id":"https:\/\/brasilia.fiocruz.br\/nosnarede\/#website","url":"https:\/\/brasilia.fiocruz.br\/nosnarede\/","name":"N\u00f3s Na Rede","description":"","publisher":{"@id":"https:\/\/brasilia.fiocruz.br\/nosnarede\/#organization"},"potentialAction":[{"@type":"SearchAction","target":{"@type":"EntryPoint","urlTemplate":"https:\/\/brasilia.fiocruz.br\/nosnarede\/?s={search_term_string}"},"query-input":{"@type":"PropertyValueSpecification","valueRequired":true,"valueName":"search_term_string"}}],"inLanguage":"pt-BR"},{"@type":"Organization","@id":"https:\/\/brasilia.fiocruz.br\/nosnarede\/#organization","name":"N\u00f3s Na Rede","url":"https:\/\/brasilia.fiocruz.br\/nosnarede\/","logo":{"@type":"ImageObject","inLanguage":"pt-BR","@id":"https:\/\/brasilia.fiocruz.br\/nosnarede\/#\/schema\/logo\/image\/","url":"https:\/\/brasilia.fiocruz.br\/nosnarede\/wp-content\/uploads\/sites\/10\/2025\/01\/nos-na-rede-logo.png","contentUrl":"https:\/\/brasilia.fiocruz.br\/nosnarede\/wp-content\/uploads\/sites\/10\/2025\/01\/nos-na-rede-logo.png","width":421,"height":159,"caption":"N\u00f3s Na Rede"},"image":{"@id":"https:\/\/brasilia.fiocruz.br\/nosnarede\/#\/schema\/logo\/image\/"}}]}},"_links":{"self":[{"href":"https:\/\/brasilia.fiocruz.br\/nosnarede\/wp-json\/wp\/v2\/relatos\/9573","targetHints":{"allow":["GET"]}}],"collection":[{"href":"https:\/\/brasilia.fiocruz.br\/nosnarede\/wp-json\/wp\/v2\/relatos"}],"about":[{"href":"https:\/\/brasilia.fiocruz.br\/nosnarede\/wp-json\/wp\/v2\/types\/relatos"}],"wp:featuredmedia":[{"embeddable":true,"href":"https:\/\/brasilia.fiocruz.br\/nosnarede\/wp-json\/wp\/v2\/media\/11135"}],"wp:attachment":[{"href":"https:\/\/brasilia.fiocruz.br\/nosnarede\/wp-json\/wp\/v2\/media?parent=9573"}],"wp:term":[{"taxonomy":"link_category","embeddable":true,"href":"https:\/\/brasilia.fiocruz.br\/nosnarede\/wp-json\/wp\/v2\/link_category?post=9573"},{"taxonomy":"palavras-chave","embeddable":true,"href":"https:\/\/brasilia.fiocruz.br\/nosnarede\/wp-json\/wp\/v2\/palavras-chave?post=9573"},{"taxonomy":"relato-tag","embeddable":true,"href":"https:\/\/brasilia.fiocruz.br\/nosnarede\/wp-json\/wp\/v2\/relato-tag?post=9573"},{"taxonomy":"categoria-de-relato","embeddable":true,"href":"https:\/\/brasilia.fiocruz.br\/nosnarede\/wp-json\/wp\/v2\/categoria-de-relato?post=9573"}],"curies":[{"name":"wp","href":"https:\/\/api.w.org\/{rel}","templated":true}]}}